{"id":93,"date":"2024-02-22T10:59:00","date_gmt":"2024-02-22T09:59:00","guid":{"rendered":"https:\/\/nyforetagarcentrum.se\/lund\/?page_id=93"},"modified":"2025-06-24T11:26:47","modified_gmt":"2025-06-24T09:26:47","slug":"radgivning","status":"publish","type":"page","link":"https:\/\/nyforetagarcentrum.se\/lund\/radgivning\/","title":{"rendered":"R\u00e5dgivning"},"content":{"rendered":"<section  class=\"nfc-block-breadcrumbs alignwide\">\n    <div class=\"wrapper contained\">\n        <ol class=\"breadcrumbs\" itemscope itemtype=\"https:\/\/schema.org\/BreadcrumbList\">\n            <li itemprop=\"itemListElement\" itemscope itemtype=\"https:\/\/schema.org\/ListItem\">\n            \n\n                            <span class=\"current\" itemprop=\"name\">Hem<\/span>\n            \n            <meta itemprop=\"position\" content=\"1\" \/>\n        <\/li>\n    <\/ol>    <\/div>\n<\/section>\n\n\n<div style=\"height:var(--wp--preset--spacing--50)\" aria-hidden=\"true\" class=\"wp-block-spacer\"><\/div>\n\n\n<section  class=\"nfc-block-split_screen alignwide image_alignment-left\">\n    <div class=\"wrapper\">\n        <div class=\"nfc-block-split_screen__image-wrapper\">\n            <img loading=\"lazy\" decoding=\"async\" width=\"1470\" height=\"980\" src=\"https:\/\/nyforetagarcentrum.se\/lund\/wp-content\/uploads\/sites\/62\/2024\/02\/ff0c142f817a811d1f53e3e824c71240.png\" class=\"attachment-landscape size-landscape\" alt=\"\" srcset=\"https:\/\/nyforetagarcentrum.se\/lund\/wp-content\/uploads\/sites\/62\/2024\/02\/ff0c142f817a811d1f53e3e824c71240.png 1470w, https:\/\/nyforetagarcentrum.se\/lund\/wp-content\/uploads\/sites\/62\/2024\/02\/ff0c142f817a811d1f53e3e824c71240-300x200.png 300w, https:\/\/nyforetagarcentrum.se\/lund\/wp-content\/uploads\/sites\/62\/2024\/02\/ff0c142f817a811d1f53e3e824c71240-1024x683.png 1024w, https:\/\/nyforetagarcentrum.se\/lund\/wp-content\/uploads\/sites\/62\/2024\/02\/ff0c142f817a811d1f53e3e824c71240-768x512.png 768w\" sizes=\"(max-width: 1470px) 100vw, 1470px\" \/>        <\/div>\n\n        <div class=\"nfc-block-split_screen__content-wrapper\">\n            <h1>Individuell r\u00e5dgivning<\/h1>\n<div>\n<p>F\u00f6r dig som har en aff\u00e4rsid\u00e9 och jobbar med eller vill b\u00f6rja jobba med Aff\u00e4rsplanen.<\/p>\n<p>F\u00f6rbered dig innan du kommer p\u00e5 den individuella r\u00e5dgivningen. Grundl\u00e4ggande inf\u00f6r enskild r\u00e5dgivning \u00e4r att du ska arbeta med en aff\u00e4rsplan. Det kan bli ett eller flera r\u00e5dgivningstillf\u00e4llen, det beror p\u00e5 hur l\u00e5ngt du kommit i processen.<\/p>\n<p>R\u00e5dgivningen tar ungef\u00e4r en timme.<\/p>\n<\/div>\n\n                            <div class=\"nfc-block-split_screen__buttons\">\n                                            <a href=\"https:\/\/jobsdata-nyforetagarcentrum.se\/ExternBooking?OfficeId=19123f06-b120-e911-90f7-005056854b61\" class=\"button primary\">Boka individuell r\u00e5dgivning<\/a>\n                                            <a href=\"https:\/\/jobsdata-nyforetagarcentrum.se\/InternBooking?OfficeId=19123f06-b120-e911-90f7-005056854b61&amp;_gl=1*133tm1d*_ga*MTQ5NDc1ODMxMy4xNzA5NzE2NTI4*_ga_9RRJJK0Y4R*MTcxNjQ0OTYxMS4yMi4xLjE3MTY0NDk2NDIuMjkuMC4w\" class=\"button primary\">Boka \u00e5terbes\u00f6k<\/a>\n                                    <\/div>\n            \n        <\/div>\n    <\/div>\n<\/section>\n\n\n<div style=\"height:21px\" aria-hidden=\"true\" class=\"wp-block-spacer\"><\/div>\n\n\n\n<h2 class=\"wp-block-heading alignwide has-x-large-font-size\">S\u00e5 h\u00e4r g\u00e5r det till<\/h2>\n\n\n<section  class=\"nfc-block-text_cards alignwide show_numbers\">\n    <div class=\"wrapper contained\">\n                    <div class=\"text-card\">\n                <div class=\"text-card__content\">\n                    <h3 class=\"heading\" data-number=\"1\">Boka r\u00e5dgivning<\/h3>\n\n                                            <div class=\"description\">Boka din r\u00e5dgivning i god tid. Ibland kan det finnas ont om tider n\u00e4ra inp\u00e5. S\u00e5 f\u00f6rs\u00f6k vara ute i god tid.<\/div>\n                    \n                                            <a href=\"https:\/\/jobsdata-nyforetagarcentrum.se\/ExternBooking?OfficeId=19123f06-b120-e911-90f7-005056854b61\" class=\"button primary\">Boka r\u00e5dgivning<\/a>\n                    \n                <\/div>\n            <\/div>\n                    <div class=\"text-card\">\n                <div class=\"text-card__content\">\n                    <h3 class=\"heading\" data-number=\"2\">B\u00f6rja skriva din aff\u00e4rsplan<\/h3>\n\n                                            <div class=\"description\">F\u00f6r att kunna ge dig s\u00e5 goda r\u00e5d som m\u00f6jligt \u00e4r det viktigt att du har arbetat s\u00e5 mycket som g\u00e5r p\u00e5 din aff\u00e4rsplan innan ditt m\u00f6te. Har du \u00e4nnu inte b\u00f6rjat skriva p\u00e5 en aff\u00e4rsplan kan du f\u00f6lja l\u00e4nken nedan.<\/div>\n                    \n                                            <a href=\"www.affarsplanen.com\" class=\"button primary\">Till aff\u00e4rsplanen<\/a>\n                    \n                <\/div>\n            <\/div>\n                    <div class=\"text-card\">\n                <div class=\"text-card__content\">\n                    <h3 class=\"heading\" data-number=\"3\">F\u00f6rbered underlag och skriv ner fr\u00e5gor<\/h3>\n\n                                            <div class=\"description\">Fundera p\u00e5 om det \u00e4r n\u00e5gra specifika fr\u00e5gor du beh\u00f6ver ha hj\u00e4lp med eller om du har n\u00e5got annat underlag som \u00e4r bra f\u00f6r r\u00e5dgivaren att se.<\/div>\n                    \n                    \n                <\/div>\n            <\/div>\n            <\/div>\n<\/section>\n\n\n<div style=\"height:19px\" aria-hidden=\"true\" class=\"wp-block-spacer\"><\/div>\n\n\n\n<h2 class=\"wp-block-heading has-text-align-center has-x-large-font-size\">Vanliga fr\u00e5gor om r\u00e5dgivning<\/h2>\n\n\n            <script type=\"application\/ld+json\">\n                {\n                    \"@context\": \"https:\/\/schema.org\",\n                    \"@type\": \"FAQPage\",\n                    \"mainEntity\": [\n                                                    {\n                                \"@type\": \"Question\",\n                                \"name\": \"\u00c4r r\u00e5dgivningen kostnadsfri?\",\n                                \"acceptedAnswer\": {\n                                    \"@type\": \"Answer\",\n                                    \"text\": \"<p>Ja! R\u00e5dgivning hos Lunds Nyf\u00f6retagarCentrum \u00e4r helt kostnadsfri.<\/p>\"\n                                }\n                            },                                                    {\n                                \"@type\": \"Question\",\n                                \"name\": \"\u00c4r r\u00e5dgivningen konfidentiell?\",\n                                \"acceptedAnswer\": {\n                                    \"@type\": \"Answer\",\n                                    \"text\": \"<p>V\u00e5r r\u00e5dgivning \u00e4r konfidentiell vilket inneb\u00e4r att den r\u00e5dgivare du g\u00e5r till f\u00e5r inte tala om f\u00f6r n\u00e5gon att du varit hos oss eller vad din aff\u00e4rsid\u00e9 handlar om. Den dag du registrerar ditt f\u00f6retag s\u00e5 kommer det att bli offentliga uppgifter.<\/p>\"\n                                }\n                            },                                                    {\n                                \"@type\": \"Question\",\n                                \"name\": \"Jag ska k\u00f6pa ett redan befintligt f\u00f6retag. Kan jag fortfarande f\u00e5 hj\u00e4lp av er?\",\n                                \"acceptedAnswer\": {\n                                    \"@type\": \"Answer\",\n                                    \"text\": \"<p>\u00c4ven n\u00e4r man tar \u00f6ver ett familjef\u00f6retag eller om man k\u00f6per ett f\u00f6retag s\u00e5 \u00e4r man ju ny som f\u00f6retagare och \u00e4r sj\u00e4lvklart v\u00e4lkommen till oss f\u00f6r hj\u00e4lp.<\/p>\"\n                                }\n                            }                                            ]\n                }\n            <\/script>\n        <section  class=\"nfc-block-accordions alignwide\">\n    <div class=\"wrapper contained\">\n        <div class=\"accordions\">\n\n                            <div class=\"accordion\">\n                    <h3>\n                        <button \n                            class=\"accordion-header\"\n                            aria-expanded=\"true\"\n                            aria-controls=\"accordion-panel-0\"\n                            id=\"accordion-header-0\"\n                            data-accordion-header\n                        >\n                            <span>\u00c4r r\u00e5dgivningen kostnadsfri?<\/span>\n                            <div class=\"icon icon-down\"><\/div>\n                        <\/button>\n                    <\/h3>\n                    <section id=\"accordion-panel-0\" aria-labelledby=\"accordion-header-0\">\n                        <span>\n                            <p>Ja! R\u00e5dgivning hos Lunds Nyf\u00f6retagarCentrum \u00e4r helt kostnadsfri.<\/p>\n                        <\/span>\n                    <\/section>\n                <\/div>\n                            <div class=\"accordion\">\n                    <h3>\n                        <button \n                            class=\"accordion-header\"\n                            aria-expanded=\"true\"\n                            aria-controls=\"accordion-panel-1\"\n                            id=\"accordion-header-1\"\n                            data-accordion-header\n                        >\n                            <span>\u00c4r r\u00e5dgivningen konfidentiell?<\/span>\n                            <div class=\"icon icon-down\"><\/div>\n                        <\/button>\n                    <\/h3>\n                    <section id=\"accordion-panel-1\" aria-labelledby=\"accordion-header-1\">\n                        <span>\n                            <p>V\u00e5r r\u00e5dgivning \u00e4r konfidentiell vilket inneb\u00e4r att den r\u00e5dgivare du g\u00e5r till f\u00e5r inte tala om f\u00f6r n\u00e5gon att du varit hos oss eller vad din aff\u00e4rsid\u00e9 handlar om. Den dag du registrerar ditt f\u00f6retag s\u00e5 kommer det att bli offentliga uppgifter.<\/p>\n                        <\/span>\n                    <\/section>\n                <\/div>\n                            <div class=\"accordion\">\n                    <h3>\n                        <button \n                            class=\"accordion-header\"\n                            aria-expanded=\"true\"\n                            aria-controls=\"accordion-panel-2\"\n                            id=\"accordion-header-2\"\n                            data-accordion-header\n                        >\n                            <span>Jag ska k\u00f6pa ett redan befintligt f\u00f6retag. Kan jag fortfarande f\u00e5 hj\u00e4lp av er?<\/span>\n                            <div class=\"icon icon-down\"><\/div>\n                        <\/button>\n                    <\/h3>\n                    <section id=\"accordion-panel-2\" aria-labelledby=\"accordion-header-2\">\n                        <span>\n                            <p>\u00c4ven n\u00e4r man tar \u00f6ver ett familjef\u00f6retag eller om man k\u00f6per ett f\u00f6retag s\u00e5 \u00e4r man ju ny som f\u00f6retagare och \u00e4r sj\u00e4lvklart v\u00e4lkommen till oss f\u00f6r hj\u00e4lp.<\/p>\n                        <\/span>\n                    <\/section>\n                <\/div>\n                    <\/div>\n    <\/div>\n    <noscript>\n        <style>\n            .accordion-header .icon {\n                display: none !important;\n            }\n        <\/style>\n    <\/noscript>\n<\/section>\n\n\n\n<div style=\"height:var(--wp--preset--spacing--80)\" aria-hidden=\"true\" class=\"wp-block-spacer\"><\/div>\n\n\n\n<div class=\"wp-block-group is-layout-constrained wp-block-group-is-layout-constrained\">\n<h2 class=\"wp-block-heading\">V\u00e4lkommen att boka!<\/h2>\n\n\n\n<p>Om det st\u00e5r \u201dInga kommande m\u00f6ten hittades\u201d \u00e4r vi tyv\u00e4rr fullbokade. Nya tider l\u00e4ggs upp fortl\u00f6pande ca. en m\u00e5nad fram\u00e5t.<\/p>\n\n\n\n<h3 class=\"wp-block-heading\">Hittar du ingen tid?<\/h3>\n\n\n\n<p>Ta g\u00e4rna kontakt med din r\u00e5dgivare direkt via mail om du inte hittar en tid som passar dig. Vi finns h\u00e4r f\u00f6r att hj\u00e4lpa dig!<\/p>\n\n\n\n<h3 class=\"wp-block-heading\">Boka av senast dagen innan<\/h3>\n\n\n\n<p>OBS! Boka alltid av din tid senast dagen innan om du har f\u00e5tt f\u00f6rhinder. G\u00f6r du inte det f\u00f6rbeh\u00e5ller vi oss r\u00e4tten att ta ut en avgift p\u00e5 300 kronor.<\/p>\n\n\n\n<h3 class=\"wp-block-heading\">Boknings- och m\u00f6\u00adtes\u00adin\u00adfor\u00adma\u00adtion<\/h3>\n\n\n\n<p>N\u00e4r du ska boka in dig f\u00f6r din f\u00f6rsta r\u00e5dgivning beh\u00f6ver du fylla i dina uppgifter. N\u00e4r du bokat en tid f\u00e5r du ett bekr\u00e4ftelsemeddelande och en inloggningskod skickat till din e-postadress. Koden anv\u00e4nder du n\u00e4r du ska boka \u00e5terbes\u00f6k.<\/p>\n\n\n\n<p>Du som redan har varit hos oss ska anv\u00e4nda din kod f\u00f6r att boka \u00e5terbes\u00f6k. D\u00e5 slipper du fylla i alla uppgifter igen. Du kommer att f\u00e5 en bokningskod till din e-postadress n\u00e4r du registrerat dig. Koden anv\u00e4nder du tillsammans med din e-postadress n\u00e4r du ska boka ett \u00e5terbes\u00f6k.<\/p>\n\n\n\n<p>Varje m\u00f6te \u00e4r en timme. Vill du ha r\u00e5dgivning \u00f6ver telefon eller videosamtal s\u00e5 svarar du p\u00e5 bekr\u00e4ftelsemeddelandet och f\u00f6rklarar hur du vill ha det, s\u00e5 f\u00f6rs\u00f6ker vi l\u00f6sa det.<\/p>\n\n\n\n<p><strong>Har du inte f\u00e5tt n\u00e5gon kod?<\/strong>&nbsp;Skicka ett meddelande till oss (<a href=\"mailto:lund@nyforetagarcentrum.se\">lund@nyforetagarcentrum.se<\/a>)<\/p>\n\n\n\n<p><strong>Hj\u00e4lp att logga in?<\/strong>&nbsp;<a href=\"\/lund\/kontakt\/\">Kontakta oss &gt;<\/a><\/p>\n\n\n\n<div class=\"wp-block-buttons is-layout-flex wp-block-buttons-is-layout-flex\">\n<div class=\"wp-block-button\"><a class=\"wp-block-button__link wp-element-button\" href=\"https:\/\/jobsdata-nyforetagarcentrum.se\/ExternBooking?OfficeId=19123f06-b120-e911-90f7-005056854b61\" target=\"_blank\" rel=\"noreferrer noopener\">Boka individuell r\u00e5dgivning<\/a><\/div>\n\n\n\n<div class=\"wp-block-button\"><a class=\"wp-block-button__link wp-element-button\" href=\"https:\/\/jobsdata-nyforetagarcentrum.se\/InternBooking?OfficeId=19123f06-b120-e911-90f7-005056854b61&amp;_gl=1*133tm1d*_ga*MTQ5NDc1ODMxMy4xNzA5NzE2NTI4*_ga_9RRJJK0Y4R*MTcxNjQ0OTYxMS4yMi4xLjE3MTY0NDk2NDIuMjkuMC4w\" target=\"_blank\" rel=\"noreferrer noopener\">Boka \u00e5terbes\u00f6k<\/a><\/div>\n<\/div>\n<\/div>\n\n\n\n<div style=\"height:100px\" aria-hidden=\"true\" class=\"wp-block-spacer\"><\/div>\n","protected":false},"excerpt":{"rendered":"<p>S\u00e5 h\u00e4r g\u00e5r det till Vanliga fr\u00e5gor om r\u00e5dgivning V\u00e4lkommen att boka! Om det st\u00e5r \u201dInga kommande m\u00f6ten hittades\u201d \u00e4r vi tyv\u00e4rr fullbokade. Nya tider l\u00e4ggs upp fortl\u00f6pande ca. en m\u00e5nad fram\u00e5t. Hittar du ingen tid? Ta g\u00e4rna kontakt med din r\u00e5dgivare direkt via mail om du inte hittar en tid som passar dig. Vi [&hellip;]<\/p>\n","protected":false},"author":1,"featured_media":0,"parent":0,"menu_order":0,"comment_status":"closed","ping_status":"closed","template":"","meta":{"footnotes":""},"acf":[],"yoast_head":"<!-- This site is optimized with the Yoast SEO plugin v22.9 - https:\/\/yoast.com\/wordpress\/plugins\/seo\/ -->\n<title>R\u00e5dgivning - Lund<\/title>\n<meta name=\"robots\" content=\"index, follow, max-snippet:-1, max-image-preview:large, max-video-preview:-1\" \/>\n<link rel=\"canonical\" href=\"https:\/\/nyforetagarcentrum.se\/lund\/radgivning\/\" \/>\n<meta property=\"og:locale\" content=\"sv_SE\" \/>\n<meta property=\"og:type\" content=\"article\" \/>\n<meta property=\"og:title\" content=\"R\u00e5dgivning - Lund\" \/>\n<meta property=\"og:description\" content=\"S\u00e5 h\u00e4r g\u00e5r det till Vanliga fr\u00e5gor om r\u00e5dgivning V\u00e4lkommen att boka! Om det st\u00e5r \u201dInga kommande m\u00f6ten hittades\u201d \u00e4r vi tyv\u00e4rr fullbokade. Nya tider l\u00e4ggs upp fortl\u00f6pande ca. en m\u00e5nad fram\u00e5t. Hittar du ingen tid? Ta g\u00e4rna kontakt med din r\u00e5dgivare direkt via mail om du inte hittar en tid som passar dig. Vi [&hellip;]\" \/>\n<meta property=\"og:url\" content=\"https:\/\/nyforetagarcentrum.se\/lund\/radgivning\/\" \/>\n<meta property=\"og:site_name\" content=\"Lund\" \/>\n<meta property=\"article:modified_time\" content=\"2025-06-24T09:26:47+00:00\" \/>\n<meta name=\"twitter:card\" content=\"summary_large_image\" \/>\n<meta name=\"twitter:label1\" content=\"Ber\u00e4knad l\u00e4stid\" \/>\n\t<meta name=\"twitter:data1\" content=\"2 minuter\" \/>\n<script type=\"application\/ld+json\" class=\"yoast-schema-graph\">{\"@context\":\"https:\/\/schema.org\",\"@graph\":[{\"@type\":\"WebPage\",\"@id\":\"https:\/\/nyforetagarcentrum.se\/lund\/radgivning\/\",\"url\":\"https:\/\/nyforetagarcentrum.se\/lund\/radgivning\/\",\"name\":\"R\u00e5dgivning - Lund\",\"isPartOf\":{\"@id\":\"https:\/\/nyforetagarcentrum.se\/lund\/#website\"},\"datePublished\":\"2024-02-22T09:59:00+00:00\",\"dateModified\":\"2025-06-24T09:26:47+00:00\",\"breadcrumb\":{\"@id\":\"https:\/\/nyforetagarcentrum.se\/lund\/radgivning\/#breadcrumb\"},\"inLanguage\":\"sv-SE\",\"potentialAction\":[{\"@type\":\"ReadAction\",\"target\":[\"https:\/\/nyforetagarcentrum.se\/lund\/radgivning\/\"]}]},{\"@type\":\"BreadcrumbList\",\"@id\":\"https:\/\/nyforetagarcentrum.se\/lund\/radgivning\/#breadcrumb\",\"itemListElement\":[{\"@type\":\"ListItem\",\"position\":1,\"name\":\"Hem\",\"item\":\"https:\/\/nyforetagarcentrum.se\/lund\/\"},{\"@type\":\"ListItem\",\"position\":2,\"name\":\"R\u00e5dgivning\"}]},{\"@type\":\"WebSite\",\"@id\":\"https:\/\/nyforetagarcentrum.se\/lund\/#website\",\"url\":\"https:\/\/nyforetagarcentrum.se\/lund\/\",\"name\":\"Lund\",\"description\":\"Sveriges ledande kraft f\u00f6r fler nya livskraftiga f\u00f6retag\",\"publisher\":{\"@id\":\"https:\/\/nyforetagarcentrum.se\/lund\/#organization\"},\"potentialAction\":[{\"@type\":\"SearchAction\",\"target\":{\"@type\":\"EntryPoint\",\"urlTemplate\":\"https:\/\/nyforetagarcentrum.se\/lund\/?s={search_term_string}\"},\"query-input\":\"required name=search_term_string\"}],\"inLanguage\":\"sv-SE\"},{\"@type\":\"Organization\",\"@id\":\"https:\/\/nyforetagarcentrum.se\/lund\/#organization\",\"name\":\"Lund\",\"url\":\"https:\/\/nyforetagarcentrum.se\/lund\/\",\"logo\":{\"@type\":\"ImageObject\",\"inLanguage\":\"sv-SE\",\"@id\":\"https:\/\/nyforetagarcentrum.se\/lund\/#\/schema\/logo\/image\/\",\"url\":\"https:\/\/nyforetagarcentrum.se\/lund\/wp-content\/uploads\/sites\/62\/2024\/07\/lund_bla.png\",\"contentUrl\":\"https:\/\/nyforetagarcentrum.se\/lund\/wp-content\/uploads\/sites\/62\/2024\/07\/lund_bla.png\",\"width\":870,\"height\":355,\"caption\":\"Lund\"},\"image\":{\"@id\":\"https:\/\/nyforetagarcentrum.se\/lund\/#\/schema\/logo\/image\/\"}}]}<\/script>\n<!-- \/ Yoast SEO plugin. -->","yoast_head_json":{"title":"R\u00e5dgivning - Lund","robots":{"index":"index","follow":"follow","max-snippet":"max-snippet:-1","max-image-preview":"max-image-preview:large","max-video-preview":"max-video-preview:-1"},"canonical":"https:\/\/nyforetagarcentrum.se\/lund\/radgivning\/","og_locale":"sv_SE","og_type":"article","og_title":"R\u00e5dgivning - Lund","og_description":"S\u00e5 h\u00e4r g\u00e5r det till Vanliga fr\u00e5gor om r\u00e5dgivning V\u00e4lkommen att boka! Om det st\u00e5r \u201dInga kommande m\u00f6ten hittades\u201d \u00e4r vi tyv\u00e4rr fullbokade. Nya tider l\u00e4ggs upp fortl\u00f6pande ca. en m\u00e5nad fram\u00e5t. Hittar du ingen tid? Ta g\u00e4rna kontakt med din r\u00e5dgivare direkt via mail om du inte hittar en tid som passar dig. Vi [&hellip;]","og_url":"https:\/\/nyforetagarcentrum.se\/lund\/radgivning\/","og_site_name":"Lund","article_modified_time":"2025-06-24T09:26:47+00:00","twitter_card":"summary_large_image","twitter_misc":{"Ber\u00e4knad l\u00e4stid":"2 minuter"},"schema":{"@context":"https:\/\/schema.org","@graph":[{"@type":"WebPage","@id":"https:\/\/nyforetagarcentrum.se\/lund\/radgivning\/","url":"https:\/\/nyforetagarcentrum.se\/lund\/radgivning\/","name":"R\u00e5dgivning - Lund","isPartOf":{"@id":"https:\/\/nyforetagarcentrum.se\/lund\/#website"},"datePublished":"2024-02-22T09:59:00+00:00","dateModified":"2025-06-24T09:26:47+00:00","breadcrumb":{"@id":"https:\/\/nyforetagarcentrum.se\/lund\/radgivning\/#breadcrumb"},"inLanguage":"sv-SE","potentialAction":[{"@type":"ReadAction","target":["https:\/\/nyforetagarcentrum.se\/lund\/radgivning\/"]}]},{"@type":"BreadcrumbList","@id":"https:\/\/nyforetagarcentrum.se\/lund\/radgivning\/#breadcrumb","itemListElement":[{"@type":"ListItem","position":1,"name":"Hem","item":"https:\/\/nyforetagarcentrum.se\/lund\/"},{"@type":"ListItem","position":2,"name":"R\u00e5dgivning"}]},{"@type":"WebSite","@id":"https:\/\/nyforetagarcentrum.se\/lund\/#website","url":"https:\/\/nyforetagarcentrum.se\/lund\/","name":"Lund","description":"Sveriges ledande kraft f\u00f6r fler nya livskraftiga f\u00f6retag","publisher":{"@id":"https:\/\/nyforetagarcentrum.se\/lund\/#organization"},"potentialAction":[{"@type":"SearchAction","target":{"@type":"EntryPoint","urlTemplate":"https:\/\/nyforetagarcentrum.se\/lund\/?s={search_term_string}"},"query-input":"required name=search_term_string"}],"inLanguage":"sv-SE"},{"@type":"Organization","@id":"https:\/\/nyforetagarcentrum.se\/lund\/#organization","name":"Lund","url":"https:\/\/nyforetagarcentrum.se\/lund\/","logo":{"@type":"ImageObject","inLanguage":"sv-SE","@id":"https:\/\/nyforetagarcentrum.se\/lund\/#\/schema\/logo\/image\/","url":"https:\/\/nyforetagarcentrum.se\/lund\/wp-content\/uploads\/sites\/62\/2024\/07\/lund_bla.png","contentUrl":"https:\/\/nyforetagarcentrum.se\/lund\/wp-content\/uploads\/sites\/62\/2024\/07\/lund_bla.png","width":870,"height":355,"caption":"Lund"},"image":{"@id":"https:\/\/nyforetagarcentrum.se\/lund\/#\/schema\/logo\/image\/"}}]}},"_links":{"self":[{"href":"https:\/\/nyforetagarcentrum.se\/lund\/wp-json\/wp\/v2\/pages\/93"}],"collection":[{"href":"https:\/\/nyforetagarcentrum.se\/lund\/wp-json\/wp\/v2\/pages"}],"about":[{"href":"https:\/\/nyforetagarcentrum.se\/lund\/wp-json\/wp\/v2\/types\/page"}],"author":[{"embeddable":true,"href":"https:\/\/nyforetagarcentrum.se\/lund\/wp-json\/wp\/v2\/users\/1"}],"replies":[{"embeddable":true,"href":"https:\/\/nyforetagarcentrum.se\/lund\/wp-json\/wp\/v2\/comments?post=93"}],"version-history":[{"count":45,"href":"https:\/\/nyforetagarcentrum.se\/lund\/wp-json\/wp\/v2\/pages\/93\/revisions"}],"predecessor-version":[{"id":1357,"href":"https:\/\/nyforetagarcentrum.se\/lund\/wp-json\/wp\/v2\/pages\/93\/revisions\/1357"}],"wp:attachment":[{"href":"https:\/\/nyforetagarcentrum.se\/lund\/wp-json\/wp\/v2\/media?parent=93"}],"curies":[{"name":"wp","href":"https:\/\/api.w.org\/{rel}","templated":true}]}}