{"id":879,"date":"2025-09-29T12:19:18","date_gmt":"2025-09-29T10:19:18","guid":{"rendered":"https:\/\/nyforetagarcentrum.se\/kristianstad\/?post_type=event&#038;p=879"},"modified":"2025-10-28T13:16:49","modified_gmt":"2025-10-28T12:16:49","slug":"starta-eget-inspirerande-eftermiddag-for-blivande-foretagare-2","status":"publish","type":"event","link":"https:\/\/nyforetagarcentrum.se\/kristianstad\/evenemang\/starta-eget-inspirerande-eftermiddag-for-blivande-foretagare-2\/","title":{"rendered":"Starta Eget \u2013 Inspirerande eftermiddag f\u00f6r blivande f\u00f6retagare"},"content":{"rendered":"\n<p>Dr\u00f6mmer du om att starta eget f\u00f6retag eller vill ta din aff\u00e4rsid\u00e9 vidare? D\u00e5 \u00e4r detta event f\u00f6r dig!<\/p>\n\n\n\n<p><strong>Onsdagen den 10  december kl. 13:00\u201314:30<\/strong> bjuder Arbetsf\u00f6rmedlingen i Kristianstad in till en inspirerande eftermiddag d\u00e4r du f\u00e5r tr\u00e4ffa experter, st\u00e4lla fr\u00e5gor och f\u00e5 konkreta tips f\u00f6r att komma ig\u00e5ng med ditt f\u00f6retagande.<\/p>\n\n\n\n<p>Under eventet f\u00e5r du tr\u00e4ffa:<\/p>\n\n\n\n<ul>\n<li><strong>Arbetsf\u00f6rmedlingen<\/strong> \u2013 R\u00e5d och st\u00f6d f\u00f6r att starta eget<\/li>\n\n\n\n<li><strong>Almi<\/strong> \u2013 Finansiering och aff\u00e4rsutveckling f\u00f6r nya f\u00f6retagare<\/li>\n\n\n\n<li><strong>Nyf\u00f6retagarcentrum<\/strong> \u2013 Kostnadsfri r\u00e5dgivning och v\u00e4gledning<\/li>\n\n\n\n<li><strong>L\u00e4nsf\u00f6rs\u00e4kringar<\/strong> \u2013 Ekonomisk trygghet och f\u00f6rs\u00e4kringsl\u00f6sningar f\u00f6r f\u00f6retagare<\/li>\n<\/ul>\n\n\n\n<p>Eventet inneh\u00e5ller ocks\u00e5 tid f\u00f6r fr\u00e5gor, diskussioner och n\u00e4tverkande \u2013 en chans att b\u00e5de inspireras och knyta v\u00e4rdefulla kontakter.<\/p>\n\n\n\n<p>\ud83d\udccd <strong>Plats:<\/strong> Arbetsf\u00f6rmedlingen, \u00d6stra Boulevarden 62A, Kristianstad<br>\ud83d\uddd3 <strong>Datum:<\/strong> Onsdagen den 10 december<br>\u23f0 <strong>Tid:<\/strong> 13:00\u201314:30<\/p>\n\n\n\n<p><strong>Anm\u00e4lan kr\u00e4vs<\/strong> \u2013 platserna \u00e4r begr\u00e4nsade, s\u00e5 se till att boka din plats i tid.<br><\/p>\n\n\n\n<p>Vi ser fram emot att st\u00f6tta dig p\u00e5 v\u00e4gen mot din f\u00f6retagsdr\u00f6m!<\/p>\n\n\n\n<p>\/ Arbetsf\u00f6rmedlingen, Almi, L\u00e4nsf\u00f6rs\u00e4kringar och Nyf\u00f6retagarcentrum Kristianstad\/\u00d6stra G\u00f6inge<\/p>\n","protected":false},"template":"","meta":{"footnotes":""},"acf":[],"yoast_head":"<!-- This site is optimized with the Yoast SEO plugin v22.9 - https:\/\/yoast.com\/wordpress\/plugins\/seo\/ -->\n<title>Evenemang i Kristianstad - Nyf\u00f6retagarCentrum<\/title>\n<meta name=\"description\" content=\"Uppt\u00e4ck kommande evenemang hos Nyf\u00f6retagarCentrum i Kristianstad, utformade f\u00f6r att st\u00f6dja blivande och nya f\u00f6retagare. Delta i workshops, seminarier och n\u00e4tverkstr\u00e4ffar f\u00f6r att f\u00e5 v\u00e4rdefulla insikter och kontakter f\u00f6r din entrepren\u00f6rsresa. F\u00e5 information om datum, platser och hur du anm\u00e4ler dig.\" \/>\n<meta name=\"robots\" content=\"index, follow, max-snippet:-1, max-image-preview:large, max-video-preview:-1\" \/>\n<link rel=\"canonical\" href=\"https:\/\/nyforetagarcentrum.se\/kristianstad\/evenemang\/starta-eget-inspirerande-eftermiddag-for-blivande-foretagare-2\/\" \/>\n<meta property=\"og:locale\" content=\"sv_SE\" \/>\n<meta property=\"og:type\" content=\"article\" \/>\n<meta property=\"og:title\" content=\"Evenemang i Kristianstad - Nyf\u00f6retagarCentrum\" \/>\n<meta property=\"og:description\" content=\"Uppt\u00e4ck kommande evenemang hos Nyf\u00f6retagarCentrum i Kristianstad, utformade f\u00f6r att st\u00f6dja blivande och nya f\u00f6retagare. Delta i workshops, seminarier och n\u00e4tverkstr\u00e4ffar f\u00f6r att f\u00e5 v\u00e4rdefulla insikter och kontakter f\u00f6r din entrepren\u00f6rsresa. F\u00e5 information om datum, platser och hur du anm\u00e4ler dig.\" \/>\n<meta property=\"og:url\" content=\"https:\/\/nyforetagarcentrum.se\/kristianstad\/evenemang\/starta-eget-inspirerande-eftermiddag-for-blivande-foretagare-2\/\" \/>\n<meta property=\"og:site_name\" content=\"Kristianstad\" \/>\n<meta property=\"article:modified_time\" content=\"2025-10-28T12:16:49+00:00\" \/>\n<meta name=\"twitter:card\" content=\"summary_large_image\" \/>\n<meta name=\"twitter:label1\" content=\"Ber\u00e4knad l\u00e4stid\" \/>\n\t<meta name=\"twitter:data1\" content=\"1 minut\" \/>\n<script type=\"application\/ld+json\" class=\"yoast-schema-graph\">{\"@context\":\"https:\/\/schema.org\",\"@graph\":[{\"@type\":\"WebPage\",\"@id\":\"https:\/\/nyforetagarcentrum.se\/kristianstad\/evenemang\/starta-eget-inspirerande-eftermiddag-for-blivande-foretagare-2\/\",\"url\":\"https:\/\/nyforetagarcentrum.se\/kristianstad\/evenemang\/starta-eget-inspirerande-eftermiddag-for-blivande-foretagare-2\/\",\"name\":\"Evenemang i Kristianstad - Nyf\u00f6retagarCentrum\",\"isPartOf\":{\"@id\":\"https:\/\/nyforetagarcentrum.se\/kristianstad\/#website\"},\"datePublished\":\"2025-09-29T10:19:18+00:00\",\"dateModified\":\"2025-10-28T12:16:49+00:00\",\"description\":\"Uppt\u00e4ck kommande evenemang hos Nyf\u00f6retagarCentrum i Kristianstad, utformade f\u00f6r att st\u00f6dja blivande och nya f\u00f6retagare. Delta i workshops, seminarier och n\u00e4tverkstr\u00e4ffar f\u00f6r att f\u00e5 v\u00e4rdefulla insikter och kontakter f\u00f6r din entrepren\u00f6rsresa. F\u00e5 information om datum, platser och hur du anm\u00e4ler dig.\",\"breadcrumb\":{\"@id\":\"https:\/\/nyforetagarcentrum.se\/kristianstad\/evenemang\/starta-eget-inspirerande-eftermiddag-for-blivande-foretagare-2\/#breadcrumb\"},\"inLanguage\":\"sv-SE\",\"potentialAction\":[{\"@type\":\"ReadAction\",\"target\":[\"https:\/\/nyforetagarcentrum.se\/kristianstad\/evenemang\/starta-eget-inspirerande-eftermiddag-for-blivande-foretagare-2\/\"]}]},{\"@type\":\"BreadcrumbList\",\"@id\":\"https:\/\/nyforetagarcentrum.se\/kristianstad\/evenemang\/starta-eget-inspirerande-eftermiddag-for-blivande-foretagare-2\/#breadcrumb\",\"itemListElement\":[{\"@type\":\"ListItem\",\"position\":1,\"name\":\"Hem\",\"item\":\"https:\/\/nyforetagarcentrum.se\/kristianstad\/\"},{\"@type\":\"ListItem\",\"position\":2,\"name\":\"Evenemang\",\"item\":\"https:\/\/nyforetagarcentrum.se\/kristianstad\/evenemang\/\"},{\"@type\":\"ListItem\",\"position\":3,\"name\":\"Starta Eget \u2013 Inspirerande eftermiddag f\u00f6r blivande f\u00f6retagare\"}]},{\"@type\":\"WebSite\",\"@id\":\"https:\/\/nyforetagarcentrum.se\/kristianstad\/#website\",\"url\":\"https:\/\/nyforetagarcentrum.se\/kristianstad\/\",\"name\":\"Kristianstad\",\"description\":\"Sveriges ledande kraft f\u00f6r fler nya livskraftiga f\u00f6retag\",\"publisher\":{\"@id\":\"https:\/\/nyforetagarcentrum.se\/kristianstad\/#organization\"},\"potentialAction\":[{\"@type\":\"SearchAction\",\"target\":{\"@type\":\"EntryPoint\",\"urlTemplate\":\"https:\/\/nyforetagarcentrum.se\/kristianstad\/?s={search_term_string}\"},\"query-input\":\"required name=search_term_string\"}],\"inLanguage\":\"sv-SE\"},{\"@type\":\"Organization\",\"@id\":\"https:\/\/nyforetagarcentrum.se\/kristianstad\/#organization\",\"name\":\"Kristianstad\",\"url\":\"https:\/\/nyforetagarcentrum.se\/kristianstad\/\",\"logo\":{\"@type\":\"ImageObject\",\"inLanguage\":\"sv-SE\",\"@id\":\"https:\/\/nyforetagarcentrum.se\/kristianstad\/#\/schema\/logo\/image\/\",\"url\":\"https:\/\/nyforetagarcentrum.se\/kristianstad\/wp-content\/uploads\/sites\/51\/2024\/07\/kristianstad_bla.png\",\"contentUrl\":\"https:\/\/nyforetagarcentrum.se\/kristianstad\/wp-content\/uploads\/sites\/51\/2024\/07\/kristianstad_bla.png\",\"width\":870,\"height\":355,\"caption\":\"Kristianstad\"},\"image\":{\"@id\":\"https:\/\/nyforetagarcentrum.se\/kristianstad\/#\/schema\/logo\/image\/\"}}]}<\/script>\n<!-- \/ Yoast SEO plugin. -->","yoast_head_json":{"title":"Evenemang i Kristianstad - Nyf\u00f6retagarCentrum","description":"Uppt\u00e4ck kommande evenemang hos Nyf\u00f6retagarCentrum i Kristianstad, utformade f\u00f6r att st\u00f6dja blivande och nya f\u00f6retagare. Delta i workshops, seminarier och n\u00e4tverkstr\u00e4ffar f\u00f6r att f\u00e5 v\u00e4rdefulla insikter och kontakter f\u00f6r din entrepren\u00f6rsresa. F\u00e5 information om datum, platser och hur du anm\u00e4ler dig.","robots":{"index":"index","follow":"follow","max-snippet":"max-snippet:-1","max-image-preview":"max-image-preview:large","max-video-preview":"max-video-preview:-1"},"canonical":"https:\/\/nyforetagarcentrum.se\/kristianstad\/evenemang\/starta-eget-inspirerande-eftermiddag-for-blivande-foretagare-2\/","og_locale":"sv_SE","og_type":"article","og_title":"Evenemang i Kristianstad - Nyf\u00f6retagarCentrum","og_description":"Uppt\u00e4ck kommande evenemang hos Nyf\u00f6retagarCentrum i Kristianstad, utformade f\u00f6r att st\u00f6dja blivande och nya f\u00f6retagare. Delta i workshops, seminarier och n\u00e4tverkstr\u00e4ffar f\u00f6r att f\u00e5 v\u00e4rdefulla insikter och kontakter f\u00f6r din entrepren\u00f6rsresa. F\u00e5 information om datum, platser och hur du anm\u00e4ler dig.","og_url":"https:\/\/nyforetagarcentrum.se\/kristianstad\/evenemang\/starta-eget-inspirerande-eftermiddag-for-blivande-foretagare-2\/","og_site_name":"Kristianstad","article_modified_time":"2025-10-28T12:16:49+00:00","twitter_card":"summary_large_image","twitter_misc":{"Ber\u00e4knad l\u00e4stid":"1 minut"},"schema":{"@context":"https:\/\/schema.org","@graph":[{"@type":"WebPage","@id":"https:\/\/nyforetagarcentrum.se\/kristianstad\/evenemang\/starta-eget-inspirerande-eftermiddag-for-blivande-foretagare-2\/","url":"https:\/\/nyforetagarcentrum.se\/kristianstad\/evenemang\/starta-eget-inspirerande-eftermiddag-for-blivande-foretagare-2\/","name":"Evenemang i Kristianstad - Nyf\u00f6retagarCentrum","isPartOf":{"@id":"https:\/\/nyforetagarcentrum.se\/kristianstad\/#website"},"datePublished":"2025-09-29T10:19:18+00:00","dateModified":"2025-10-28T12:16:49+00:00","description":"Uppt\u00e4ck kommande evenemang hos Nyf\u00f6retagarCentrum i Kristianstad, utformade f\u00f6r att st\u00f6dja blivande och nya f\u00f6retagare. Delta i workshops, seminarier och n\u00e4tverkstr\u00e4ffar f\u00f6r att f\u00e5 v\u00e4rdefulla insikter och kontakter f\u00f6r din entrepren\u00f6rsresa. F\u00e5 information om datum, platser och hur du anm\u00e4ler dig.","breadcrumb":{"@id":"https:\/\/nyforetagarcentrum.se\/kristianstad\/evenemang\/starta-eget-inspirerande-eftermiddag-for-blivande-foretagare-2\/#breadcrumb"},"inLanguage":"sv-SE","potentialAction":[{"@type":"ReadAction","target":["https:\/\/nyforetagarcentrum.se\/kristianstad\/evenemang\/starta-eget-inspirerande-eftermiddag-for-blivande-foretagare-2\/"]}]},{"@type":"BreadcrumbList","@id":"https:\/\/nyforetagarcentrum.se\/kristianstad\/evenemang\/starta-eget-inspirerande-eftermiddag-for-blivande-foretagare-2\/#breadcrumb","itemListElement":[{"@type":"ListItem","position":1,"name":"Hem","item":"https:\/\/nyforetagarcentrum.se\/kristianstad\/"},{"@type":"ListItem","position":2,"name":"Evenemang","item":"https:\/\/nyforetagarcentrum.se\/kristianstad\/evenemang\/"},{"@type":"ListItem","position":3,"name":"Starta Eget \u2013 Inspirerande eftermiddag f\u00f6r blivande f\u00f6retagare"}]},{"@type":"WebSite","@id":"https:\/\/nyforetagarcentrum.se\/kristianstad\/#website","url":"https:\/\/nyforetagarcentrum.se\/kristianstad\/","name":"Kristianstad","description":"Sveriges ledande kraft f\u00f6r fler nya livskraftiga f\u00f6retag","publisher":{"@id":"https:\/\/nyforetagarcentrum.se\/kristianstad\/#organization"},"potentialAction":[{"@type":"SearchAction","target":{"@type":"EntryPoint","urlTemplate":"https:\/\/nyforetagarcentrum.se\/kristianstad\/?s={search_term_string}"},"query-input":"required name=search_term_string"}],"inLanguage":"sv-SE"},{"@type":"Organization","@id":"https:\/\/nyforetagarcentrum.se\/kristianstad\/#organization","name":"Kristianstad","url":"https:\/\/nyforetagarcentrum.se\/kristianstad\/","logo":{"@type":"ImageObject","inLanguage":"sv-SE","@id":"https:\/\/nyforetagarcentrum.se\/kristianstad\/#\/schema\/logo\/image\/","url":"https:\/\/nyforetagarcentrum.se\/kristianstad\/wp-content\/uploads\/sites\/51\/2024\/07\/kristianstad_bla.png","contentUrl":"https:\/\/nyforetagarcentrum.se\/kristianstad\/wp-content\/uploads\/sites\/51\/2024\/07\/kristianstad_bla.png","width":870,"height":355,"caption":"Kristianstad"},"image":{"@id":"https:\/\/nyforetagarcentrum.se\/kristianstad\/#\/schema\/logo\/image\/"}}]}},"_links":{"self":[{"href":"https:\/\/nyforetagarcentrum.se\/kristianstad\/wp-json\/wp\/v2\/event\/879"}],"collection":[{"href":"https:\/\/nyforetagarcentrum.se\/kristianstad\/wp-json\/wp\/v2\/event"}],"about":[{"href":"https:\/\/nyforetagarcentrum.se\/kristianstad\/wp-json\/wp\/v2\/types\/event"}],"version-history":[{"count":4,"href":"https:\/\/nyforetagarcentrum.se\/kristianstad\/wp-json\/wp\/v2\/event\/879\/revisions"}],"predecessor-version":[{"id":887,"href":"https:\/\/nyforetagarcentrum.se\/kristianstad\/wp-json\/wp\/v2\/event\/879\/revisions\/887"}],"wp:attachment":[{"href":"https:\/\/nyforetagarcentrum.se\/kristianstad\/wp-json\/wp\/v2\/media?parent=879"}],"curies":[{"name":"wp","href":"https:\/\/api.w.org\/{rel}","templated":true}]}}