{"id":820,"date":"2025-04-03T10:34:23","date_gmt":"2025-04-03T08:34:23","guid":{"rendered":"https:\/\/nyforetagarcentrum.se\/kristianstad\/?post_type=event&#038;p=820"},"modified":"2025-04-03T10:34:24","modified_gmt":"2025-04-03T08:34:24","slug":"starta-eget-traff-hos-arbetsformedlingen","status":"publish","type":"event","link":"https:\/\/nyforetagarcentrum.se\/kristianstad\/evenemang\/starta-eget-traff-hos-arbetsformedlingen\/","title":{"rendered":"Starta eget tr\u00e4ff hos Arbetsf\u00f6rmedlingen"},"content":{"rendered":"\n<p>V\u00e4lkommen till en inspirerande eftermiddag d\u00e4r din f\u00f6retagsdr\u00f6m kan ta f\u00f6rsta steget mot verklighet!<\/p>\n\n\n\n<p>\ud83d\udcc5\u00a0<strong>Datum:<\/strong>\u00a0M\u00e5ndagen den 12 Maj<br>\ud83d\udd52\u00a0<strong>Tid:<\/strong>\u00a013-14,30<br>\ud83d\udccd\u00a0<strong>Plats:<\/strong>\u00a0Arbetsf\u00f6rmedlingen, Sk\u00e5ne \u00d6st , \u00d6stra Boulevarden 62A, Kristianstad<\/p>\n\n\n\n<p>Oavsett om du funderar p\u00e5 att starta eget f\u00f6retag eller redan har en aff\u00e4rsid\u00e9 p\u00e5 g\u00e5ng, \u00e4r detta ett tillf\u00e4lle du inte vill missa! Under eventet f\u00e5r du tr\u00e4ffa experter fr\u00e5n:<\/p>\n\n\n\n<p><strong>Arbetsf\u00f6rmedlingen<\/strong>\u00a0\u2013 R\u00e5d och st\u00f6d f\u00f6r att komma ig\u00e5ng.<br><strong>Almi<\/strong>\u00a0\u2013 Finansiering och aff\u00e4rsutveckling f\u00f6r nya f\u00f6retagare.<br><strong>Nyf\u00f6retagarcentrum<\/strong>\u00a0\u2013 Kostnadsfri r\u00e5dgivning och tips f\u00f6r en framg\u00e5ngsrik start.<br><strong>L\u00e4nsf\u00f6rs\u00e4kringar<\/strong>\u00a0\u2013 Ekonomisk trygghet och f\u00f6rs\u00e4kringsl\u00f6sningar f\u00f6r dig som f\u00f6retagare.<\/p>\n\n\n\n<p>Det kommer att bli gott om tid f\u00f6r fr\u00e5gor och n\u00e4tverkande!<\/p>\n\n\n\n<p><strong>Anm\u00e4l dig senast 8 Maj &#8211;\u00a0<\/strong>Platserna \u00e4r begr\u00e4nsade, s\u00e5 se till att boka din plats i tid!<\/p>\n\n\n\n<p>Vi ser fram emot att hj\u00e4lpa dig ta f\u00f6rsta steget mot din f\u00f6retagsresa!&nbsp;\ud83d\ude80<\/p>\n\n\n\n<p>V\u00e4lkommen!<\/p>\n\n\n\n<p><br><strong>Arbetsf\u00f6rmedlingen, Almi, L\u00e4nsf\u00f6rs\u00e4kringar och Nyf\u00f6retagarcentrum Kristianstad\/\u00d6stra G\u00f6inge<\/strong><\/p>\n\n\n\n<figure class=\"wp-block-image size-full\"><img loading=\"lazy\" decoding=\"async\" width=\"503\" height=\"629\" src=\"https:\/\/nyforetagarcentrum.se\/kristianstad\/wp-content\/uploads\/sites\/51\/2025\/04\/starta-eget.jpg\" alt=\"Starta eget event \" class=\"wp-image-821\" srcset=\"https:\/\/nyforetagarcentrum.se\/kristianstad\/wp-content\/uploads\/sites\/51\/2025\/04\/starta-eget.jpg 503w, https:\/\/nyforetagarcentrum.se\/kristianstad\/wp-content\/uploads\/sites\/51\/2025\/04\/starta-eget-240x300.jpg 240w\" sizes=\"(max-width: 503px) 100vw, 503px\" \/><figcaption class=\"wp-element-caption\">V\u00e4lkommen till Starta Eget event hos Arbetsf\u00f6rmedlingen<\/figcaption><\/figure>\n","protected":false},"template":"","meta":{"footnotes":""},"acf":[],"yoast_head":"<!-- This site is optimized with the Yoast SEO plugin v22.9 - https:\/\/yoast.com\/wordpress\/plugins\/seo\/ -->\n<title>Evenemang i Kristianstad - Nyf\u00f6retagarCentrum<\/title>\n<meta name=\"description\" content=\"Uppt\u00e4ck kommande evenemang hos Nyf\u00f6retagarCentrum i Kristianstad, utformade f\u00f6r att st\u00f6dja blivande och nya f\u00f6retagare. Delta i workshops, seminarier och n\u00e4tverkstr\u00e4ffar f\u00f6r att f\u00e5 v\u00e4rdefulla insikter och kontakter f\u00f6r din entrepren\u00f6rsresa. F\u00e5 information om datum, platser och hur du anm\u00e4ler dig.\" \/>\n<meta name=\"robots\" content=\"index, follow, max-snippet:-1, max-image-preview:large, max-video-preview:-1\" \/>\n<link rel=\"canonical\" href=\"https:\/\/nyforetagarcentrum.se\/kristianstad\/evenemang\/starta-eget-traff-hos-arbetsformedlingen\/\" \/>\n<meta property=\"og:locale\" content=\"sv_SE\" \/>\n<meta property=\"og:type\" content=\"article\" \/>\n<meta property=\"og:title\" content=\"Evenemang i Kristianstad - Nyf\u00f6retagarCentrum\" \/>\n<meta property=\"og:description\" content=\"Uppt\u00e4ck kommande evenemang hos Nyf\u00f6retagarCentrum i Kristianstad, utformade f\u00f6r att st\u00f6dja blivande och nya f\u00f6retagare. Delta i workshops, seminarier och n\u00e4tverkstr\u00e4ffar f\u00f6r att f\u00e5 v\u00e4rdefulla insikter och kontakter f\u00f6r din entrepren\u00f6rsresa. F\u00e5 information om datum, platser och hur du anm\u00e4ler dig.\" \/>\n<meta property=\"og:url\" content=\"https:\/\/nyforetagarcentrum.se\/kristianstad\/evenemang\/starta-eget-traff-hos-arbetsformedlingen\/\" \/>\n<meta property=\"og:site_name\" content=\"Kristianstad\" \/>\n<meta property=\"article:modified_time\" content=\"2025-04-03T08:34:24+00:00\" \/>\n<meta property=\"og:image\" content=\"https:\/\/nyforetagarcentrum.se\/kristianstad\/wp-content\/uploads\/sites\/51\/2025\/04\/starta-eget.jpg\" \/>\n<meta name=\"twitter:card\" content=\"summary_large_image\" \/>\n<meta name=\"twitter:label1\" content=\"Ber\u00e4knad l\u00e4stid\" \/>\n\t<meta name=\"twitter:data1\" content=\"1 minut\" \/>\n<script type=\"application\/ld+json\" class=\"yoast-schema-graph\">{\"@context\":\"https:\/\/schema.org\",\"@graph\":[{\"@type\":\"WebPage\",\"@id\":\"https:\/\/nyforetagarcentrum.se\/kristianstad\/evenemang\/starta-eget-traff-hos-arbetsformedlingen\/\",\"url\":\"https:\/\/nyforetagarcentrum.se\/kristianstad\/evenemang\/starta-eget-traff-hos-arbetsformedlingen\/\",\"name\":\"Evenemang i Kristianstad - Nyf\u00f6retagarCentrum\",\"isPartOf\":{\"@id\":\"https:\/\/nyforetagarcentrum.se\/kristianstad\/#website\"},\"primaryImageOfPage\":{\"@id\":\"https:\/\/nyforetagarcentrum.se\/kristianstad\/evenemang\/starta-eget-traff-hos-arbetsformedlingen\/#primaryimage\"},\"image\":{\"@id\":\"https:\/\/nyforetagarcentrum.se\/kristianstad\/evenemang\/starta-eget-traff-hos-arbetsformedlingen\/#primaryimage\"},\"thumbnailUrl\":\"https:\/\/nyforetagarcentrum.se\/kristianstad\/wp-content\/uploads\/sites\/51\/2025\/04\/starta-eget.jpg\",\"datePublished\":\"2025-04-03T08:34:23+00:00\",\"dateModified\":\"2025-04-03T08:34:24+00:00\",\"description\":\"Uppt\u00e4ck kommande evenemang hos Nyf\u00f6retagarCentrum i Kristianstad, utformade f\u00f6r att st\u00f6dja blivande och nya f\u00f6retagare. Delta i workshops, seminarier och n\u00e4tverkstr\u00e4ffar f\u00f6r att f\u00e5 v\u00e4rdefulla insikter och kontakter f\u00f6r din entrepren\u00f6rsresa. F\u00e5 information om datum, platser och hur du anm\u00e4ler dig.\",\"breadcrumb\":{\"@id\":\"https:\/\/nyforetagarcentrum.se\/kristianstad\/evenemang\/starta-eget-traff-hos-arbetsformedlingen\/#breadcrumb\"},\"inLanguage\":\"sv-SE\",\"potentialAction\":[{\"@type\":\"ReadAction\",\"target\":[\"https:\/\/nyforetagarcentrum.se\/kristianstad\/evenemang\/starta-eget-traff-hos-arbetsformedlingen\/\"]}]},{\"@type\":\"ImageObject\",\"inLanguage\":\"sv-SE\",\"@id\":\"https:\/\/nyforetagarcentrum.se\/kristianstad\/evenemang\/starta-eget-traff-hos-arbetsformedlingen\/#primaryimage\",\"url\":\"https:\/\/nyforetagarcentrum.se\/kristianstad\/wp-content\/uploads\/sites\/51\/2025\/04\/starta-eget.jpg\",\"contentUrl\":\"https:\/\/nyforetagarcentrum.se\/kristianstad\/wp-content\/uploads\/sites\/51\/2025\/04\/starta-eget.jpg\",\"width\":503,\"height\":629,\"caption\":\"V\u00e4lkommen till Starta Eget event hos Arbetsf\u00f6rmedlingen\"},{\"@type\":\"BreadcrumbList\",\"@id\":\"https:\/\/nyforetagarcentrum.se\/kristianstad\/evenemang\/starta-eget-traff-hos-arbetsformedlingen\/#breadcrumb\",\"itemListElement\":[{\"@type\":\"ListItem\",\"position\":1,\"name\":\"Hem\",\"item\":\"https:\/\/nyforetagarcentrum.se\/kristianstad\/\"},{\"@type\":\"ListItem\",\"position\":2,\"name\":\"Evenemang\",\"item\":\"https:\/\/nyforetagarcentrum.se\/kristianstad\/evenemang\/\"},{\"@type\":\"ListItem\",\"position\":3,\"name\":\"Starta eget tr\u00e4ff hos Arbetsf\u00f6rmedlingen\"}]},{\"@type\":\"WebSite\",\"@id\":\"https:\/\/nyforetagarcentrum.se\/kristianstad\/#website\",\"url\":\"https:\/\/nyforetagarcentrum.se\/kristianstad\/\",\"name\":\"Kristianstad\",\"description\":\"Sveriges ledande kraft f\u00f6r fler nya livskraftiga f\u00f6retag\",\"publisher\":{\"@id\":\"https:\/\/nyforetagarcentrum.se\/kristianstad\/#organization\"},\"potentialAction\":[{\"@type\":\"SearchAction\",\"target\":{\"@type\":\"EntryPoint\",\"urlTemplate\":\"https:\/\/nyforetagarcentrum.se\/kristianstad\/?s={search_term_string}\"},\"query-input\":\"required name=search_term_string\"}],\"inLanguage\":\"sv-SE\"},{\"@type\":\"Organization\",\"@id\":\"https:\/\/nyforetagarcentrum.se\/kristianstad\/#organization\",\"name\":\"Kristianstad\",\"url\":\"https:\/\/nyforetagarcentrum.se\/kristianstad\/\",\"logo\":{\"@type\":\"ImageObject\",\"inLanguage\":\"sv-SE\",\"@id\":\"https:\/\/nyforetagarcentrum.se\/kristianstad\/#\/schema\/logo\/image\/\",\"url\":\"https:\/\/nyforetagarcentrum.se\/kristianstad\/wp-content\/uploads\/sites\/51\/2024\/07\/kristianstad_bla.png\",\"contentUrl\":\"https:\/\/nyforetagarcentrum.se\/kristianstad\/wp-content\/uploads\/sites\/51\/2024\/07\/kristianstad_bla.png\",\"width\":870,\"height\":355,\"caption\":\"Kristianstad\"},\"image\":{\"@id\":\"https:\/\/nyforetagarcentrum.se\/kristianstad\/#\/schema\/logo\/image\/\"}}]}<\/script>\n<!-- \/ Yoast SEO plugin. -->","yoast_head_json":{"title":"Evenemang i Kristianstad - Nyf\u00f6retagarCentrum","description":"Uppt\u00e4ck kommande evenemang hos Nyf\u00f6retagarCentrum i Kristianstad, utformade f\u00f6r att st\u00f6dja blivande och nya f\u00f6retagare. Delta i workshops, seminarier och n\u00e4tverkstr\u00e4ffar f\u00f6r att f\u00e5 v\u00e4rdefulla insikter och kontakter f\u00f6r din entrepren\u00f6rsresa. F\u00e5 information om datum, platser och hur du anm\u00e4ler dig.","robots":{"index":"index","follow":"follow","max-snippet":"max-snippet:-1","max-image-preview":"max-image-preview:large","max-video-preview":"max-video-preview:-1"},"canonical":"https:\/\/nyforetagarcentrum.se\/kristianstad\/evenemang\/starta-eget-traff-hos-arbetsformedlingen\/","og_locale":"sv_SE","og_type":"article","og_title":"Evenemang i Kristianstad - Nyf\u00f6retagarCentrum","og_description":"Uppt\u00e4ck kommande evenemang hos Nyf\u00f6retagarCentrum i Kristianstad, utformade f\u00f6r att st\u00f6dja blivande och nya f\u00f6retagare. Delta i workshops, seminarier och n\u00e4tverkstr\u00e4ffar f\u00f6r att f\u00e5 v\u00e4rdefulla insikter och kontakter f\u00f6r din entrepren\u00f6rsresa. F\u00e5 information om datum, platser och hur du anm\u00e4ler dig.","og_url":"https:\/\/nyforetagarcentrum.se\/kristianstad\/evenemang\/starta-eget-traff-hos-arbetsformedlingen\/","og_site_name":"Kristianstad","article_modified_time":"2025-04-03T08:34:24+00:00","og_image":[{"url":"https:\/\/nyforetagarcentrum.se\/kristianstad\/wp-content\/uploads\/sites\/51\/2025\/04\/starta-eget.jpg"}],"twitter_card":"summary_large_image","twitter_misc":{"Ber\u00e4knad l\u00e4stid":"1 minut"},"schema":{"@context":"https:\/\/schema.org","@graph":[{"@type":"WebPage","@id":"https:\/\/nyforetagarcentrum.se\/kristianstad\/evenemang\/starta-eget-traff-hos-arbetsformedlingen\/","url":"https:\/\/nyforetagarcentrum.se\/kristianstad\/evenemang\/starta-eget-traff-hos-arbetsformedlingen\/","name":"Evenemang i Kristianstad - Nyf\u00f6retagarCentrum","isPartOf":{"@id":"https:\/\/nyforetagarcentrum.se\/kristianstad\/#website"},"primaryImageOfPage":{"@id":"https:\/\/nyforetagarcentrum.se\/kristianstad\/evenemang\/starta-eget-traff-hos-arbetsformedlingen\/#primaryimage"},"image":{"@id":"https:\/\/nyforetagarcentrum.se\/kristianstad\/evenemang\/starta-eget-traff-hos-arbetsformedlingen\/#primaryimage"},"thumbnailUrl":"https:\/\/nyforetagarcentrum.se\/kristianstad\/wp-content\/uploads\/sites\/51\/2025\/04\/starta-eget.jpg","datePublished":"2025-04-03T08:34:23+00:00","dateModified":"2025-04-03T08:34:24+00:00","description":"Uppt\u00e4ck kommande evenemang hos Nyf\u00f6retagarCentrum i Kristianstad, utformade f\u00f6r att st\u00f6dja blivande och nya f\u00f6retagare. Delta i workshops, seminarier och n\u00e4tverkstr\u00e4ffar f\u00f6r att f\u00e5 v\u00e4rdefulla insikter och kontakter f\u00f6r din entrepren\u00f6rsresa. F\u00e5 information om datum, platser och hur du anm\u00e4ler dig.","breadcrumb":{"@id":"https:\/\/nyforetagarcentrum.se\/kristianstad\/evenemang\/starta-eget-traff-hos-arbetsformedlingen\/#breadcrumb"},"inLanguage":"sv-SE","potentialAction":[{"@type":"ReadAction","target":["https:\/\/nyforetagarcentrum.se\/kristianstad\/evenemang\/starta-eget-traff-hos-arbetsformedlingen\/"]}]},{"@type":"ImageObject","inLanguage":"sv-SE","@id":"https:\/\/nyforetagarcentrum.se\/kristianstad\/evenemang\/starta-eget-traff-hos-arbetsformedlingen\/#primaryimage","url":"https:\/\/nyforetagarcentrum.se\/kristianstad\/wp-content\/uploads\/sites\/51\/2025\/04\/starta-eget.jpg","contentUrl":"https:\/\/nyforetagarcentrum.se\/kristianstad\/wp-content\/uploads\/sites\/51\/2025\/04\/starta-eget.jpg","width":503,"height":629,"caption":"V\u00e4lkommen till Starta Eget event hos Arbetsf\u00f6rmedlingen"},{"@type":"BreadcrumbList","@id":"https:\/\/nyforetagarcentrum.se\/kristianstad\/evenemang\/starta-eget-traff-hos-arbetsformedlingen\/#breadcrumb","itemListElement":[{"@type":"ListItem","position":1,"name":"Hem","item":"https:\/\/nyforetagarcentrum.se\/kristianstad\/"},{"@type":"ListItem","position":2,"name":"Evenemang","item":"https:\/\/nyforetagarcentrum.se\/kristianstad\/evenemang\/"},{"@type":"ListItem","position":3,"name":"Starta eget tr\u00e4ff hos Arbetsf\u00f6rmedlingen"}]},{"@type":"WebSite","@id":"https:\/\/nyforetagarcentrum.se\/kristianstad\/#website","url":"https:\/\/nyforetagarcentrum.se\/kristianstad\/","name":"Kristianstad","description":"Sveriges ledande kraft f\u00f6r fler nya livskraftiga f\u00f6retag","publisher":{"@id":"https:\/\/nyforetagarcentrum.se\/kristianstad\/#organization"},"potentialAction":[{"@type":"SearchAction","target":{"@type":"EntryPoint","urlTemplate":"https:\/\/nyforetagarcentrum.se\/kristianstad\/?s={search_term_string}"},"query-input":"required name=search_term_string"}],"inLanguage":"sv-SE"},{"@type":"Organization","@id":"https:\/\/nyforetagarcentrum.se\/kristianstad\/#organization","name":"Kristianstad","url":"https:\/\/nyforetagarcentrum.se\/kristianstad\/","logo":{"@type":"ImageObject","inLanguage":"sv-SE","@id":"https:\/\/nyforetagarcentrum.se\/kristianstad\/#\/schema\/logo\/image\/","url":"https:\/\/nyforetagarcentrum.se\/kristianstad\/wp-content\/uploads\/sites\/51\/2024\/07\/kristianstad_bla.png","contentUrl":"https:\/\/nyforetagarcentrum.se\/kristianstad\/wp-content\/uploads\/sites\/51\/2024\/07\/kristianstad_bla.png","width":870,"height":355,"caption":"Kristianstad"},"image":{"@id":"https:\/\/nyforetagarcentrum.se\/kristianstad\/#\/schema\/logo\/image\/"}}]}},"_links":{"self":[{"href":"https:\/\/nyforetagarcentrum.se\/kristianstad\/wp-json\/wp\/v2\/event\/820"}],"collection":[{"href":"https:\/\/nyforetagarcentrum.se\/kristianstad\/wp-json\/wp\/v2\/event"}],"about":[{"href":"https:\/\/nyforetagarcentrum.se\/kristianstad\/wp-json\/wp\/v2\/types\/event"}],"version-history":[{"count":2,"href":"https:\/\/nyforetagarcentrum.se\/kristianstad\/wp-json\/wp\/v2\/event\/820\/revisions"}],"predecessor-version":[{"id":823,"href":"https:\/\/nyforetagarcentrum.se\/kristianstad\/wp-json\/wp\/v2\/event\/820\/revisions\/823"}],"wp:attachment":[{"href":"https:\/\/nyforetagarcentrum.se\/kristianstad\/wp-json\/wp\/v2\/media?parent=820"}],"curies":[{"name":"wp","href":"https:\/\/api.w.org\/{rel}","templated":true}]}}