{"id":161,"date":"2024-02-27T16:04:37","date_gmt":"2024-02-27T15:04:37","guid":{"rendered":"https:\/\/nyforetagarcentrum.se\/karlskrona\/?page_id=161"},"modified":"2025-05-13T10:17:20","modified_gmt":"2025-05-13T08:17:20","slug":"om-oss","status":"publish","type":"page","link":"https:\/\/nyforetagarcentrum.se\/karlskrona\/om-oss\/","title":{"rendered":"Om oss"},"content":{"rendered":"<section  class=\"nfc-block-hero alignfull\">\n\n    <img loading=\"lazy\" decoding=\"async\" width=\"714\" height=\"622\" src=\"https:\/\/nyforetagarcentrum.se\/karlskrona\/wp-content\/uploads\/sites\/83\/2024\/02\/ySLeov8m_8.png\" class=\"attachment-landscape size-landscape\" alt=\"\" srcset=\"https:\/\/nyforetagarcentrum.se\/karlskrona\/wp-content\/uploads\/sites\/83\/2024\/02\/ySLeov8m_8.png 714w, https:\/\/nyforetagarcentrum.se\/karlskrona\/wp-content\/uploads\/sites\/83\/2024\/02\/ySLeov8m_8-300x261.png 300w\" sizes=\"(max-width: 714px) 100vw, 714px\" \/>\n    <div class=\"contained\">\n        <h1 class=\"nfc-block-hero__heading\">Om oss<\/h1>\n\n            <\/div>\n<\/section>\n\n\n<div style=\"height:50px\" aria-hidden=\"true\" class=\"wp-block-spacer\"><\/div>\n\n\n<section  class=\"nfc-block-breadcrumbs alignwide\">\n    <div class=\"wrapper contained\">\n        <ol class=\"breadcrumbs\" itemscope itemtype=\"https:\/\/schema.org\/BreadcrumbList\">\n            <li itemprop=\"itemListElement\" itemscope itemtype=\"https:\/\/schema.org\/ListItem\">\n            \n\n                            <span class=\"current\" itemprop=\"name\">Hem<\/span>\n            \n            <meta itemprop=\"position\" content=\"1\" \/>\n        <\/li>\n    <\/ol>    <\/div>\n<\/section>\n\n\n<div style=\"height:51px\" aria-hidden=\"true\" class=\"wp-block-spacer\"><\/div>\n\n\n<section  class=\"nfc-block-split_screen alignwide image_alignment-left\">\n    <div class=\"wrapper\">\n        <div class=\"nfc-block-split_screen__image-wrapper\">\n            <img loading=\"lazy\" decoding=\"async\" width=\"1476\" height=\"984\" src=\"https:\/\/nyforetagarcentrum.se\/karlskrona\/wp-content\/uploads\/sites\/83\/2024\/02\/Natverk-seminarium-LOW.jpg\" class=\"attachment-landscape size-landscape\" alt=\"\" srcset=\"https:\/\/nyforetagarcentrum.se\/karlskrona\/wp-content\/uploads\/sites\/83\/2024\/02\/Natverk-seminarium-LOW.jpg 1476w, https:\/\/nyforetagarcentrum.se\/karlskrona\/wp-content\/uploads\/sites\/83\/2024\/02\/Natverk-seminarium-LOW-300x200.jpg 300w, https:\/\/nyforetagarcentrum.se\/karlskrona\/wp-content\/uploads\/sites\/83\/2024\/02\/Natverk-seminarium-LOW-1024x683.jpg 1024w, https:\/\/nyforetagarcentrum.se\/karlskrona\/wp-content\/uploads\/sites\/83\/2024\/02\/Natverk-seminarium-LOW-768x512.jpg 768w\" sizes=\"(max-width: 1476px) 100vw, 1476px\" \/>        <\/div>\n\n        <div class=\"nfc-block-split_screen__content-wrapper\">\n            <h2>V\u00e5r verksamhet<\/h2>\n<p>Nyf\u00f6retagarCentrum ger dig som funderar p\u00e5 att starta eget f\u00f6retag \u2013 eller redan har startat \u2013 kostnadsfri r\u00e5dgivning. Vi har erfarna r\u00e5dgivare som hj\u00e4lper dig med din aff\u00e4rsid\u00e9, fr\u00e5gor kring budget, marknadsf\u00f6ring eller vad du vill som r\u00f6r ditt f\u00f6retagande.<\/p>\n<p>N\u00e4r du har varit p\u00e5 r\u00e5dgivning hos oss kommer du att vara v\u00e4l f\u00f6rberedd f\u00f6r livet som egenf\u00f6retagare. Det enda vi kr\u00e4ver av dig \u00e4r ditt engagemang och att du tror p\u00e5 din id\u00e9.<\/p>\n<p>R\u00e5dgivningen \u00e4r helt kostnadsfri tack vare v\u00e5rt n\u00e4tverk av samarbetspartners som st\u00f6der oss, b\u00e5de med finansiella medel och med personlig expertis och engagemang.<\/p>\n\n                            <div class=\"nfc-block-split_screen__buttons\">\n                                            <a href=\"https:\/\/jobsdata-nyforetagarcentrum.se\/ExternBooking?OfficeId=755cf91c-3a96-e811-80d7-0050568571f4&#038;_gl=1*1mgin5z*_ga*MjM3MzkyMTUuMTcwODU0OTMxNg..*_ga_9RRJJK0Y4R*MTcxMjczMDQ3NC4yLjEuMTcxMjczMDU5NS4zMi4wLjA.\" class=\"button primary\">Boka r\u00e5dgvining<\/a>\n                                    <\/div>\n            \n        <\/div>\n    <\/div>\n<\/section>\n\n\n<div style=\"height:50px\" aria-hidden=\"true\" class=\"wp-block-spacer\"><\/div>\n\n\n\n<h2 class=\"wp-block-heading has-text-align-center mobile-padding\">\u00c4r ditt f\u00f6retag eller organisation intresserad av att st\u00f6da Nyf\u00f6retagarCentrum Karlskrona arbete?<\/h2>\n\n\n\n<div class=\"wp-block-group alignfull mobile-padding is-layout-constrained wp-block-group-is-layout-constrained\"><section  class=\"nfc-block-form aligncontent layout-small\">\n    <div class=\"contained\">\n\n        <form data-nfc-form=\"block_ae2a38882f3599302638573718572a0b\" data-nfc-page=\"161\">\n            <label class=\"input-wrapper required\" for=\"namn\">\n    <span>Namn<\/span>\n    <input type=\"text\" name=\"namn\" id=\"namn\" placeholder=\"\" required>\n<\/label><label class=\"input-wrapper required\" for=\"foretag-eller-organisation\">\n    <span>F\u00f6retag eller organisation<\/span>\n    <input type=\"text\" name=\"foretag-eller-organisation\" id=\"foretag-eller-organisation\" placeholder=\"\" required>\n<\/label><label class=\"input-wrapper required\" for=\"e-post\">\n    <span>E-post<\/span>\n    <input type=\"text\" name=\"e-post\" id=\"e-post\" placeholder=\"\" required>\n<\/label>\n            <div class=\"input-wrapper\">\n                <button type=\"submit\" class=\"button\">Skicka<\/button>\n            <\/div>\n        <\/form>\n    <\/div>\n<\/section><\/div>\n\n\n\n<div style=\"height:100px\" aria-hidden=\"true\" class=\"wp-block-spacer\"><\/div>\n\n\n\n<div class=\"wp-block-group alignfull has-white-background-color has-background is-layout-constrained wp-block-group-is-layout-constrained\">\n<div style=\"height:51px\" aria-hidden=\"true\" class=\"wp-block-spacer\"><\/div>\n\n\n<section  class=\"nfc-block-quote contained alignfull\">\n    <div class=\"wrapper contained\">\n        <p class=\"quote h2\"><\/p>\n        <div class=\"author\">\n            <div class=\"avatar\">\n                            <\/div>\n            <div class=\"text\">\n                <p class=\"name\">Siffror fr\u00e5n verksamheten<\/p>\n                <p class=\"subtitle\">Nyf\u00f6retagarCentrum Karlskrona<\/p>\n            <\/div>\n        <\/div>\n    <\/div>\n<\/section>\n\n\n<div style=\"height:51px\" aria-hidden=\"true\" class=\"wp-block-spacer\"><\/div>\n\n\n\n<div class=\"wp-block-columns alignwide mobile-padding is-layout-flex wp-container-core-columns-is-layout-1 wp-block-columns-is-layout-flex\">\n<div class=\"wp-block-column is-layout-flow wp-block-column-is-layout-flow\">\n<p class=\"no-margin\" style=\"font-size:100px;font-style:normal;font-weight:700\">1989<\/p>\n\n\n\n<p class=\"has-text-color has-link-color wp-elements-13ebd503f91abff08cb66f1f74f69914\" style=\"color:#4d4d4d\">Sedan 1989 har vi hj\u00e4lpt f\u00f6retag att starta i Karlskrona.<\/p>\n<\/div>\n\n\n\n<div class=\"wp-block-column is-layout-flow wp-block-column-is-layout-flow\">\n<p class=\"no-margin\" style=\"font-size:100px;font-style:normal;font-weight:700\">84%<\/p>\n\n\n\n<p class=\"has-text-color has-link-color wp-elements-d8bb517882f275e8ec9f8d113c159522\" style=\"color:#4d4d4d\">Av de som varit hos oss \u00f6verlever 84% efter tre \u00e5r, och \u00e4r i genomsnitt 12 % mer l\u00f6nsamma \u00e4n andra nya f\u00f6retag.<\/p>\n<\/div>\n\n\n\n<div class=\"wp-block-column is-layout-flow wp-block-column-is-layout-flow\">\n<p class=\"no-margin\" style=\"font-size:100px;font-style:normal;font-weight:700\">3,5 Mkr.<\/p>\n\n\n\n<p class=\"has-text-color has-link-color wp-elements-14a9032064b4e6d9dac3ac40e9056b51\" style=\"color:#4d4d4d\">Dessa nystartade f\u00f6retag ger en \u00f6kad samh\u00e4llsint\u00e4kt p\u00e5 kommunal niv\u00e5\/\u00e5r p\u00e5 3,5 Mkr.<\/p>\n<\/div>\n<\/div>\n\n\n\n<div style=\"height:51px\" aria-hidden=\"true\" class=\"wp-block-spacer\"><\/div>\n\n\n\n<div class=\"wp-block-buttons alignwide is-layout-flex wp-block-buttons-is-layout-flex\"><\/div>\n\n\n\n<div style=\"height:51px\" aria-hidden=\"true\" class=\"wp-block-spacer\"><\/div>\n<\/div>\n\n\n\n<div style=\"height:50px\" aria-hidden=\"true\" class=\"wp-block-spacer\"><\/div>\n\n\n<section  class=\"nfc-block-split_screen alignwide image_alignment-left\">\n    <div class=\"wrapper\">\n        <div class=\"nfc-block-split_screen__image-wrapper\">\n            <img loading=\"lazy\" decoding=\"async\" width=\"1476\" height=\"901\" src=\"https:\/\/nyforetagarcentrum.se\/karlskrona\/wp-content\/uploads\/sites\/83\/2024\/02\/Radgivare-Nyforetagare-LOW.jpg\" class=\"attachment-landscape size-landscape\" alt=\"\" srcset=\"https:\/\/nyforetagarcentrum.se\/karlskrona\/wp-content\/uploads\/sites\/83\/2024\/02\/Radgivare-Nyforetagare-LOW.jpg 1476w, https:\/\/nyforetagarcentrum.se\/karlskrona\/wp-content\/uploads\/sites\/83\/2024\/02\/Radgivare-Nyforetagare-LOW-300x183.jpg 300w, https:\/\/nyforetagarcentrum.se\/karlskrona\/wp-content\/uploads\/sites\/83\/2024\/02\/Radgivare-Nyforetagare-LOW-1024x625.jpg 1024w, https:\/\/nyforetagarcentrum.se\/karlskrona\/wp-content\/uploads\/sites\/83\/2024\/02\/Radgivare-Nyforetagare-LOW-768x469.jpg 768w\" sizes=\"(max-width: 1476px) 100vw, 1476px\" \/>        <\/div>\n\n        <div class=\"nfc-block-split_screen__content-wrapper\">\n            <h1 class=\"hyphenate\">Historik\/bakgrund<\/h1>\n<p>Initiativet till verksamheten kom fr\u00e5n d\u00e5varande Volvochefen P G Gyllenhammar och andra h\u00f6gt uppsatta n\u00e4ringslivsrepresentanter, med tankar och id\u00e9er fr\u00e5n Aspen Institute. Starten skedde genom samverkan mellan n\u00e4ringslivet och kommunen under ledning av den nya stiftelsen Svenska Jobs and Society.<\/p>\n<p>\u2013 1985 startade det f\u00f6rsta Nyf\u00f6retagarCentrum i Sverige i Kallinge i Blekinge, delvis efter en engelsk f\u00f6rebild d\u00e4r man startade s\u00e5 kallade Enterprise Agencies f\u00f6r att motverka effekter av industrinedl\u00e4ggning och f\u00f6r att stimulera ekonomisk utveckling.<\/p>\n<p>\u2013 1989 hade antalet Nyf\u00f6retagarCentrum v\u00e4xt till 18, som st\u00f6ddes av cirka 400 olika lokala sponsorer. R\u00e5dgivningarna p\u00e5 dessa Nyf\u00f6retagarCentrum ledde till start av ett tusental nya f\u00f6retag i landet.<\/p>\n<p>\u2013 P\u00e5 10 \u00e5r \u00f6kade antalet Nyf\u00f6retagarCentrum till cirka 80, vars r\u00e5dgivning t\u00e4ckte n\u00e4rmare 100 kommuner. Idag har vi cirka 90 Nyf\u00f6retagarCentrum som t\u00e4cker drygt 200 kommuner med r\u00e5dgivningen. Vi \u00e4r med och bidrar till 5 000-10 000 nya f\u00f6retag varje \u00e5r och de f\u00f6retagen har en unikt l\u00e5g konkursandel. Antalet samarbetspartners runtom i landet uppg\u00e5r till sammanlagt 2 300.<\/p>\n<p>Idag \u00e4r den svenska Nyf\u00f6retagarCentrum-modellen f\u00f6rebild f\u00f6r en rad l\u00e4nder i Europa. Nyf\u00f6retagarCentrum Sverige har en aktiv roll i ett europeiskt samarbete inom CSR Europe (Corporate Social Responsibility Europe, en frivillig sammanslutning av stora f\u00f6retag) f\u00f6r att fr\u00e4mja entrepren\u00f6rskap och nya livskraftiga f\u00f6retag.<\/p>\n\n            \n        <\/div>\n    <\/div>\n<\/section>\n\n\n<div style=\"height:50px\" aria-hidden=\"true\" class=\"wp-block-spacer\"><\/div>\n\n\n\n<div class=\"wp-block-columns is-layout-flex wp-container-core-columns-is-layout-2 wp-block-columns-is-layout-flex\">\n<div class=\"wp-block-column is-layout-flow wp-block-column-is-layout-flow\" style=\"flex-basis:100%\">\n<div class=\"wp-block-group is-layout-constrained wp-block-group-is-layout-constrained\">\n<div class=\"wp-block-group is-layout-constrained wp-block-group-is-layout-constrained\">\n<figure class=\"wp-block-video\"><video controls poster=\"https:\/\/nyforetagarcentrum.se\/karlskrona\/wp-content\/uploads\/sites\/83\/2025\/05\/Poster-video-NFC.jpg\" src=\"https:\/\/nyforetagarcentrum.se\/karlskrona\/wp-content\/uploads\/sites\/83\/2025\/05\/Nyforetagarcentrum-Komprimerad-V3.mp4\"><\/video><\/figure>\n<\/div>\n<\/div>\n<\/div>\n<\/div>\n","protected":false},"excerpt":{"rendered":"<p>\u00c4r ditt f\u00f6retag eller organisation intresserad av att st\u00f6da Nyf\u00f6retagarCentrum Karlskrona arbete? 1989 Sedan 1989 har vi hj\u00e4lpt f\u00f6retag att starta i Karlskrona. 84% Av de som varit hos oss \u00f6verlever 84% efter tre \u00e5r, och \u00e4r i genomsnitt 12 % mer l\u00f6nsamma \u00e4n andra nya f\u00f6retag. 3,5 Mkr. Dessa nystartade f\u00f6retag ger en \u00f6kad [&hellip;]<\/p>\n","protected":false},"author":1,"featured_media":0,"parent":0,"menu_order":0,"comment_status":"closed","ping_status":"closed","template":"","meta":{"footnotes":""},"acf":[],"yoast_head":"<!-- This site is optimized with the Yoast SEO plugin v22.9 - https:\/\/yoast.com\/wordpress\/plugins\/seo\/ -->\n<title>Om oss - Karlskrona<\/title>\n<meta name=\"description\" content=\"L\u00e4s om hur Nyf\u00f6retagarcentrum Karlskrona arbetar f\u00f6r att fr\u00e4mja f\u00f6retagande genom st\u00f6d, r\u00e5dgivning och utbildning.\" \/>\n<meta name=\"robots\" content=\"index, follow, max-snippet:-1, max-image-preview:large, max-video-preview:-1\" \/>\n<link rel=\"canonical\" href=\"https:\/\/nyforetagarcentrum.se\/karlskrona\/om-oss\/\" \/>\n<meta property=\"og:locale\" content=\"sv_SE\" \/>\n<meta property=\"og:type\" content=\"article\" \/>\n<meta property=\"og:title\" content=\"Om oss - Karlskrona\" \/>\n<meta property=\"og:description\" content=\"L\u00e4s om hur Nyf\u00f6retagarcentrum Karlskrona arbetar f\u00f6r att fr\u00e4mja f\u00f6retagande genom st\u00f6d, r\u00e5dgivning och utbildning.\" \/>\n<meta property=\"og:url\" content=\"https:\/\/nyforetagarcentrum.se\/karlskrona\/om-oss\/\" \/>\n<meta property=\"og:site_name\" content=\"Karlskrona\" \/>\n<meta property=\"article:modified_time\" content=\"2025-05-13T08:17:20+00:00\" \/>\n<meta name=\"twitter:card\" content=\"summary_large_image\" \/>\n<meta name=\"twitter:label1\" content=\"Ber\u00e4knad l\u00e4stid\" \/>\n\t<meta name=\"twitter:data1\" content=\"1 minut\" \/>\n<script type=\"application\/ld+json\" class=\"yoast-schema-graph\">{\"@context\":\"https:\/\/schema.org\",\"@graph\":[{\"@type\":\"WebPage\",\"@id\":\"https:\/\/nyforetagarcentrum.se\/karlskrona\/om-oss\/\",\"url\":\"https:\/\/nyforetagarcentrum.se\/karlskrona\/om-oss\/\",\"name\":\"Om oss - Karlskrona\",\"isPartOf\":{\"@id\":\"https:\/\/nyforetagarcentrum.se\/karlskrona\/#website\"},\"datePublished\":\"2024-02-27T15:04:37+00:00\",\"dateModified\":\"2025-05-13T08:17:20+00:00\",\"description\":\"L\u00e4s om hur Nyf\u00f6retagarcentrum Karlskrona arbetar f\u00f6r att fr\u00e4mja f\u00f6retagande genom st\u00f6d, r\u00e5dgivning och utbildning.\",\"breadcrumb\":{\"@id\":\"https:\/\/nyforetagarcentrum.se\/karlskrona\/om-oss\/#breadcrumb\"},\"inLanguage\":\"sv-SE\",\"potentialAction\":[{\"@type\":\"ReadAction\",\"target\":[\"https:\/\/nyforetagarcentrum.se\/karlskrona\/om-oss\/\"]}]},{\"@type\":\"BreadcrumbList\",\"@id\":\"https:\/\/nyforetagarcentrum.se\/karlskrona\/om-oss\/#breadcrumb\",\"itemListElement\":[{\"@type\":\"ListItem\",\"position\":1,\"name\":\"Hem\",\"item\":\"https:\/\/nyforetagarcentrum.se\/karlskrona\/\"},{\"@type\":\"ListItem\",\"position\":2,\"name\":\"Om oss\"}]},{\"@type\":\"WebSite\",\"@id\":\"https:\/\/nyforetagarcentrum.se\/karlskrona\/#website\",\"url\":\"https:\/\/nyforetagarcentrum.se\/karlskrona\/\",\"name\":\"Karlskrona\",\"description\":\"Sveriges ledande kraft f\u00f6r fler nya livskraftiga f\u00f6retag\",\"publisher\":{\"@id\":\"https:\/\/nyforetagarcentrum.se\/karlskrona\/#organization\"},\"potentialAction\":[{\"@type\":\"SearchAction\",\"target\":{\"@type\":\"EntryPoint\",\"urlTemplate\":\"https:\/\/nyforetagarcentrum.se\/karlskrona\/?s={search_term_string}\"},\"query-input\":\"required name=search_term_string\"}],\"inLanguage\":\"sv-SE\"},{\"@type\":\"Organization\",\"@id\":\"https:\/\/nyforetagarcentrum.se\/karlskrona\/#organization\",\"name\":\"Karlskrona\",\"url\":\"https:\/\/nyforetagarcentrum.se\/karlskrona\/\",\"logo\":{\"@type\":\"ImageObject\",\"inLanguage\":\"sv-SE\",\"@id\":\"https:\/\/nyforetagarcentrum.se\/karlskrona\/#\/schema\/logo\/image\/\",\"url\":\"https:\/\/nyforetagarcentrum.se\/karlskrona\/wp-content\/uploads\/sites\/83\/2024\/07\/karlskrona_bla.png\",\"contentUrl\":\"https:\/\/nyforetagarcentrum.se\/karlskrona\/wp-content\/uploads\/sites\/83\/2024\/07\/karlskrona_bla.png\",\"width\":870,\"height\":355,\"caption\":\"Karlskrona\"},\"image\":{\"@id\":\"https:\/\/nyforetagarcentrum.se\/karlskrona\/#\/schema\/logo\/image\/\"}}]}<\/script>\n<!-- \/ Yoast SEO plugin. -->","yoast_head_json":{"title":"Om oss - Karlskrona","description":"L\u00e4s om hur Nyf\u00f6retagarcentrum Karlskrona arbetar f\u00f6r att fr\u00e4mja f\u00f6retagande genom st\u00f6d, r\u00e5dgivning och utbildning.","robots":{"index":"index","follow":"follow","max-snippet":"max-snippet:-1","max-image-preview":"max-image-preview:large","max-video-preview":"max-video-preview:-1"},"canonical":"https:\/\/nyforetagarcentrum.se\/karlskrona\/om-oss\/","og_locale":"sv_SE","og_type":"article","og_title":"Om oss - Karlskrona","og_description":"L\u00e4s om hur Nyf\u00f6retagarcentrum Karlskrona arbetar f\u00f6r att fr\u00e4mja f\u00f6retagande genom st\u00f6d, r\u00e5dgivning och utbildning.","og_url":"https:\/\/nyforetagarcentrum.se\/karlskrona\/om-oss\/","og_site_name":"Karlskrona","article_modified_time":"2025-05-13T08:17:20+00:00","twitter_card":"summary_large_image","twitter_misc":{"Ber\u00e4knad l\u00e4stid":"1 minut"},"schema":{"@context":"https:\/\/schema.org","@graph":[{"@type":"WebPage","@id":"https:\/\/nyforetagarcentrum.se\/karlskrona\/om-oss\/","url":"https:\/\/nyforetagarcentrum.se\/karlskrona\/om-oss\/","name":"Om oss - Karlskrona","isPartOf":{"@id":"https:\/\/nyforetagarcentrum.se\/karlskrona\/#website"},"datePublished":"2024-02-27T15:04:37+00:00","dateModified":"2025-05-13T08:17:20+00:00","description":"L\u00e4s om hur Nyf\u00f6retagarcentrum Karlskrona arbetar f\u00f6r att fr\u00e4mja f\u00f6retagande genom st\u00f6d, r\u00e5dgivning och utbildning.","breadcrumb":{"@id":"https:\/\/nyforetagarcentrum.se\/karlskrona\/om-oss\/#breadcrumb"},"inLanguage":"sv-SE","potentialAction":[{"@type":"ReadAction","target":["https:\/\/nyforetagarcentrum.se\/karlskrona\/om-oss\/"]}]},{"@type":"BreadcrumbList","@id":"https:\/\/nyforetagarcentrum.se\/karlskrona\/om-oss\/#breadcrumb","itemListElement":[{"@type":"ListItem","position":1,"name":"Hem","item":"https:\/\/nyforetagarcentrum.se\/karlskrona\/"},{"@type":"ListItem","position":2,"name":"Om oss"}]},{"@type":"WebSite","@id":"https:\/\/nyforetagarcentrum.se\/karlskrona\/#website","url":"https:\/\/nyforetagarcentrum.se\/karlskrona\/","name":"Karlskrona","description":"Sveriges ledande kraft f\u00f6r fler nya livskraftiga f\u00f6retag","publisher":{"@id":"https:\/\/nyforetagarcentrum.se\/karlskrona\/#organization"},"potentialAction":[{"@type":"SearchAction","target":{"@type":"EntryPoint","urlTemplate":"https:\/\/nyforetagarcentrum.se\/karlskrona\/?s={search_term_string}"},"query-input":"required name=search_term_string"}],"inLanguage":"sv-SE"},{"@type":"Organization","@id":"https:\/\/nyforetagarcentrum.se\/karlskrona\/#organization","name":"Karlskrona","url":"https:\/\/nyforetagarcentrum.se\/karlskrona\/","logo":{"@type":"ImageObject","inLanguage":"sv-SE","@id":"https:\/\/nyforetagarcentrum.se\/karlskrona\/#\/schema\/logo\/image\/","url":"https:\/\/nyforetagarcentrum.se\/karlskrona\/wp-content\/uploads\/sites\/83\/2024\/07\/karlskrona_bla.png","contentUrl":"https:\/\/nyforetagarcentrum.se\/karlskrona\/wp-content\/uploads\/sites\/83\/2024\/07\/karlskrona_bla.png","width":870,"height":355,"caption":"Karlskrona"},"image":{"@id":"https:\/\/nyforetagarcentrum.se\/karlskrona\/#\/schema\/logo\/image\/"}}]}},"_links":{"self":[{"href":"https:\/\/nyforetagarcentrum.se\/karlskrona\/wp-json\/wp\/v2\/pages\/161"}],"collection":[{"href":"https:\/\/nyforetagarcentrum.se\/karlskrona\/wp-json\/wp\/v2\/pages"}],"about":[{"href":"https:\/\/nyforetagarcentrum.se\/karlskrona\/wp-json\/wp\/v2\/types\/page"}],"author":[{"embeddable":true,"href":"https:\/\/nyforetagarcentrum.se\/karlskrona\/wp-json\/wp\/v2\/users\/1"}],"replies":[{"embeddable":true,"href":"https:\/\/nyforetagarcentrum.se\/karlskrona\/wp-json\/wp\/v2\/comments?post=161"}],"version-history":[{"count":80,"href":"https:\/\/nyforetagarcentrum.se\/karlskrona\/wp-json\/wp\/v2\/pages\/161\/revisions"}],"predecessor-version":[{"id":3027,"href":"https:\/\/nyforetagarcentrum.se\/karlskrona\/wp-json\/wp\/v2\/pages\/161\/revisions\/3027"}],"wp:attachment":[{"href":"https:\/\/nyforetagarcentrum.se\/karlskrona\/wp-json\/wp\/v2\/media?parent=161"}],"curies":[{"name":"wp","href":"https:\/\/api.w.org\/{rel}","templated":true}]}}