{"id":2738,"date":"2024-11-18T13:37:00","date_gmt":"2024-11-18T12:37:00","guid":{"rendered":"https:\/\/nyforetagarcentrum.se\/karlskrona\/?post_type=event&#038;p=2738"},"modified":"2026-02-23T08:51:49","modified_gmt":"2026-02-23T07:51:49","slug":"marknadsforing","status":"publish","type":"event","link":"https:\/\/nyforetagarcentrum.se\/karlskrona\/evenemang\/marknadsforing\/","title":{"rendered":"6 steg till en b\u00e4ttre marknadsf\u00f6ring"},"content":{"rendered":"\n<p>V\u00e4lkommen till en kv\u00e4ll p\u00e5 Tryckcentrum d\u00e4r vi g\u00e5r igenom 6 viktiga steg som ger dig m\u00f6jligheten att g\u00f6ra en tydlig och l\u00f6nsam marknadsf\u00f6ring. Tillsammans och individuellt kommer vi med \u00f6vningar att hj\u00e4lpas \u00e5t att testa dina kunskaper under kv\u00e4llen. F\u00f6rutom detta bjuder vi p\u00e5 en rundtur d\u00e4r vi presenterar v\u00e5r v\u00e4rld och en matig macka.<\/p>\n\n\n\n<ol>\n<li>En <strong>m\u00e5lgruppsanalys<\/strong> hj\u00e4lper dig att f\u00f6rst\u00e5 <em>vem<\/em> du vill n\u00e5, <em>vad<\/em> de beh\u00f6ver och <em>hur<\/em> du b\u00e4st kommunicerar med dem. Under kv\u00e4llen g\u00e5r vi igenom hur du sj\u00e4lv g\u00f6r en m\u00e5lgruppsanalys.<\/li>\n\n\n\n<li>Ett tydligt <strong>v\u00e4rdeerbjudande<\/strong> \u2013 varf\u00f6r ska kunden v\u00e4lja dig?<\/li>\n\n\n\n<li>Att v\u00e4lja <strong>r\u00e4tt kanaler<\/strong> \u2013 var finns dina kunder?<\/li>\n\n\n\n<li>Bygg <strong>f\u00f6rtroende<\/strong> \u2013 Kunder k\u00f6per inte bara en produkt, de k\u00f6per trygghet.<\/li>\n\n\n\n<li>Var <strong>konsekvent<\/strong> \u2013 Tonalitet, visuell identitet och regelbunden publicering \u00e4r a och o.<\/li>\n\n\n\n<li>Se till att <strong>f\u00f6lja upp<\/strong> \u2013 M\u00e4t och justera. Testa \u2192 m\u00e4t \u2192 f\u00f6rb\u00e4ttra.<\/li>\n<\/ol>\n\n\n\n<p>Vi kommer \u00e4ven att titta p\u00e5 vanliga misstag och briljanta exempel fr\u00e5n verkligheten.<\/p>\n\n\n\n<p>F\u00f6rbered g\u00e4rna kv\u00e4llen genom att ta med produkter, reklammaterial eller n\u00e5got annat som r\u00f6r din verksamhet s\u00e5 kan vi utg\u00e5 fr\u00e5n detta.<\/p>\n\n\n\n<p><strong>V\u00e4lkommen till en sp\u00e4nnande kv\u00e4ll!<\/strong><\/p>\n\n\n\n<p>Evenemanget \u00e4r kostnadsfritt och h\u00e5ller p\u00e5 mellan 17.30-19.30.<\/p>\n\n\n\n<figure class=\"wp-block-image size-full\"><img loading=\"lazy\" decoding=\"async\" width=\"1024\" height=\"683\" src=\"https:\/\/nyforetagarcentrum.se\/karlskrona\/wp-content\/uploads\/sites\/83\/2026\/02\/2026-02-Marknadsforingsutbildning-19-mars-David-Altefur.jpg\" alt=\"\" class=\"wp-image-3447\" srcset=\"https:\/\/nyforetagarcentrum.se\/karlskrona\/wp-content\/uploads\/sites\/83\/2026\/02\/2026-02-Marknadsforingsutbildning-19-mars-David-Altefur.jpg 1024w, https:\/\/nyforetagarcentrum.se\/karlskrona\/wp-content\/uploads\/sites\/83\/2026\/02\/2026-02-Marknadsforingsutbildning-19-mars-David-Altefur-300x200.jpg 300w, https:\/\/nyforetagarcentrum.se\/karlskrona\/wp-content\/uploads\/sites\/83\/2026\/02\/2026-02-Marknadsforingsutbildning-19-mars-David-Altefur-768x512.jpg 768w\" sizes=\"(max-width: 1024px) 100vw, 1024px\" \/><\/figure>\n","protected":false},"template":"","meta":{"footnotes":""},"acf":[],"yoast_head":"<!-- This site is optimized with the Yoast SEO plugin v22.9 - https:\/\/yoast.com\/wordpress\/plugins\/seo\/ -->\n<title>Evenemang i Karlskrona - Nyf\u00f6retagarCentrum<\/title>\n<meta name=\"description\" content=\"Uppt\u00e4ck kommande evenemang hos Nyf\u00f6retagarCentrum i Karlskrona, utformade f\u00f6r att st\u00f6dja blivande och nya f\u00f6retagare. Delta i workshops, seminarier och n\u00e4tverkstr\u00e4ffar f\u00f6r att f\u00e5 v\u00e4rdefulla insikter och kontakter f\u00f6r din entrepren\u00f6rsresa. F\u00e5 information om datum, platser och hur du anm\u00e4ler dig.\" \/>\n<meta name=\"robots\" content=\"index, follow, max-snippet:-1, max-image-preview:large, max-video-preview:-1\" \/>\n<link rel=\"canonical\" href=\"https:\/\/nyforetagarcentrum.se\/karlskrona\/evenemang\/marknadsforing\/\" \/>\n<meta property=\"og:locale\" content=\"sv_SE\" \/>\n<meta property=\"og:type\" content=\"article\" \/>\n<meta property=\"og:title\" content=\"Evenemang i Karlskrona - Nyf\u00f6retagarCentrum\" \/>\n<meta property=\"og:description\" content=\"Uppt\u00e4ck kommande evenemang hos Nyf\u00f6retagarCentrum i Karlskrona, utformade f\u00f6r att st\u00f6dja blivande och nya f\u00f6retagare. Delta i workshops, seminarier och n\u00e4tverkstr\u00e4ffar f\u00f6r att f\u00e5 v\u00e4rdefulla insikter och kontakter f\u00f6r din entrepren\u00f6rsresa. F\u00e5 information om datum, platser och hur du anm\u00e4ler dig.\" \/>\n<meta property=\"og:url\" content=\"https:\/\/nyforetagarcentrum.se\/karlskrona\/evenemang\/marknadsforing\/\" \/>\n<meta property=\"og:site_name\" content=\"Karlskrona\" \/>\n<meta property=\"article:modified_time\" content=\"2026-02-23T07:51:49+00:00\" \/>\n<meta property=\"og:image\" content=\"https:\/\/nyforetagarcentrum.se\/karlskrona\/wp-content\/uploads\/sites\/83\/2026\/02\/2026-02-Marknadsforingsutbildning-19-mars-David-Altefur.jpg\" \/>\n<meta name=\"twitter:card\" content=\"summary_large_image\" \/>\n<meta name=\"twitter:label1\" content=\"Ber\u00e4knad l\u00e4stid\" \/>\n\t<meta name=\"twitter:data1\" content=\"2 minuter\" \/>\n<script type=\"application\/ld+json\" class=\"yoast-schema-graph\">{\"@context\":\"https:\/\/schema.org\",\"@graph\":[{\"@type\":\"WebPage\",\"@id\":\"https:\/\/nyforetagarcentrum.se\/karlskrona\/evenemang\/marknadsforing\/\",\"url\":\"https:\/\/nyforetagarcentrum.se\/karlskrona\/evenemang\/marknadsforing\/\",\"name\":\"Evenemang i Karlskrona - Nyf\u00f6retagarCentrum\",\"isPartOf\":{\"@id\":\"https:\/\/nyforetagarcentrum.se\/karlskrona\/#website\"},\"primaryImageOfPage\":{\"@id\":\"https:\/\/nyforetagarcentrum.se\/karlskrona\/evenemang\/marknadsforing\/#primaryimage\"},\"image\":{\"@id\":\"https:\/\/nyforetagarcentrum.se\/karlskrona\/evenemang\/marknadsforing\/#primaryimage\"},\"thumbnailUrl\":\"https:\/\/nyforetagarcentrum.se\/karlskrona\/wp-content\/uploads\/sites\/83\/2026\/02\/2026-02-Marknadsforingsutbildning-19-mars-David-Altefur.jpg\",\"datePublished\":\"2024-11-18T12:37:00+00:00\",\"dateModified\":\"2026-02-23T07:51:49+00:00\",\"description\":\"Uppt\u00e4ck kommande evenemang hos Nyf\u00f6retagarCentrum i Karlskrona, utformade f\u00f6r att st\u00f6dja blivande och nya f\u00f6retagare. Delta i workshops, seminarier och n\u00e4tverkstr\u00e4ffar f\u00f6r att f\u00e5 v\u00e4rdefulla insikter och kontakter f\u00f6r din entrepren\u00f6rsresa. F\u00e5 information om datum, platser och hur du anm\u00e4ler dig.\",\"breadcrumb\":{\"@id\":\"https:\/\/nyforetagarcentrum.se\/karlskrona\/evenemang\/marknadsforing\/#breadcrumb\"},\"inLanguage\":\"sv-SE\",\"potentialAction\":[{\"@type\":\"ReadAction\",\"target\":[\"https:\/\/nyforetagarcentrum.se\/karlskrona\/evenemang\/marknadsforing\/\"]}]},{\"@type\":\"ImageObject\",\"inLanguage\":\"sv-SE\",\"@id\":\"https:\/\/nyforetagarcentrum.se\/karlskrona\/evenemang\/marknadsforing\/#primaryimage\",\"url\":\"https:\/\/nyforetagarcentrum.se\/karlskrona\/wp-content\/uploads\/sites\/83\/2026\/02\/2026-02-Marknadsforingsutbildning-19-mars-David-Altefur.jpg\",\"contentUrl\":\"https:\/\/nyforetagarcentrum.se\/karlskrona\/wp-content\/uploads\/sites\/83\/2026\/02\/2026-02-Marknadsforingsutbildning-19-mars-David-Altefur.jpg\",\"width\":1024,\"height\":683},{\"@type\":\"BreadcrumbList\",\"@id\":\"https:\/\/nyforetagarcentrum.se\/karlskrona\/evenemang\/marknadsforing\/#breadcrumb\",\"itemListElement\":[{\"@type\":\"ListItem\",\"position\":1,\"name\":\"Hem\",\"item\":\"https:\/\/nyforetagarcentrum.se\/karlskrona\/\"},{\"@type\":\"ListItem\",\"position\":2,\"name\":\"Evenemang\",\"item\":\"https:\/\/nyforetagarcentrum.se\/karlskrona\/evenemang\/\"},{\"@type\":\"ListItem\",\"position\":3,\"name\":\"6 steg till en b\u00e4ttre marknadsf\u00f6ring\"}]},{\"@type\":\"WebSite\",\"@id\":\"https:\/\/nyforetagarcentrum.se\/karlskrona\/#website\",\"url\":\"https:\/\/nyforetagarcentrum.se\/karlskrona\/\",\"name\":\"Karlskrona\",\"description\":\"Sveriges ledande kraft f\u00f6r fler nya livskraftiga f\u00f6retag\",\"publisher\":{\"@id\":\"https:\/\/nyforetagarcentrum.se\/karlskrona\/#organization\"},\"potentialAction\":[{\"@type\":\"SearchAction\",\"target\":{\"@type\":\"EntryPoint\",\"urlTemplate\":\"https:\/\/nyforetagarcentrum.se\/karlskrona\/?s={search_term_string}\"},\"query-input\":\"required name=search_term_string\"}],\"inLanguage\":\"sv-SE\"},{\"@type\":\"Organization\",\"@id\":\"https:\/\/nyforetagarcentrum.se\/karlskrona\/#organization\",\"name\":\"Karlskrona\",\"url\":\"https:\/\/nyforetagarcentrum.se\/karlskrona\/\",\"logo\":{\"@type\":\"ImageObject\",\"inLanguage\":\"sv-SE\",\"@id\":\"https:\/\/nyforetagarcentrum.se\/karlskrona\/#\/schema\/logo\/image\/\",\"url\":\"https:\/\/nyforetagarcentrum.se\/karlskrona\/wp-content\/uploads\/sites\/83\/2024\/07\/karlskrona_bla.png\",\"contentUrl\":\"https:\/\/nyforetagarcentrum.se\/karlskrona\/wp-content\/uploads\/sites\/83\/2024\/07\/karlskrona_bla.png\",\"width\":870,\"height\":355,\"caption\":\"Karlskrona\"},\"image\":{\"@id\":\"https:\/\/nyforetagarcentrum.se\/karlskrona\/#\/schema\/logo\/image\/\"}}]}<\/script>\n<!-- \/ Yoast SEO plugin. -->","yoast_head_json":{"title":"Evenemang i Karlskrona - Nyf\u00f6retagarCentrum","description":"Uppt\u00e4ck kommande evenemang hos Nyf\u00f6retagarCentrum i Karlskrona, utformade f\u00f6r att st\u00f6dja blivande och nya f\u00f6retagare. Delta i workshops, seminarier och n\u00e4tverkstr\u00e4ffar f\u00f6r att f\u00e5 v\u00e4rdefulla insikter och kontakter f\u00f6r din entrepren\u00f6rsresa. F\u00e5 information om datum, platser och hur du anm\u00e4ler dig.","robots":{"index":"index","follow":"follow","max-snippet":"max-snippet:-1","max-image-preview":"max-image-preview:large","max-video-preview":"max-video-preview:-1"},"canonical":"https:\/\/nyforetagarcentrum.se\/karlskrona\/evenemang\/marknadsforing\/","og_locale":"sv_SE","og_type":"article","og_title":"Evenemang i Karlskrona - Nyf\u00f6retagarCentrum","og_description":"Uppt\u00e4ck kommande evenemang hos Nyf\u00f6retagarCentrum i Karlskrona, utformade f\u00f6r att st\u00f6dja blivande och nya f\u00f6retagare. Delta i workshops, seminarier och n\u00e4tverkstr\u00e4ffar f\u00f6r att f\u00e5 v\u00e4rdefulla insikter och kontakter f\u00f6r din entrepren\u00f6rsresa. F\u00e5 information om datum, platser och hur du anm\u00e4ler dig.","og_url":"https:\/\/nyforetagarcentrum.se\/karlskrona\/evenemang\/marknadsforing\/","og_site_name":"Karlskrona","article_modified_time":"2026-02-23T07:51:49+00:00","og_image":[{"url":"https:\/\/nyforetagarcentrum.se\/karlskrona\/wp-content\/uploads\/sites\/83\/2026\/02\/2026-02-Marknadsforingsutbildning-19-mars-David-Altefur.jpg"}],"twitter_card":"summary_large_image","twitter_misc":{"Ber\u00e4knad l\u00e4stid":"2 minuter"},"schema":{"@context":"https:\/\/schema.org","@graph":[{"@type":"WebPage","@id":"https:\/\/nyforetagarcentrum.se\/karlskrona\/evenemang\/marknadsforing\/","url":"https:\/\/nyforetagarcentrum.se\/karlskrona\/evenemang\/marknadsforing\/","name":"Evenemang i Karlskrona - Nyf\u00f6retagarCentrum","isPartOf":{"@id":"https:\/\/nyforetagarcentrum.se\/karlskrona\/#website"},"primaryImageOfPage":{"@id":"https:\/\/nyforetagarcentrum.se\/karlskrona\/evenemang\/marknadsforing\/#primaryimage"},"image":{"@id":"https:\/\/nyforetagarcentrum.se\/karlskrona\/evenemang\/marknadsforing\/#primaryimage"},"thumbnailUrl":"https:\/\/nyforetagarcentrum.se\/karlskrona\/wp-content\/uploads\/sites\/83\/2026\/02\/2026-02-Marknadsforingsutbildning-19-mars-David-Altefur.jpg","datePublished":"2024-11-18T12:37:00+00:00","dateModified":"2026-02-23T07:51:49+00:00","description":"Uppt\u00e4ck kommande evenemang hos Nyf\u00f6retagarCentrum i Karlskrona, utformade f\u00f6r att st\u00f6dja blivande och nya f\u00f6retagare. Delta i workshops, seminarier och n\u00e4tverkstr\u00e4ffar f\u00f6r att f\u00e5 v\u00e4rdefulla insikter och kontakter f\u00f6r din entrepren\u00f6rsresa. F\u00e5 information om datum, platser och hur du anm\u00e4ler dig.","breadcrumb":{"@id":"https:\/\/nyforetagarcentrum.se\/karlskrona\/evenemang\/marknadsforing\/#breadcrumb"},"inLanguage":"sv-SE","potentialAction":[{"@type":"ReadAction","target":["https:\/\/nyforetagarcentrum.se\/karlskrona\/evenemang\/marknadsforing\/"]}]},{"@type":"ImageObject","inLanguage":"sv-SE","@id":"https:\/\/nyforetagarcentrum.se\/karlskrona\/evenemang\/marknadsforing\/#primaryimage","url":"https:\/\/nyforetagarcentrum.se\/karlskrona\/wp-content\/uploads\/sites\/83\/2026\/02\/2026-02-Marknadsforingsutbildning-19-mars-David-Altefur.jpg","contentUrl":"https:\/\/nyforetagarcentrum.se\/karlskrona\/wp-content\/uploads\/sites\/83\/2026\/02\/2026-02-Marknadsforingsutbildning-19-mars-David-Altefur.jpg","width":1024,"height":683},{"@type":"BreadcrumbList","@id":"https:\/\/nyforetagarcentrum.se\/karlskrona\/evenemang\/marknadsforing\/#breadcrumb","itemListElement":[{"@type":"ListItem","position":1,"name":"Hem","item":"https:\/\/nyforetagarcentrum.se\/karlskrona\/"},{"@type":"ListItem","position":2,"name":"Evenemang","item":"https:\/\/nyforetagarcentrum.se\/karlskrona\/evenemang\/"},{"@type":"ListItem","position":3,"name":"6 steg till en b\u00e4ttre marknadsf\u00f6ring"}]},{"@type":"WebSite","@id":"https:\/\/nyforetagarcentrum.se\/karlskrona\/#website","url":"https:\/\/nyforetagarcentrum.se\/karlskrona\/","name":"Karlskrona","description":"Sveriges ledande kraft f\u00f6r fler nya livskraftiga f\u00f6retag","publisher":{"@id":"https:\/\/nyforetagarcentrum.se\/karlskrona\/#organization"},"potentialAction":[{"@type":"SearchAction","target":{"@type":"EntryPoint","urlTemplate":"https:\/\/nyforetagarcentrum.se\/karlskrona\/?s={search_term_string}"},"query-input":"required name=search_term_string"}],"inLanguage":"sv-SE"},{"@type":"Organization","@id":"https:\/\/nyforetagarcentrum.se\/karlskrona\/#organization","name":"Karlskrona","url":"https:\/\/nyforetagarcentrum.se\/karlskrona\/","logo":{"@type":"ImageObject","inLanguage":"sv-SE","@id":"https:\/\/nyforetagarcentrum.se\/karlskrona\/#\/schema\/logo\/image\/","url":"https:\/\/nyforetagarcentrum.se\/karlskrona\/wp-content\/uploads\/sites\/83\/2024\/07\/karlskrona_bla.png","contentUrl":"https:\/\/nyforetagarcentrum.se\/karlskrona\/wp-content\/uploads\/sites\/83\/2024\/07\/karlskrona_bla.png","width":870,"height":355,"caption":"Karlskrona"},"image":{"@id":"https:\/\/nyforetagarcentrum.se\/karlskrona\/#\/schema\/logo\/image\/"}}]}},"_links":{"self":[{"href":"https:\/\/nyforetagarcentrum.se\/karlskrona\/wp-json\/wp\/v2\/event\/2738"}],"collection":[{"href":"https:\/\/nyforetagarcentrum.se\/karlskrona\/wp-json\/wp\/v2\/event"}],"about":[{"href":"https:\/\/nyforetagarcentrum.se\/karlskrona\/wp-json\/wp\/v2\/types\/event"}],"version-history":[{"count":18,"href":"https:\/\/nyforetagarcentrum.se\/karlskrona\/wp-json\/wp\/v2\/event\/2738\/revisions"}],"predecessor-version":[{"id":3449,"href":"https:\/\/nyforetagarcentrum.se\/karlskrona\/wp-json\/wp\/v2\/event\/2738\/revisions\/3449"}],"wp:attachment":[{"href":"https:\/\/nyforetagarcentrum.se\/karlskrona\/wp-json\/wp\/v2\/media?parent=2738"}],"curies":[{"name":"wp","href":"https:\/\/api.w.org\/{rel}","templated":true}]}}