{"id":1970,"date":"2024-06-05T09:15:23","date_gmt":"2024-06-05T07:15:23","guid":{"rendered":"https:\/\/nyforetagarcentrum.se\/karlskrona\/?post_type=event&#038;p=1970"},"modified":"2026-04-20T17:15:48","modified_gmt":"2026-04-20T15:15:48","slug":"nya-varlden-med-ai-och-chatgpt","status":"publish","type":"event","link":"https:\/\/nyforetagarcentrum.se\/karlskrona\/evenemang\/nya-varlden-med-ai-och-chatgpt\/","title":{"rendered":"Starta Eget M\u00e4ssa"},"content":{"rendered":"\n<p>Dr\u00f6mmer du om att starta eget f\u00f6retag eller har du nyligen tagit steget? D\u00e5 \u00e4r detta eventet f\u00f6r dig! P\u00e5 v\u00e5r Starta Eget M\u00e4ssa f\u00e5r du chansen att tr\u00e4ffa de f\u00f6retag och experter som kan hj\u00e4lpa dig p\u00e5 v\u00e4gen till framg\u00e5ng. <img loading=\"lazy\" decoding=\"async\" alt=\"\ud83d\ude80\" src=\"https:\/\/static.xx.fbcdn.net\/images\/emoji.php\/v9\/t65\/2\/16\/1f680.png\" width=\"16\" height=\"16\"><\/p>\n\n\n\n<p>V\u00e4lkommen till <strong>Nyf\u00f6retagarm\u00e4ssan<\/strong><br>\ud83d\udccd Kommer inom kort<br>\ud83d\udd52 23 september klockan 14.00\u201317.00<\/p>\n\n\n\n<p>Tr\u00e4ffa banker, r\u00e5dgivare, f\u00f6rs\u00e4kringsbolag, marknadsf\u00f6rare, redovisningskonsulter och fler \u2013 allt du beh\u00f6ver f\u00f6r att komma ig\u00e5ng med ditt f\u00f6retagande!<\/p>\n\n\n\n<p>\ud83c\udfa4 Inspirerande miniseminarier<br>\ud83e\udd1d Kostnadsfri r\u00e5dgivning<br>\u2615 Gofika och n\u00e4tverkande<br>\ud83c\udf9f Fri entr\u00e9 Biljetterna sl\u00e4pps den 19 juni via Nortic<\/p>\n\n\n\n<p>Arrangeras av Nyf\u00f6retagarcentrum Karlskrona<br>V\u00e4lkommen till en eftermiddag fylld av m\u00f6jligheter!<\/p>\n\n\n\n<p>L\u00e5t dig motiveras av sp\u00e4nnande intervjuer och n\u00e4tverka med andra entrepren\u00f6rer. Missa inte denna unika m\u00f6jlighet att kickstarta din f\u00f6retagsresa!<\/p>\n\n\n\n<figure class=\"wp-block-image size-large\"><img loading=\"lazy\" decoding=\"async\" width=\"1024\" height=\"422\" src=\"https:\/\/nyforetagarcentrum.se\/karlskrona\/wp-content\/uploads\/sites\/83\/2024\/06\/logo-1024x422.png\" alt=\"\" class=\"wp-image-2338\" srcset=\"https:\/\/nyforetagarcentrum.se\/karlskrona\/wp-content\/uploads\/sites\/83\/2024\/06\/logo-1024x422.png 1024w, https:\/\/nyforetagarcentrum.se\/karlskrona\/wp-content\/uploads\/sites\/83\/2024\/06\/logo-300x124.png 300w, https:\/\/nyforetagarcentrum.se\/karlskrona\/wp-content\/uploads\/sites\/83\/2024\/06\/logo-768x316.png 768w, https:\/\/nyforetagarcentrum.se\/karlskrona\/wp-content\/uploads\/sites\/83\/2024\/06\/logo-1536x633.png 1536w, https:\/\/nyforetagarcentrum.se\/karlskrona\/wp-content\/uploads\/sites\/83\/2024\/06\/logo.png 1799w\" sizes=\"(max-width: 1024px) 100vw, 1024px\" \/><\/figure>\n","protected":false},"template":"","meta":{"footnotes":""},"acf":[],"yoast_head":"<!-- This site is optimized with the Yoast SEO plugin v22.9 - https:\/\/yoast.com\/wordpress\/plugins\/seo\/ -->\n<title>Starta eget m\u00e4ssa | NFC Karlskrona<\/title>\n<meta name=\"description\" content=\"Ta del av sp\u00e4nnande intervjuer och n\u00e4tverka med andra entrepren\u00f6rer. Missa inte denna unika m\u00f6jlighet att kickstarta din f\u00f6retagsresa!\" \/>\n<meta name=\"robots\" content=\"index, follow, max-snippet:-1, max-image-preview:large, max-video-preview:-1\" \/>\n<link rel=\"canonical\" href=\"https:\/\/nyforetagarcentrum.se\/karlskrona\/evenemang\/nya-varlden-med-ai-och-chatgpt\/\" \/>\n<meta property=\"og:locale\" content=\"sv_SE\" \/>\n<meta property=\"og:type\" content=\"article\" \/>\n<meta property=\"og:title\" content=\"Starta eget m\u00e4ssa | NFC Karlskrona\" \/>\n<meta property=\"og:description\" content=\"Ta del av sp\u00e4nnande intervjuer och n\u00e4tverka med andra entrepren\u00f6rer. Missa inte denna unika m\u00f6jlighet att kickstarta din f\u00f6retagsresa!\" \/>\n<meta property=\"og:url\" content=\"https:\/\/nyforetagarcentrum.se\/karlskrona\/evenemang\/nya-varlden-med-ai-och-chatgpt\/\" \/>\n<meta property=\"og:site_name\" content=\"Karlskrona\" \/>\n<meta property=\"article:modified_time\" content=\"2026-04-20T15:15:48+00:00\" \/>\n<meta property=\"og:image\" content=\"https:\/\/static.xx.fbcdn.net\/images\/emoji.php\/v9\/t65\/2\/16\/1f680.png\" \/>\n<meta name=\"twitter:card\" content=\"summary_large_image\" \/>\n<meta name=\"twitter:label1\" content=\"Ber\u00e4knad l\u00e4stid\" \/>\n\t<meta name=\"twitter:data1\" content=\"2 minuter\" \/>\n<script type=\"application\/ld+json\" class=\"yoast-schema-graph\">{\"@context\":\"https:\/\/schema.org\",\"@graph\":[{\"@type\":\"WebPage\",\"@id\":\"https:\/\/nyforetagarcentrum.se\/karlskrona\/evenemang\/nya-varlden-med-ai-och-chatgpt\/\",\"url\":\"https:\/\/nyforetagarcentrum.se\/karlskrona\/evenemang\/nya-varlden-med-ai-och-chatgpt\/\",\"name\":\"Starta eget m\u00e4ssa | NFC Karlskrona\",\"isPartOf\":{\"@id\":\"https:\/\/nyforetagarcentrum.se\/karlskrona\/#website\"},\"primaryImageOfPage\":{\"@id\":\"https:\/\/nyforetagarcentrum.se\/karlskrona\/evenemang\/nya-varlden-med-ai-och-chatgpt\/#primaryimage\"},\"image\":{\"@id\":\"https:\/\/nyforetagarcentrum.se\/karlskrona\/evenemang\/nya-varlden-med-ai-och-chatgpt\/#primaryimage\"},\"thumbnailUrl\":\"https:\/\/static.xx.fbcdn.net\/images\/emoji.php\/v9\/t65\/2\/16\/1f680.png\",\"datePublished\":\"2024-06-05T07:15:23+00:00\",\"dateModified\":\"2026-04-20T15:15:48+00:00\",\"description\":\"Ta del av sp\u00e4nnande intervjuer och n\u00e4tverka med andra entrepren\u00f6rer. Missa inte denna unika m\u00f6jlighet att kickstarta din f\u00f6retagsresa!\",\"breadcrumb\":{\"@id\":\"https:\/\/nyforetagarcentrum.se\/karlskrona\/evenemang\/nya-varlden-med-ai-och-chatgpt\/#breadcrumb\"},\"inLanguage\":\"sv-SE\",\"potentialAction\":[{\"@type\":\"ReadAction\",\"target\":[\"https:\/\/nyforetagarcentrum.se\/karlskrona\/evenemang\/nya-varlden-med-ai-och-chatgpt\/\"]}]},{\"@type\":\"ImageObject\",\"inLanguage\":\"sv-SE\",\"@id\":\"https:\/\/nyforetagarcentrum.se\/karlskrona\/evenemang\/nya-varlden-med-ai-och-chatgpt\/#primaryimage\",\"url\":\"https:\/\/static.xx.fbcdn.net\/images\/emoji.php\/v9\/t65\/2\/16\/1f680.png\",\"contentUrl\":\"https:\/\/static.xx.fbcdn.net\/images\/emoji.php\/v9\/t65\/2\/16\/1f680.png\"},{\"@type\":\"BreadcrumbList\",\"@id\":\"https:\/\/nyforetagarcentrum.se\/karlskrona\/evenemang\/nya-varlden-med-ai-och-chatgpt\/#breadcrumb\",\"itemListElement\":[{\"@type\":\"ListItem\",\"position\":1,\"name\":\"Hem\",\"item\":\"https:\/\/nyforetagarcentrum.se\/karlskrona\/\"},{\"@type\":\"ListItem\",\"position\":2,\"name\":\"Evenemang\",\"item\":\"https:\/\/nyforetagarcentrum.se\/karlskrona\/evenemang\/\"},{\"@type\":\"ListItem\",\"position\":3,\"name\":\"Starta Eget M\u00e4ssa\"}]},{\"@type\":\"WebSite\",\"@id\":\"https:\/\/nyforetagarcentrum.se\/karlskrona\/#website\",\"url\":\"https:\/\/nyforetagarcentrum.se\/karlskrona\/\",\"name\":\"Karlskrona\",\"description\":\"Sveriges ledande kraft f\u00f6r fler nya livskraftiga f\u00f6retag\",\"publisher\":{\"@id\":\"https:\/\/nyforetagarcentrum.se\/karlskrona\/#organization\"},\"potentialAction\":[{\"@type\":\"SearchAction\",\"target\":{\"@type\":\"EntryPoint\",\"urlTemplate\":\"https:\/\/nyforetagarcentrum.se\/karlskrona\/?s={search_term_string}\"},\"query-input\":\"required name=search_term_string\"}],\"inLanguage\":\"sv-SE\"},{\"@type\":\"Organization\",\"@id\":\"https:\/\/nyforetagarcentrum.se\/karlskrona\/#organization\",\"name\":\"Karlskrona\",\"url\":\"https:\/\/nyforetagarcentrum.se\/karlskrona\/\",\"logo\":{\"@type\":\"ImageObject\",\"inLanguage\":\"sv-SE\",\"@id\":\"https:\/\/nyforetagarcentrum.se\/karlskrona\/#\/schema\/logo\/image\/\",\"url\":\"https:\/\/nyforetagarcentrum.se\/karlskrona\/wp-content\/uploads\/sites\/83\/2024\/07\/karlskrona_bla.png\",\"contentUrl\":\"https:\/\/nyforetagarcentrum.se\/karlskrona\/wp-content\/uploads\/sites\/83\/2024\/07\/karlskrona_bla.png\",\"width\":870,\"height\":355,\"caption\":\"Karlskrona\"},\"image\":{\"@id\":\"https:\/\/nyforetagarcentrum.se\/karlskrona\/#\/schema\/logo\/image\/\"}}]}<\/script>\n<!-- \/ Yoast SEO plugin. -->","yoast_head_json":{"title":"Starta eget m\u00e4ssa | NFC Karlskrona","description":"Ta del av sp\u00e4nnande intervjuer och n\u00e4tverka med andra entrepren\u00f6rer. Missa inte denna unika m\u00f6jlighet att kickstarta din f\u00f6retagsresa!","robots":{"index":"index","follow":"follow","max-snippet":"max-snippet:-1","max-image-preview":"max-image-preview:large","max-video-preview":"max-video-preview:-1"},"canonical":"https:\/\/nyforetagarcentrum.se\/karlskrona\/evenemang\/nya-varlden-med-ai-och-chatgpt\/","og_locale":"sv_SE","og_type":"article","og_title":"Starta eget m\u00e4ssa | NFC Karlskrona","og_description":"Ta del av sp\u00e4nnande intervjuer och n\u00e4tverka med andra entrepren\u00f6rer. Missa inte denna unika m\u00f6jlighet att kickstarta din f\u00f6retagsresa!","og_url":"https:\/\/nyforetagarcentrum.se\/karlskrona\/evenemang\/nya-varlden-med-ai-och-chatgpt\/","og_site_name":"Karlskrona","article_modified_time":"2026-04-20T15:15:48+00:00","og_image":[{"url":"https:\/\/static.xx.fbcdn.net\/images\/emoji.php\/v9\/t65\/2\/16\/1f680.png"}],"twitter_card":"summary_large_image","twitter_misc":{"Ber\u00e4knad l\u00e4stid":"2 minuter"},"schema":{"@context":"https:\/\/schema.org","@graph":[{"@type":"WebPage","@id":"https:\/\/nyforetagarcentrum.se\/karlskrona\/evenemang\/nya-varlden-med-ai-och-chatgpt\/","url":"https:\/\/nyforetagarcentrum.se\/karlskrona\/evenemang\/nya-varlden-med-ai-och-chatgpt\/","name":"Starta eget m\u00e4ssa | NFC Karlskrona","isPartOf":{"@id":"https:\/\/nyforetagarcentrum.se\/karlskrona\/#website"},"primaryImageOfPage":{"@id":"https:\/\/nyforetagarcentrum.se\/karlskrona\/evenemang\/nya-varlden-med-ai-och-chatgpt\/#primaryimage"},"image":{"@id":"https:\/\/nyforetagarcentrum.se\/karlskrona\/evenemang\/nya-varlden-med-ai-och-chatgpt\/#primaryimage"},"thumbnailUrl":"https:\/\/static.xx.fbcdn.net\/images\/emoji.php\/v9\/t65\/2\/16\/1f680.png","datePublished":"2024-06-05T07:15:23+00:00","dateModified":"2026-04-20T15:15:48+00:00","description":"Ta del av sp\u00e4nnande intervjuer och n\u00e4tverka med andra entrepren\u00f6rer. Missa inte denna unika m\u00f6jlighet att kickstarta din f\u00f6retagsresa!","breadcrumb":{"@id":"https:\/\/nyforetagarcentrum.se\/karlskrona\/evenemang\/nya-varlden-med-ai-och-chatgpt\/#breadcrumb"},"inLanguage":"sv-SE","potentialAction":[{"@type":"ReadAction","target":["https:\/\/nyforetagarcentrum.se\/karlskrona\/evenemang\/nya-varlden-med-ai-och-chatgpt\/"]}]},{"@type":"ImageObject","inLanguage":"sv-SE","@id":"https:\/\/nyforetagarcentrum.se\/karlskrona\/evenemang\/nya-varlden-med-ai-och-chatgpt\/#primaryimage","url":"https:\/\/static.xx.fbcdn.net\/images\/emoji.php\/v9\/t65\/2\/16\/1f680.png","contentUrl":"https:\/\/static.xx.fbcdn.net\/images\/emoji.php\/v9\/t65\/2\/16\/1f680.png"},{"@type":"BreadcrumbList","@id":"https:\/\/nyforetagarcentrum.se\/karlskrona\/evenemang\/nya-varlden-med-ai-och-chatgpt\/#breadcrumb","itemListElement":[{"@type":"ListItem","position":1,"name":"Hem","item":"https:\/\/nyforetagarcentrum.se\/karlskrona\/"},{"@type":"ListItem","position":2,"name":"Evenemang","item":"https:\/\/nyforetagarcentrum.se\/karlskrona\/evenemang\/"},{"@type":"ListItem","position":3,"name":"Starta Eget M\u00e4ssa"}]},{"@type":"WebSite","@id":"https:\/\/nyforetagarcentrum.se\/karlskrona\/#website","url":"https:\/\/nyforetagarcentrum.se\/karlskrona\/","name":"Karlskrona","description":"Sveriges ledande kraft f\u00f6r fler nya livskraftiga f\u00f6retag","publisher":{"@id":"https:\/\/nyforetagarcentrum.se\/karlskrona\/#organization"},"potentialAction":[{"@type":"SearchAction","target":{"@type":"EntryPoint","urlTemplate":"https:\/\/nyforetagarcentrum.se\/karlskrona\/?s={search_term_string}"},"query-input":"required name=search_term_string"}],"inLanguage":"sv-SE"},{"@type":"Organization","@id":"https:\/\/nyforetagarcentrum.se\/karlskrona\/#organization","name":"Karlskrona","url":"https:\/\/nyforetagarcentrum.se\/karlskrona\/","logo":{"@type":"ImageObject","inLanguage":"sv-SE","@id":"https:\/\/nyforetagarcentrum.se\/karlskrona\/#\/schema\/logo\/image\/","url":"https:\/\/nyforetagarcentrum.se\/karlskrona\/wp-content\/uploads\/sites\/83\/2024\/07\/karlskrona_bla.png","contentUrl":"https:\/\/nyforetagarcentrum.se\/karlskrona\/wp-content\/uploads\/sites\/83\/2024\/07\/karlskrona_bla.png","width":870,"height":355,"caption":"Karlskrona"},"image":{"@id":"https:\/\/nyforetagarcentrum.se\/karlskrona\/#\/schema\/logo\/image\/"}}]}},"_links":{"self":[{"href":"https:\/\/nyforetagarcentrum.se\/karlskrona\/wp-json\/wp\/v2\/event\/1970"}],"collection":[{"href":"https:\/\/nyforetagarcentrum.se\/karlskrona\/wp-json\/wp\/v2\/event"}],"about":[{"href":"https:\/\/nyforetagarcentrum.se\/karlskrona\/wp-json\/wp\/v2\/types\/event"}],"version-history":[{"count":22,"href":"https:\/\/nyforetagarcentrum.se\/karlskrona\/wp-json\/wp\/v2\/event\/1970\/revisions"}],"predecessor-version":[{"id":3496,"href":"https:\/\/nyforetagarcentrum.se\/karlskrona\/wp-json\/wp\/v2\/event\/1970\/revisions\/3496"}],"wp:attachment":[{"href":"https:\/\/nyforetagarcentrum.se\/karlskrona\/wp-json\/wp\/v2\/media?parent=1970"}],"curies":[{"name":"wp","href":"https:\/\/api.w.org\/{rel}","templated":true}]}}