{"id":2232,"date":"2026-03-18T10:46:55","date_gmt":"2026-03-18T09:46:55","guid":{"rendered":"https:\/\/nyforetagarcentrum.se\/jonkoping\/?post_type=event&#038;p=2232"},"modified":"2026-03-18T10:49:49","modified_gmt":"2026-03-18T09:49:49","slug":"35-arsjubileum","status":"publish","type":"event","link":"https:\/\/nyforetagarcentrum.se\/jonkoping\/evenemang\/35-arsjubileum\/","title":{"rendered":"35-\u00e5rsjubileum"},"content":{"rendered":"\n<p>Varmt v\u00e4lkommen till v\u00e5rt 35-\u00e5rsjubileum!&nbsp;Vi bjuder in v\u00e5ra partners, mentorer,&nbsp;klienter och andra intresserade till en eftermiddag med fokus p\u00e5 nyf\u00f6retagande.<\/p>\n\n\n\n<p>Vi bjuder p\u00e5 fika. Vid eventuell specialkost var v\u00e4nlig maila emanuel.nilsson@nyforetagarcentrum.se<\/p>\n\n\n\n<p><strong>Plats<\/strong>: Barnarpsgatan 11, J\u00f6nk\u00f6ping (inne i Handelskammarens lokaler)<\/p>\n\n\n\n<p><strong>Tid<\/strong>: 27 maj kl 14.00-16.00<\/p>\n\n\n\n<p>Hoppas vi ses!<\/p>\n\n\n\n<p>\/ Anna, Emanuel, Pernilla och Kristian<\/p>\n\n\n\n<figure class=\"wp-block-image size-large\"><img loading=\"lazy\" decoding=\"async\" width=\"1024\" height=\"817\" src=\"https:\/\/nyforetagarcentrum.se\/jonkoping\/wp-content\/uploads\/sites\/52\/2025\/10\/nyforetagarcentrum-5-scaled-e1760362211635-1024x817.jpg\" alt=\"\" class=\"wp-image-2070\" srcset=\"https:\/\/nyforetagarcentrum.se\/jonkoping\/wp-content\/uploads\/sites\/52\/2025\/10\/nyforetagarcentrum-5-scaled-e1760362211635-1024x817.jpg 1024w, https:\/\/nyforetagarcentrum.se\/jonkoping\/wp-content\/uploads\/sites\/52\/2025\/10\/nyforetagarcentrum-5-scaled-e1760362211635-300x239.jpg 300w, https:\/\/nyforetagarcentrum.se\/jonkoping\/wp-content\/uploads\/sites\/52\/2025\/10\/nyforetagarcentrum-5-scaled-e1760362211635-768x613.jpg 768w, https:\/\/nyforetagarcentrum.se\/jonkoping\/wp-content\/uploads\/sites\/52\/2025\/10\/nyforetagarcentrum-5-scaled-e1760362211635-1536x1226.jpg 1536w, https:\/\/nyforetagarcentrum.se\/jonkoping\/wp-content\/uploads\/sites\/52\/2025\/10\/nyforetagarcentrum-5-scaled-e1760362211635-2048x1635.jpg 2048w, https:\/\/nyforetagarcentrum.se\/jonkoping\/wp-content\/uploads\/sites\/52\/2025\/10\/nyforetagarcentrum-5-scaled-e1760362211635-1353x1080.jpg 1353w\" sizes=\"(max-width: 1024px) 100vw, 1024px\" \/><\/figure>\n","protected":false},"template":"","meta":{"footnotes":""},"acf":[],"yoast_head":"<!-- This site is optimized with the Yoast SEO plugin v22.9 - https:\/\/yoast.com\/wordpress\/plugins\/seo\/ -->\n<title>Evenemang i J\u00f6nk\u00f6ping - Nyf\u00f6retagarCentrum<\/title>\n<meta name=\"description\" content=\"Uppt\u00e4ck kommande evenemang hos Nyf\u00f6retagarCentrum i J\u00f6nk\u00f6ping, utformade f\u00f6r att st\u00f6dja blivande och nya f\u00f6retagare. Delta i workshops, seminarier och n\u00e4tverkstr\u00e4ffar f\u00f6r att f\u00e5 v\u00e4rdefulla insikter och kontakter f\u00f6r din entrepren\u00f6rsresa. F\u00e5 information om datum, platser och hur du anm\u00e4ler dig.\" \/>\n<meta name=\"robots\" content=\"index, follow, max-snippet:-1, max-image-preview:large, max-video-preview:-1\" \/>\n<link rel=\"canonical\" href=\"https:\/\/nyforetagarcentrum.se\/jonkoping\/evenemang\/35-arsjubileum\/\" \/>\n<meta property=\"og:locale\" content=\"sv_SE\" \/>\n<meta property=\"og:type\" content=\"article\" \/>\n<meta property=\"og:title\" content=\"Evenemang i J\u00f6nk\u00f6ping - Nyf\u00f6retagarCentrum\" \/>\n<meta property=\"og:description\" content=\"Uppt\u00e4ck kommande evenemang hos Nyf\u00f6retagarCentrum i J\u00f6nk\u00f6ping, utformade f\u00f6r att st\u00f6dja blivande och nya f\u00f6retagare. Delta i workshops, seminarier och n\u00e4tverkstr\u00e4ffar f\u00f6r att f\u00e5 v\u00e4rdefulla insikter och kontakter f\u00f6r din entrepren\u00f6rsresa. F\u00e5 information om datum, platser och hur du anm\u00e4ler dig.\" \/>\n<meta property=\"og:url\" content=\"https:\/\/nyforetagarcentrum.se\/jonkoping\/evenemang\/35-arsjubileum\/\" \/>\n<meta property=\"og:site_name\" content=\"J\u00f6nk\u00f6ping\" \/>\n<meta property=\"article:modified_time\" content=\"2026-03-18T09:49:49+00:00\" \/>\n<meta property=\"og:image\" content=\"https:\/\/nyforetagarcentrum.se\/jonkoping\/wp-content\/uploads\/sites\/52\/2025\/10\/nyforetagarcentrum-5-scaled-e1760362211635-1024x817.jpg\" \/>\n<meta name=\"twitter:card\" content=\"summary_large_image\" \/>\n<meta name=\"twitter:label1\" content=\"Ber\u00e4knad l\u00e4stid\" \/>\n\t<meta name=\"twitter:data1\" content=\"1 minut\" \/>\n<script type=\"application\/ld+json\" class=\"yoast-schema-graph\">{\"@context\":\"https:\/\/schema.org\",\"@graph\":[{\"@type\":\"WebPage\",\"@id\":\"https:\/\/nyforetagarcentrum.se\/jonkoping\/evenemang\/35-arsjubileum\/\",\"url\":\"https:\/\/nyforetagarcentrum.se\/jonkoping\/evenemang\/35-arsjubileum\/\",\"name\":\"Evenemang i J\u00f6nk\u00f6ping - Nyf\u00f6retagarCentrum\",\"isPartOf\":{\"@id\":\"https:\/\/nyforetagarcentrum.se\/jonkoping\/#website\"},\"primaryImageOfPage\":{\"@id\":\"https:\/\/nyforetagarcentrum.se\/jonkoping\/evenemang\/35-arsjubileum\/#primaryimage\"},\"image\":{\"@id\":\"https:\/\/nyforetagarcentrum.se\/jonkoping\/evenemang\/35-arsjubileum\/#primaryimage\"},\"thumbnailUrl\":\"https:\/\/nyforetagarcentrum.se\/jonkoping\/wp-content\/uploads\/sites\/52\/2025\/10\/nyforetagarcentrum-5-scaled-e1760362211635-1024x817.jpg\",\"datePublished\":\"2026-03-18T09:46:55+00:00\",\"dateModified\":\"2026-03-18T09:49:49+00:00\",\"description\":\"Uppt\u00e4ck kommande evenemang hos Nyf\u00f6retagarCentrum i J\u00f6nk\u00f6ping, utformade f\u00f6r att st\u00f6dja blivande och nya f\u00f6retagare. Delta i workshops, seminarier och n\u00e4tverkstr\u00e4ffar f\u00f6r att f\u00e5 v\u00e4rdefulla insikter och kontakter f\u00f6r din entrepren\u00f6rsresa. F\u00e5 information om datum, platser och hur du anm\u00e4ler dig.\",\"breadcrumb\":{\"@id\":\"https:\/\/nyforetagarcentrum.se\/jonkoping\/evenemang\/35-arsjubileum\/#breadcrumb\"},\"inLanguage\":\"sv-SE\",\"potentialAction\":[{\"@type\":\"ReadAction\",\"target\":[\"https:\/\/nyforetagarcentrum.se\/jonkoping\/evenemang\/35-arsjubileum\/\"]}]},{\"@type\":\"ImageObject\",\"inLanguage\":\"sv-SE\",\"@id\":\"https:\/\/nyforetagarcentrum.se\/jonkoping\/evenemang\/35-arsjubileum\/#primaryimage\",\"url\":\"https:\/\/nyforetagarcentrum.se\/jonkoping\/wp-content\/uploads\/sites\/52\/2025\/10\/nyforetagarcentrum-5-scaled-e1760362211635.jpg\",\"contentUrl\":\"https:\/\/nyforetagarcentrum.se\/jonkoping\/wp-content\/uploads\/sites\/52\/2025\/10\/nyforetagarcentrum-5-scaled-e1760362211635.jpg\",\"width\":2137,\"height\":1706},{\"@type\":\"BreadcrumbList\",\"@id\":\"https:\/\/nyforetagarcentrum.se\/jonkoping\/evenemang\/35-arsjubileum\/#breadcrumb\",\"itemListElement\":[{\"@type\":\"ListItem\",\"position\":1,\"name\":\"Hem\",\"item\":\"https:\/\/nyforetagarcentrum.se\/jonkoping\/\"},{\"@type\":\"ListItem\",\"position\":2,\"name\":\"Evenemang\",\"item\":\"https:\/\/nyforetagarcentrum.se\/jonkoping\/evenemang\/\"},{\"@type\":\"ListItem\",\"position\":3,\"name\":\"35-\u00e5rsjubileum\"}]},{\"@type\":\"WebSite\",\"@id\":\"https:\/\/nyforetagarcentrum.se\/jonkoping\/#website\",\"url\":\"https:\/\/nyforetagarcentrum.se\/jonkoping\/\",\"name\":\"J\u00f6nk\u00f6ping\",\"description\":\"Sveriges ledande kraft f\u00f6r fler nya livskraftiga f\u00f6retag\",\"publisher\":{\"@id\":\"https:\/\/nyforetagarcentrum.se\/jonkoping\/#organization\"},\"potentialAction\":[{\"@type\":\"SearchAction\",\"target\":{\"@type\":\"EntryPoint\",\"urlTemplate\":\"https:\/\/nyforetagarcentrum.se\/jonkoping\/?s={search_term_string}\"},\"query-input\":\"required name=search_term_string\"}],\"inLanguage\":\"sv-SE\"},{\"@type\":\"Organization\",\"@id\":\"https:\/\/nyforetagarcentrum.se\/jonkoping\/#organization\",\"name\":\"J\u00f6nk\u00f6ping\",\"url\":\"https:\/\/nyforetagarcentrum.se\/jonkoping\/\",\"logo\":{\"@type\":\"ImageObject\",\"inLanguage\":\"sv-SE\",\"@id\":\"https:\/\/nyforetagarcentrum.se\/jonkoping\/#\/schema\/logo\/image\/\",\"url\":\"https:\/\/nyforetagarcentrum.se\/jonkoping\/wp-content\/uploads\/sites\/52\/2024\/07\/jonkoping_bla-1.png\",\"contentUrl\":\"https:\/\/nyforetagarcentrum.se\/jonkoping\/wp-content\/uploads\/sites\/52\/2024\/07\/jonkoping_bla-1.png\",\"width\":870,\"height\":355,\"caption\":\"J\u00f6nk\u00f6ping\"},\"image\":{\"@id\":\"https:\/\/nyforetagarcentrum.se\/jonkoping\/#\/schema\/logo\/image\/\"}}]}<\/script>\n<!-- \/ Yoast SEO plugin. -->","yoast_head_json":{"title":"Evenemang i J\u00f6nk\u00f6ping - Nyf\u00f6retagarCentrum","description":"Uppt\u00e4ck kommande evenemang hos Nyf\u00f6retagarCentrum i J\u00f6nk\u00f6ping, utformade f\u00f6r att st\u00f6dja blivande och nya f\u00f6retagare. Delta i workshops, seminarier och n\u00e4tverkstr\u00e4ffar f\u00f6r att f\u00e5 v\u00e4rdefulla insikter och kontakter f\u00f6r din entrepren\u00f6rsresa. F\u00e5 information om datum, platser och hur du anm\u00e4ler dig.","robots":{"index":"index","follow":"follow","max-snippet":"max-snippet:-1","max-image-preview":"max-image-preview:large","max-video-preview":"max-video-preview:-1"},"canonical":"https:\/\/nyforetagarcentrum.se\/jonkoping\/evenemang\/35-arsjubileum\/","og_locale":"sv_SE","og_type":"article","og_title":"Evenemang i J\u00f6nk\u00f6ping - Nyf\u00f6retagarCentrum","og_description":"Uppt\u00e4ck kommande evenemang hos Nyf\u00f6retagarCentrum i J\u00f6nk\u00f6ping, utformade f\u00f6r att st\u00f6dja blivande och nya f\u00f6retagare. Delta i workshops, seminarier och n\u00e4tverkstr\u00e4ffar f\u00f6r att f\u00e5 v\u00e4rdefulla insikter och kontakter f\u00f6r din entrepren\u00f6rsresa. F\u00e5 information om datum, platser och hur du anm\u00e4ler dig.","og_url":"https:\/\/nyforetagarcentrum.se\/jonkoping\/evenemang\/35-arsjubileum\/","og_site_name":"J\u00f6nk\u00f6ping","article_modified_time":"2026-03-18T09:49:49+00:00","og_image":[{"url":"https:\/\/nyforetagarcentrum.se\/jonkoping\/wp-content\/uploads\/sites\/52\/2025\/10\/nyforetagarcentrum-5-scaled-e1760362211635-1024x817.jpg"}],"twitter_card":"summary_large_image","twitter_misc":{"Ber\u00e4knad l\u00e4stid":"1 minut"},"schema":{"@context":"https:\/\/schema.org","@graph":[{"@type":"WebPage","@id":"https:\/\/nyforetagarcentrum.se\/jonkoping\/evenemang\/35-arsjubileum\/","url":"https:\/\/nyforetagarcentrum.se\/jonkoping\/evenemang\/35-arsjubileum\/","name":"Evenemang i J\u00f6nk\u00f6ping - Nyf\u00f6retagarCentrum","isPartOf":{"@id":"https:\/\/nyforetagarcentrum.se\/jonkoping\/#website"},"primaryImageOfPage":{"@id":"https:\/\/nyforetagarcentrum.se\/jonkoping\/evenemang\/35-arsjubileum\/#primaryimage"},"image":{"@id":"https:\/\/nyforetagarcentrum.se\/jonkoping\/evenemang\/35-arsjubileum\/#primaryimage"},"thumbnailUrl":"https:\/\/nyforetagarcentrum.se\/jonkoping\/wp-content\/uploads\/sites\/52\/2025\/10\/nyforetagarcentrum-5-scaled-e1760362211635-1024x817.jpg","datePublished":"2026-03-18T09:46:55+00:00","dateModified":"2026-03-18T09:49:49+00:00","description":"Uppt\u00e4ck kommande evenemang hos Nyf\u00f6retagarCentrum i J\u00f6nk\u00f6ping, utformade f\u00f6r att st\u00f6dja blivande och nya f\u00f6retagare. Delta i workshops, seminarier och n\u00e4tverkstr\u00e4ffar f\u00f6r att f\u00e5 v\u00e4rdefulla insikter och kontakter f\u00f6r din entrepren\u00f6rsresa. F\u00e5 information om datum, platser och hur du anm\u00e4ler dig.","breadcrumb":{"@id":"https:\/\/nyforetagarcentrum.se\/jonkoping\/evenemang\/35-arsjubileum\/#breadcrumb"},"inLanguage":"sv-SE","potentialAction":[{"@type":"ReadAction","target":["https:\/\/nyforetagarcentrum.se\/jonkoping\/evenemang\/35-arsjubileum\/"]}]},{"@type":"ImageObject","inLanguage":"sv-SE","@id":"https:\/\/nyforetagarcentrum.se\/jonkoping\/evenemang\/35-arsjubileum\/#primaryimage","url":"https:\/\/nyforetagarcentrum.se\/jonkoping\/wp-content\/uploads\/sites\/52\/2025\/10\/nyforetagarcentrum-5-scaled-e1760362211635.jpg","contentUrl":"https:\/\/nyforetagarcentrum.se\/jonkoping\/wp-content\/uploads\/sites\/52\/2025\/10\/nyforetagarcentrum-5-scaled-e1760362211635.jpg","width":2137,"height":1706},{"@type":"BreadcrumbList","@id":"https:\/\/nyforetagarcentrum.se\/jonkoping\/evenemang\/35-arsjubileum\/#breadcrumb","itemListElement":[{"@type":"ListItem","position":1,"name":"Hem","item":"https:\/\/nyforetagarcentrum.se\/jonkoping\/"},{"@type":"ListItem","position":2,"name":"Evenemang","item":"https:\/\/nyforetagarcentrum.se\/jonkoping\/evenemang\/"},{"@type":"ListItem","position":3,"name":"35-\u00e5rsjubileum"}]},{"@type":"WebSite","@id":"https:\/\/nyforetagarcentrum.se\/jonkoping\/#website","url":"https:\/\/nyforetagarcentrum.se\/jonkoping\/","name":"J\u00f6nk\u00f6ping","description":"Sveriges ledande kraft f\u00f6r fler nya livskraftiga f\u00f6retag","publisher":{"@id":"https:\/\/nyforetagarcentrum.se\/jonkoping\/#organization"},"potentialAction":[{"@type":"SearchAction","target":{"@type":"EntryPoint","urlTemplate":"https:\/\/nyforetagarcentrum.se\/jonkoping\/?s={search_term_string}"},"query-input":"required name=search_term_string"}],"inLanguage":"sv-SE"},{"@type":"Organization","@id":"https:\/\/nyforetagarcentrum.se\/jonkoping\/#organization","name":"J\u00f6nk\u00f6ping","url":"https:\/\/nyforetagarcentrum.se\/jonkoping\/","logo":{"@type":"ImageObject","inLanguage":"sv-SE","@id":"https:\/\/nyforetagarcentrum.se\/jonkoping\/#\/schema\/logo\/image\/","url":"https:\/\/nyforetagarcentrum.se\/jonkoping\/wp-content\/uploads\/sites\/52\/2024\/07\/jonkoping_bla-1.png","contentUrl":"https:\/\/nyforetagarcentrum.se\/jonkoping\/wp-content\/uploads\/sites\/52\/2024\/07\/jonkoping_bla-1.png","width":870,"height":355,"caption":"J\u00f6nk\u00f6ping"},"image":{"@id":"https:\/\/nyforetagarcentrum.se\/jonkoping\/#\/schema\/logo\/image\/"}}]}},"_links":{"self":[{"href":"https:\/\/nyforetagarcentrum.se\/jonkoping\/wp-json\/wp\/v2\/event\/2232"}],"collection":[{"href":"https:\/\/nyforetagarcentrum.se\/jonkoping\/wp-json\/wp\/v2\/event"}],"about":[{"href":"https:\/\/nyforetagarcentrum.se\/jonkoping\/wp-json\/wp\/v2\/types\/event"}],"version-history":[{"count":8,"href":"https:\/\/nyforetagarcentrum.se\/jonkoping\/wp-json\/wp\/v2\/event\/2232\/revisions"}],"predecessor-version":[{"id":2242,"href":"https:\/\/nyforetagarcentrum.se\/jonkoping\/wp-json\/wp\/v2\/event\/2232\/revisions\/2242"}],"wp:attachment":[{"href":"https:\/\/nyforetagarcentrum.se\/jonkoping\/wp-json\/wp\/v2\/media?parent=2232"}],"curies":[{"name":"wp","href":"https:\/\/api.w.org\/{rel}","templated":true}]}}