{"id":1841,"date":"2025-04-16T15:14:45","date_gmt":"2025-04-16T13:14:45","guid":{"rendered":"https:\/\/nyforetagarcentrum.se\/jonkoping\/?post_type=event&#038;p=1841"},"modified":"2026-09-03T15:26:44","modified_gmt":"2026-09-03T13:26:44","slug":"infomote-mentorprogrammet-2","status":"publish","type":"event","link":"https:\/\/nyforetagarcentrum.se\/jonkoping\/evenemang\/infomote-mentorprogrammet-2\/","title":{"rendered":"Infom\u00f6te mentorprogrammet"},"content":{"rendered":"\n<div class=\"wp-block-columns is-layout-flex wp-container-core-columns-is-layout-1 wp-block-columns-is-layout-flex\">\n<div class=\"wp-block-column is-layout-flow wp-block-column-is-layout-flow\">\n<figure class=\"wp-block-image size-large\"><img loading=\"lazy\" decoding=\"async\" width=\"1024\" height=\"613\" src=\"https:\/\/nyforetagarcentrum.se\/jonkoping\/wp-content\/uploads\/sites\/52\/2025\/04\/Stefan-Erixson-och-Karim-Taha-1163x696-1-2-1024x613.jpeg\" alt=\"\" class=\"wp-image-1850\" srcset=\"https:\/\/nyforetagarcentrum.se\/jonkoping\/wp-content\/uploads\/sites\/52\/2025\/04\/Stefan-Erixson-och-Karim-Taha-1163x696-1-2-1024x613.jpeg 1024w, https:\/\/nyforetagarcentrum.se\/jonkoping\/wp-content\/uploads\/sites\/52\/2025\/04\/Stefan-Erixson-och-Karim-Taha-1163x696-1-2-300x180.jpeg 300w, https:\/\/nyforetagarcentrum.se\/jonkoping\/wp-content\/uploads\/sites\/52\/2025\/04\/Stefan-Erixson-och-Karim-Taha-1163x696-1-2-768x460.jpeg 768w, https:\/\/nyforetagarcentrum.se\/jonkoping\/wp-content\/uploads\/sites\/52\/2025\/04\/Stefan-Erixson-och-Karim-Taha-1163x696-1-2.jpeg 1163w\" sizes=\"(max-width: 1024px) 100vw, 1024px\" \/><\/figure>\n<\/div>\n\n\n\n<div class=\"wp-block-column is-layout-flow wp-block-column-is-layout-flow\">\n<figure class=\"wp-block-image size-full\"><img loading=\"lazy\" decoding=\"async\" width=\"480\" height=\"270\" src=\"https:\/\/nyforetagarcentrum.se\/jonkoping\/wp-content\/uploads\/sites\/52\/2025\/08\/Maya-och-Kicki-sommaren-2023-edited.jpg\" alt=\"\" class=\"wp-image-1916\" srcset=\"https:\/\/nyforetagarcentrum.se\/jonkoping\/wp-content\/uploads\/sites\/52\/2025\/08\/Maya-och-Kicki-sommaren-2023-edited.jpg 480w, https:\/\/nyforetagarcentrum.se\/jonkoping\/wp-content\/uploads\/sites\/52\/2025\/08\/Maya-och-Kicki-sommaren-2023-edited-300x169.jpg 300w\" sizes=\"(max-width: 480px) 100vw, 480px\" \/><\/figure>\n<\/div>\n<\/div>\n\n\n\n<p><strong>Ny omg\u00e5ng av mentorprogrammet! (kostnadsfritt)<\/strong><\/p>\n\n\n\n<p>Har du precis startat f\u00f6retag? \u00c4r du driven och vill utveckla och v\u00e4xa ditt f\u00f6retag? Vill du f\u00e5 extra st\u00f6d fr\u00e5n en oberoende person och n\u00e5gon att bolla med? D\u00e5 \u00e4r mentorprogrammet n\u00e5got f\u00f6r dig.&nbsp;<\/p>\n\n\n\n<p>Informationsm\u00f6te \u00e4r inplanerat:<\/p>\n\n\n\n<p class=\"has-medium-font-size\"><strong>21 sep kl 17.00-18.00<\/strong><\/p>\n\n\n\n<p><a href=\"https:\/\/nyforetagarcentrum.se\/jonkoping\/mentor\/\" target=\"_blank\" rel=\"noreferrer noopener\">Mer info att l\u00e4sa.<\/a><\/p>\n\n\n\n<div class=\"wp-block-columns is-layout-flex wp-container-core-columns-is-layout-2 wp-block-columns-is-layout-flex\">\n<div class=\"wp-block-column is-layout-flow wp-block-column-is-layout-flow\"><\/div>\n\n\n\n<div class=\"wp-block-column is-layout-flow wp-block-column-is-layout-flow\"><\/div>\n<\/div>\n","protected":false},"template":"","meta":{"footnotes":""},"acf":[],"yoast_head":"<!-- This site is optimized with the Yoast SEO plugin v22.9 - https:\/\/yoast.com\/wordpress\/plugins\/seo\/ -->\n<title>Evenemang i J\u00f6nk\u00f6ping - Nyf\u00f6retagarCentrum<\/title>\n<meta name=\"description\" content=\"Uppt\u00e4ck kommande evenemang hos Nyf\u00f6retagarCentrum i J\u00f6nk\u00f6ping, utformade f\u00f6r att st\u00f6dja blivande och nya f\u00f6retagare. Delta i workshops, seminarier och n\u00e4tverkstr\u00e4ffar f\u00f6r att f\u00e5 v\u00e4rdefulla insikter och kontakter f\u00f6r din entrepren\u00f6rsresa. F\u00e5 information om datum, platser och hur du anm\u00e4ler dig.\" \/>\n<meta name=\"robots\" content=\"index, follow, max-snippet:-1, max-image-preview:large, max-video-preview:-1\" \/>\n<link rel=\"canonical\" href=\"https:\/\/nyforetagarcentrum.se\/jonkoping\/evenemang\/infomote-mentorprogrammet-2\/\" \/>\n<meta property=\"og:locale\" content=\"sv_SE\" \/>\n<meta property=\"og:type\" content=\"article\" \/>\n<meta property=\"og:title\" content=\"Evenemang i J\u00f6nk\u00f6ping - Nyf\u00f6retagarCentrum\" \/>\n<meta property=\"og:description\" content=\"Uppt\u00e4ck kommande evenemang hos Nyf\u00f6retagarCentrum i J\u00f6nk\u00f6ping, utformade f\u00f6r att st\u00f6dja blivande och nya f\u00f6retagare. Delta i workshops, seminarier och n\u00e4tverkstr\u00e4ffar f\u00f6r att f\u00e5 v\u00e4rdefulla insikter och kontakter f\u00f6r din entrepren\u00f6rsresa. F\u00e5 information om datum, platser och hur du anm\u00e4ler dig.\" \/>\n<meta property=\"og:url\" content=\"https:\/\/nyforetagarcentrum.se\/jonkoping\/evenemang\/infomote-mentorprogrammet-2\/\" \/>\n<meta property=\"og:site_name\" content=\"J\u00f6nk\u00f6ping\" \/>\n<meta property=\"article:modified_time\" content=\"2026-09-03T13:26:44+00:00\" \/>\n<meta property=\"og:image\" content=\"https:\/\/nyforetagarcentrum.se\/jonkoping\/wp-content\/uploads\/sites\/52\/2025\/04\/Stefan-Erixson-och-Karim-Taha-1163x696-1-2-1024x613.jpeg\" \/>\n<meta name=\"twitter:card\" content=\"summary_large_image\" \/>\n<meta name=\"twitter:label1\" content=\"Ber\u00e4knad l\u00e4stid\" \/>\n\t<meta name=\"twitter:data1\" content=\"1 minut\" \/>\n<script type=\"application\/ld+json\" class=\"yoast-schema-graph\">{\"@context\":\"https:\/\/schema.org\",\"@graph\":[{\"@type\":\"WebPage\",\"@id\":\"https:\/\/nyforetagarcentrum.se\/jonkoping\/evenemang\/infomote-mentorprogrammet-2\/\",\"url\":\"https:\/\/nyforetagarcentrum.se\/jonkoping\/evenemang\/infomote-mentorprogrammet-2\/\",\"name\":\"Evenemang i J\u00f6nk\u00f6ping - Nyf\u00f6retagarCentrum\",\"isPartOf\":{\"@id\":\"https:\/\/nyforetagarcentrum.se\/jonkoping\/#website\"},\"primaryImageOfPage\":{\"@id\":\"https:\/\/nyforetagarcentrum.se\/jonkoping\/evenemang\/infomote-mentorprogrammet-2\/#primaryimage\"},\"image\":{\"@id\":\"https:\/\/nyforetagarcentrum.se\/jonkoping\/evenemang\/infomote-mentorprogrammet-2\/#primaryimage\"},\"thumbnailUrl\":\"https:\/\/nyforetagarcentrum.se\/jonkoping\/wp-content\/uploads\/sites\/52\/2025\/04\/Stefan-Erixson-och-Karim-Taha-1163x696-1-2-1024x613.jpeg\",\"datePublished\":\"2025-04-16T13:14:45+00:00\",\"dateModified\":\"2026-09-03T13:26:44+00:00\",\"description\":\"Uppt\u00e4ck kommande evenemang hos Nyf\u00f6retagarCentrum i J\u00f6nk\u00f6ping, utformade f\u00f6r att st\u00f6dja blivande och nya f\u00f6retagare. Delta i workshops, seminarier och n\u00e4tverkstr\u00e4ffar f\u00f6r att f\u00e5 v\u00e4rdefulla insikter och kontakter f\u00f6r din entrepren\u00f6rsresa. F\u00e5 information om datum, platser och hur du anm\u00e4ler dig.\",\"breadcrumb\":{\"@id\":\"https:\/\/nyforetagarcentrum.se\/jonkoping\/evenemang\/infomote-mentorprogrammet-2\/#breadcrumb\"},\"inLanguage\":\"sv-SE\",\"potentialAction\":[{\"@type\":\"ReadAction\",\"target\":[\"https:\/\/nyforetagarcentrum.se\/jonkoping\/evenemang\/infomote-mentorprogrammet-2\/\"]}]},{\"@type\":\"ImageObject\",\"inLanguage\":\"sv-SE\",\"@id\":\"https:\/\/nyforetagarcentrum.se\/jonkoping\/evenemang\/infomote-mentorprogrammet-2\/#primaryimage\",\"url\":\"https:\/\/nyforetagarcentrum.se\/jonkoping\/wp-content\/uploads\/sites\/52\/2025\/04\/Stefan-Erixson-och-Karim-Taha-1163x696-1-2.jpeg\",\"contentUrl\":\"https:\/\/nyforetagarcentrum.se\/jonkoping\/wp-content\/uploads\/sites\/52\/2025\/04\/Stefan-Erixson-och-Karim-Taha-1163x696-1-2.jpeg\",\"width\":1163,\"height\":696},{\"@type\":\"BreadcrumbList\",\"@id\":\"https:\/\/nyforetagarcentrum.se\/jonkoping\/evenemang\/infomote-mentorprogrammet-2\/#breadcrumb\",\"itemListElement\":[{\"@type\":\"ListItem\",\"position\":1,\"name\":\"Hem\",\"item\":\"https:\/\/nyforetagarcentrum.se\/jonkoping\/\"},{\"@type\":\"ListItem\",\"position\":2,\"name\":\"Evenemang\",\"item\":\"https:\/\/nyforetagarcentrum.se\/jonkoping\/evenemang\/\"},{\"@type\":\"ListItem\",\"position\":3,\"name\":\"Infom\u00f6te mentorprogrammet\"}]},{\"@type\":\"WebSite\",\"@id\":\"https:\/\/nyforetagarcentrum.se\/jonkoping\/#website\",\"url\":\"https:\/\/nyforetagarcentrum.se\/jonkoping\/\",\"name\":\"J\u00f6nk\u00f6ping\",\"description\":\"Sveriges ledande kraft f\u00f6r fler nya livskraftiga f\u00f6retag\",\"publisher\":{\"@id\":\"https:\/\/nyforetagarcentrum.se\/jonkoping\/#organization\"},\"potentialAction\":[{\"@type\":\"SearchAction\",\"target\":{\"@type\":\"EntryPoint\",\"urlTemplate\":\"https:\/\/nyforetagarcentrum.se\/jonkoping\/?s={search_term_string}\"},\"query-input\":\"required name=search_term_string\"}],\"inLanguage\":\"sv-SE\"},{\"@type\":\"Organization\",\"@id\":\"https:\/\/nyforetagarcentrum.se\/jonkoping\/#organization\",\"name\":\"J\u00f6nk\u00f6ping\",\"url\":\"https:\/\/nyforetagarcentrum.se\/jonkoping\/\",\"logo\":{\"@type\":\"ImageObject\",\"inLanguage\":\"sv-SE\",\"@id\":\"https:\/\/nyforetagarcentrum.se\/jonkoping\/#\/schema\/logo\/image\/\",\"url\":\"https:\/\/nyforetagarcentrum.se\/jonkoping\/wp-content\/uploads\/sites\/52\/2024\/07\/jonkoping_bla.png\",\"contentUrl\":\"https:\/\/nyforetagarcentrum.se\/jonkoping\/wp-content\/uploads\/sites\/52\/2024\/07\/jonkoping_bla.png\",\"width\":870,\"height\":421,\"caption\":\"J\u00f6nk\u00f6ping\"},\"image\":{\"@id\":\"https:\/\/nyforetagarcentrum.se\/jonkoping\/#\/schema\/logo\/image\/\"}}]}<\/script>\n<!-- \/ Yoast SEO plugin. -->","yoast_head_json":{"title":"Evenemang i J\u00f6nk\u00f6ping - Nyf\u00f6retagarCentrum","description":"Uppt\u00e4ck kommande evenemang hos Nyf\u00f6retagarCentrum i J\u00f6nk\u00f6ping, utformade f\u00f6r att st\u00f6dja blivande och nya f\u00f6retagare. Delta i workshops, seminarier och n\u00e4tverkstr\u00e4ffar f\u00f6r att f\u00e5 v\u00e4rdefulla insikter och kontakter f\u00f6r din entrepren\u00f6rsresa. F\u00e5 information om datum, platser och hur du anm\u00e4ler dig.","robots":{"index":"index","follow":"follow","max-snippet":"max-snippet:-1","max-image-preview":"max-image-preview:large","max-video-preview":"max-video-preview:-1"},"canonical":"https:\/\/nyforetagarcentrum.se\/jonkoping\/evenemang\/infomote-mentorprogrammet-2\/","og_locale":"sv_SE","og_type":"article","og_title":"Evenemang i J\u00f6nk\u00f6ping - Nyf\u00f6retagarCentrum","og_description":"Uppt\u00e4ck kommande evenemang hos Nyf\u00f6retagarCentrum i J\u00f6nk\u00f6ping, utformade f\u00f6r att st\u00f6dja blivande och nya f\u00f6retagare. Delta i workshops, seminarier och n\u00e4tverkstr\u00e4ffar f\u00f6r att f\u00e5 v\u00e4rdefulla insikter och kontakter f\u00f6r din entrepren\u00f6rsresa. F\u00e5 information om datum, platser och hur du anm\u00e4ler dig.","og_url":"https:\/\/nyforetagarcentrum.se\/jonkoping\/evenemang\/infomote-mentorprogrammet-2\/","og_site_name":"J\u00f6nk\u00f6ping","article_modified_time":"2026-09-03T13:26:44+00:00","og_image":[{"url":"https:\/\/nyforetagarcentrum.se\/jonkoping\/wp-content\/uploads\/sites\/52\/2025\/04\/Stefan-Erixson-och-Karim-Taha-1163x696-1-2-1024x613.jpeg"}],"twitter_card":"summary_large_image","twitter_misc":{"Ber\u00e4knad l\u00e4stid":"1 minut"},"schema":{"@context":"https:\/\/schema.org","@graph":[{"@type":"WebPage","@id":"https:\/\/nyforetagarcentrum.se\/jonkoping\/evenemang\/infomote-mentorprogrammet-2\/","url":"https:\/\/nyforetagarcentrum.se\/jonkoping\/evenemang\/infomote-mentorprogrammet-2\/","name":"Evenemang i J\u00f6nk\u00f6ping - Nyf\u00f6retagarCentrum","isPartOf":{"@id":"https:\/\/nyforetagarcentrum.se\/jonkoping\/#website"},"primaryImageOfPage":{"@id":"https:\/\/nyforetagarcentrum.se\/jonkoping\/evenemang\/infomote-mentorprogrammet-2\/#primaryimage"},"image":{"@id":"https:\/\/nyforetagarcentrum.se\/jonkoping\/evenemang\/infomote-mentorprogrammet-2\/#primaryimage"},"thumbnailUrl":"https:\/\/nyforetagarcentrum.se\/jonkoping\/wp-content\/uploads\/sites\/52\/2025\/04\/Stefan-Erixson-och-Karim-Taha-1163x696-1-2-1024x613.jpeg","datePublished":"2025-04-16T13:14:45+00:00","dateModified":"2026-09-03T13:26:44+00:00","description":"Uppt\u00e4ck kommande evenemang hos Nyf\u00f6retagarCentrum i J\u00f6nk\u00f6ping, utformade f\u00f6r att st\u00f6dja blivande och nya f\u00f6retagare. Delta i workshops, seminarier och n\u00e4tverkstr\u00e4ffar f\u00f6r att f\u00e5 v\u00e4rdefulla insikter och kontakter f\u00f6r din entrepren\u00f6rsresa. F\u00e5 information om datum, platser och hur du anm\u00e4ler dig.","breadcrumb":{"@id":"https:\/\/nyforetagarcentrum.se\/jonkoping\/evenemang\/infomote-mentorprogrammet-2\/#breadcrumb"},"inLanguage":"sv-SE","potentialAction":[{"@type":"ReadAction","target":["https:\/\/nyforetagarcentrum.se\/jonkoping\/evenemang\/infomote-mentorprogrammet-2\/"]}]},{"@type":"ImageObject","inLanguage":"sv-SE","@id":"https:\/\/nyforetagarcentrum.se\/jonkoping\/evenemang\/infomote-mentorprogrammet-2\/#primaryimage","url":"https:\/\/nyforetagarcentrum.se\/jonkoping\/wp-content\/uploads\/sites\/52\/2025\/04\/Stefan-Erixson-och-Karim-Taha-1163x696-1-2.jpeg","contentUrl":"https:\/\/nyforetagarcentrum.se\/jonkoping\/wp-content\/uploads\/sites\/52\/2025\/04\/Stefan-Erixson-och-Karim-Taha-1163x696-1-2.jpeg","width":1163,"height":696},{"@type":"BreadcrumbList","@id":"https:\/\/nyforetagarcentrum.se\/jonkoping\/evenemang\/infomote-mentorprogrammet-2\/#breadcrumb","itemListElement":[{"@type":"ListItem","position":1,"name":"Hem","item":"https:\/\/nyforetagarcentrum.se\/jonkoping\/"},{"@type":"ListItem","position":2,"name":"Evenemang","item":"https:\/\/nyforetagarcentrum.se\/jonkoping\/evenemang\/"},{"@type":"ListItem","position":3,"name":"Infom\u00f6te mentorprogrammet"}]},{"@type":"WebSite","@id":"https:\/\/nyforetagarcentrum.se\/jonkoping\/#website","url":"https:\/\/nyforetagarcentrum.se\/jonkoping\/","name":"J\u00f6nk\u00f6ping","description":"Sveriges ledande kraft f\u00f6r fler nya livskraftiga f\u00f6retag","publisher":{"@id":"https:\/\/nyforetagarcentrum.se\/jonkoping\/#organization"},"potentialAction":[{"@type":"SearchAction","target":{"@type":"EntryPoint","urlTemplate":"https:\/\/nyforetagarcentrum.se\/jonkoping\/?s={search_term_string}"},"query-input":"required name=search_term_string"}],"inLanguage":"sv-SE"},{"@type":"Organization","@id":"https:\/\/nyforetagarcentrum.se\/jonkoping\/#organization","name":"J\u00f6nk\u00f6ping","url":"https:\/\/nyforetagarcentrum.se\/jonkoping\/","logo":{"@type":"ImageObject","inLanguage":"sv-SE","@id":"https:\/\/nyforetagarcentrum.se\/jonkoping\/#\/schema\/logo\/image\/","url":"https:\/\/nyforetagarcentrum.se\/jonkoping\/wp-content\/uploads\/sites\/52\/2024\/07\/jonkoping_bla.png","contentUrl":"https:\/\/nyforetagarcentrum.se\/jonkoping\/wp-content\/uploads\/sites\/52\/2024\/07\/jonkoping_bla.png","width":870,"height":421,"caption":"J\u00f6nk\u00f6ping"},"image":{"@id":"https:\/\/nyforetagarcentrum.se\/jonkoping\/#\/schema\/logo\/image\/"}}]}},"_links":{"self":[{"href":"https:\/\/nyforetagarcentrum.se\/jonkoping\/wp-json\/wp\/v2\/event\/1841"}],"collection":[{"href":"https:\/\/nyforetagarcentrum.se\/jonkoping\/wp-json\/wp\/v2\/event"}],"about":[{"href":"https:\/\/nyforetagarcentrum.se\/jonkoping\/wp-json\/wp\/v2\/types\/event"}],"version-history":[{"count":11,"href":"https:\/\/nyforetagarcentrum.se\/jonkoping\/wp-json\/wp\/v2\/event\/1841\/revisions"}],"predecessor-version":[{"id":2369,"href":"https:\/\/nyforetagarcentrum.se\/jonkoping\/wp-json\/wp\/v2\/event\/1841\/revisions\/2369"}],"wp:attachment":[{"href":"https:\/\/nyforetagarcentrum.se\/jonkoping\/wp-json\/wp\/v2\/media?parent=1841"}],"curies":[{"name":"wp","href":"https:\/\/api.w.org\/{rel}","templated":true}]}}