{"id":1016,"date":"2026-04-17T09:58:30","date_gmt":"2026-04-17T07:58:30","guid":{"rendered":"https:\/\/nyforetagarcentrum.se\/goteborgsregionen\/?post_type=event&#038;p=1016"},"modified":"2026-04-17T10:02:20","modified_gmt":"2026-04-17T08:02:20","slug":"fa-fart-pa-din-foretagsstart","status":"publish","type":"event","link":"https:\/\/nyforetagarcentrum.se\/goteborgsregionen\/evenemang\/fa-fart-pa-din-foretagsstart\/","title":{"rendered":"F\u00e5 fart p\u00e5 din f\u00f6retagsstart!"},"content":{"rendered":"\n<p>Nyf\u00f6retagarCentrum G\u00f6teborgsregionen bjuder tillsammans med SEB, Spiris och SpeedLedger in till en inspirerande eftermiddag f\u00f6r dig som vill komma ig\u00e5ng snabbare med ditt f\u00f6retagande!<\/p>\n\n\n\n<p>\ud83d\udcc5 4 maj<br>\ud83d\udd53 Kl. 16.00\u201318.30<br>\ud83d\udccd SEB Nordstan, \u00d6stra Hamngatan 24<\/p>\n\n\n\n<p>Under eventet f\u00e5r du konkreta tips, smarta verktyg och inspiration fr\u00e5n f\u00f6retagare och experter som vet vad som kr\u00e4vs f\u00f6r att g\u00f6ra starten b\u00e5de enklare och tryggare.<\/p>\n\n\n\n<p><strong>Program<\/strong><\/p>\n\n\n\n<p><strong>12 tips f\u00f6r en snabbare start<\/strong><br>Spiris och SpeedLedger delar sina b\u00e4sta r\u00e5d f\u00f6r dig som \u00e4r i b\u00f6rjan av din f\u00f6retagsresa. Du f\u00e5r 12 konkreta tips som hj\u00e4lper dig att komma ig\u00e5ng snabbare och undvika vanliga misstag.<\/p>\n\n\n\n<p><strong>S\u00e5 enkelt blir bokf\u00f6ringen med bankkoppling<\/strong><br>Spiris och SpeedLedger visar hur enkelt det \u00e4r att sk\u00f6ta bokf\u00f6ringen med smart bankkoppling och automatisk hantering. De ber\u00e4ttar ocks\u00e5 om erbjudanden f\u00f6r nystartade f\u00f6retag, guider och st\u00f6d som g\u00f6r det l\u00e4ttare att komma ig\u00e5ng.<\/p>\n\n\n\n<p><strong>Hur hj\u00e4lper SEB nystartade sm\u00e5f\u00f6retag?<\/strong><br>SEB ber\u00e4ttar hur banken st\u00f6ttar nya f\u00f6retagare och visar hur smart bankkoppling kan f\u00f6renkla vardagen och skapa automatisk bokf\u00f6ring fr\u00e5n start.<\/p>\n\n\n\n<p><strong>\u201cCreativity isn\u2019t a talent \u2014 it\u2019s a state. What neuroscience can teach us\u201d<\/strong> Ines Nystr\u00f6m Renouf&nbsp;fr\u00e5n Shine&nbsp;with&nbsp;Ines, en av Nyf\u00f6retagarCentrums&nbsp;f\u00f6retagare och deltagare i v\u00e5rt mentorprogram, ger en inspirerande inblick i hur&nbsp;<em>kreativitet fungerar p\u00e5 hj\u00e4rn- och nervsystemsniv\u00e5 och hur vi kan skapa milj\u00f6er och relationer som fr\u00e4mjar innovationst\u00e4nk&nbsp;inom f\u00f6retagskultur<\/em><\/p>\n","protected":false},"template":"","meta":{"footnotes":""},"acf":[],"yoast_head":"<!-- This site is optimized with the Yoast SEO plugin v22.9 - https:\/\/yoast.com\/wordpress\/plugins\/seo\/ -->\n<title>https:\/\/nyforetagarcentrum.se\/goteborgsregionen\/evenemang\/<\/title>\n<meta name=\"description\" content=\"Nyf\u00f6retagarcentrum G\u00f6teborgsregionen arrangerar inspirerande evenemang och utbildningar f\u00f6r dig som vill starta eget f\u00f6retag. Boka din plats p\u00e5 Starta Eget-dagen, f\u00f6rel\u00e4sningar inom marknadsf\u00f6ring, f\u00f6rs\u00e4ljning och mycket mer f\u00f6r att f\u00e5 v\u00e4rdefull kunskap och st\u00f6d i f\u00f6retagsstarten.\" \/>\n<meta name=\"robots\" content=\"index, follow, max-snippet:-1, max-image-preview:large, max-video-preview:-1\" \/>\n<link rel=\"canonical\" href=\"https:\/\/nyforetagarcentrum.se\/goteborgsregionen\/evenemang\/fa-fart-pa-din-foretagsstart\/\" \/>\n<meta property=\"og:locale\" content=\"sv_SE\" \/>\n<meta property=\"og:type\" content=\"article\" \/>\n<meta property=\"og:title\" content=\"https:\/\/nyforetagarcentrum.se\/goteborgsregionen\/evenemang\/\" \/>\n<meta property=\"og:description\" content=\"Nyf\u00f6retagarcentrum G\u00f6teborgsregionen arrangerar inspirerande evenemang och utbildningar f\u00f6r dig som vill starta eget f\u00f6retag. Boka din plats p\u00e5 Starta Eget-dagen, f\u00f6rel\u00e4sningar inom marknadsf\u00f6ring, f\u00f6rs\u00e4ljning och mycket mer f\u00f6r att f\u00e5 v\u00e4rdefull kunskap och st\u00f6d i f\u00f6retagsstarten.\" \/>\n<meta property=\"og:url\" content=\"https:\/\/nyforetagarcentrum.se\/goteborgsregionen\/evenemang\/fa-fart-pa-din-foretagsstart\/\" \/>\n<meta property=\"og:site_name\" content=\"G\u00f6teborgsregionen\" \/>\n<meta property=\"article:modified_time\" content=\"2026-04-17T08:02:20+00:00\" \/>\n<meta name=\"twitter:card\" content=\"summary_large_image\" \/>\n<meta name=\"twitter:label1\" content=\"Ber\u00e4knad l\u00e4stid\" \/>\n\t<meta name=\"twitter:data1\" content=\"2 minuter\" \/>\n<script type=\"application\/ld+json\" class=\"yoast-schema-graph\">{\"@context\":\"https:\/\/schema.org\",\"@graph\":[{\"@type\":\"WebPage\",\"@id\":\"https:\/\/nyforetagarcentrum.se\/goteborgsregionen\/evenemang\/fa-fart-pa-din-foretagsstart\/\",\"url\":\"https:\/\/nyforetagarcentrum.se\/goteborgsregionen\/evenemang\/fa-fart-pa-din-foretagsstart\/\",\"name\":\"https:\/\/nyforetagarcentrum.se\/goteborgsregionen\/evenemang\/\",\"isPartOf\":{\"@id\":\"https:\/\/nyforetagarcentrum.se\/goteborgsregionen\/#website\"},\"datePublished\":\"2026-04-17T07:58:30+00:00\",\"dateModified\":\"2026-04-17T08:02:20+00:00\",\"description\":\"Nyf\u00f6retagarcentrum G\u00f6teborgsregionen arrangerar inspirerande evenemang och utbildningar f\u00f6r dig som vill starta eget f\u00f6retag. Boka din plats p\u00e5 Starta Eget-dagen, f\u00f6rel\u00e4sningar inom marknadsf\u00f6ring, f\u00f6rs\u00e4ljning och mycket mer f\u00f6r att f\u00e5 v\u00e4rdefull kunskap och st\u00f6d i f\u00f6retagsstarten.\",\"breadcrumb\":{\"@id\":\"https:\/\/nyforetagarcentrum.se\/goteborgsregionen\/evenemang\/fa-fart-pa-din-foretagsstart\/#breadcrumb\"},\"inLanguage\":\"sv-SE\",\"potentialAction\":[{\"@type\":\"ReadAction\",\"target\":[\"https:\/\/nyforetagarcentrum.se\/goteborgsregionen\/evenemang\/fa-fart-pa-din-foretagsstart\/\"]}]},{\"@type\":\"BreadcrumbList\",\"@id\":\"https:\/\/nyforetagarcentrum.se\/goteborgsregionen\/evenemang\/fa-fart-pa-din-foretagsstart\/#breadcrumb\",\"itemListElement\":[{\"@type\":\"ListItem\",\"position\":1,\"name\":\"Hem\",\"item\":\"https:\/\/nyforetagarcentrum.se\/goteborgsregionen\/\"},{\"@type\":\"ListItem\",\"position\":2,\"name\":\"Evenemang\",\"item\":\"https:\/\/nyforetagarcentrum.se\/goteborgsregionen\/evenemang\/\"},{\"@type\":\"ListItem\",\"position\":3,\"name\":\"F\u00e5 fart p\u00e5 din f\u00f6retagsstart!\"}]},{\"@type\":\"WebSite\",\"@id\":\"https:\/\/nyforetagarcentrum.se\/goteborgsregionen\/#website\",\"url\":\"https:\/\/nyforetagarcentrum.se\/goteborgsregionen\/\",\"name\":\"G\u00f6teborgsregionen\",\"description\":\"Sveriges ledande kraft f\u00f6r fler nya livskraftiga f\u00f6retag\",\"publisher\":{\"@id\":\"https:\/\/nyforetagarcentrum.se\/goteborgsregionen\/#organization\"},\"potentialAction\":[{\"@type\":\"SearchAction\",\"target\":{\"@type\":\"EntryPoint\",\"urlTemplate\":\"https:\/\/nyforetagarcentrum.se\/goteborgsregionen\/?s={search_term_string}\"},\"query-input\":\"required name=search_term_string\"}],\"inLanguage\":\"sv-SE\"},{\"@type\":\"Organization\",\"@id\":\"https:\/\/nyforetagarcentrum.se\/goteborgsregionen\/#organization\",\"name\":\"G\u00f6teborgsregionen\",\"url\":\"https:\/\/nyforetagarcentrum.se\/goteborgsregionen\/\",\"logo\":{\"@type\":\"ImageObject\",\"inLanguage\":\"sv-SE\",\"@id\":\"https:\/\/nyforetagarcentrum.se\/goteborgsregionen\/#\/schema\/logo\/image\/\",\"url\":\"https:\/\/nyforetagarcentrum.se\/goteborgsregionen\/wp-content\/uploads\/sites\/45\/2024\/07\/goteborgsregionen_bla.png\",\"contentUrl\":\"https:\/\/nyforetagarcentrum.se\/goteborgsregionen\/wp-content\/uploads\/sites\/45\/2024\/07\/goteborgsregionen_bla.png\",\"width\":870,\"height\":355,\"caption\":\"G\u00f6teborgsregionen\"},\"image\":{\"@id\":\"https:\/\/nyforetagarcentrum.se\/goteborgsregionen\/#\/schema\/logo\/image\/\"}}]}<\/script>\n<!-- \/ Yoast SEO plugin. -->","yoast_head_json":{"title":"https:\/\/nyforetagarcentrum.se\/goteborgsregionen\/evenemang\/","description":"Nyf\u00f6retagarcentrum G\u00f6teborgsregionen arrangerar inspirerande evenemang och utbildningar f\u00f6r dig som vill starta eget f\u00f6retag. Boka din plats p\u00e5 Starta Eget-dagen, f\u00f6rel\u00e4sningar inom marknadsf\u00f6ring, f\u00f6rs\u00e4ljning och mycket mer f\u00f6r att f\u00e5 v\u00e4rdefull kunskap och st\u00f6d i f\u00f6retagsstarten.","robots":{"index":"index","follow":"follow","max-snippet":"max-snippet:-1","max-image-preview":"max-image-preview:large","max-video-preview":"max-video-preview:-1"},"canonical":"https:\/\/nyforetagarcentrum.se\/goteborgsregionen\/evenemang\/fa-fart-pa-din-foretagsstart\/","og_locale":"sv_SE","og_type":"article","og_title":"https:\/\/nyforetagarcentrum.se\/goteborgsregionen\/evenemang\/","og_description":"Nyf\u00f6retagarcentrum G\u00f6teborgsregionen arrangerar inspirerande evenemang och utbildningar f\u00f6r dig som vill starta eget f\u00f6retag. Boka din plats p\u00e5 Starta Eget-dagen, f\u00f6rel\u00e4sningar inom marknadsf\u00f6ring, f\u00f6rs\u00e4ljning och mycket mer f\u00f6r att f\u00e5 v\u00e4rdefull kunskap och st\u00f6d i f\u00f6retagsstarten.","og_url":"https:\/\/nyforetagarcentrum.se\/goteborgsregionen\/evenemang\/fa-fart-pa-din-foretagsstart\/","og_site_name":"G\u00f6teborgsregionen","article_modified_time":"2026-04-17T08:02:20+00:00","twitter_card":"summary_large_image","twitter_misc":{"Ber\u00e4knad l\u00e4stid":"2 minuter"},"schema":{"@context":"https:\/\/schema.org","@graph":[{"@type":"WebPage","@id":"https:\/\/nyforetagarcentrum.se\/goteborgsregionen\/evenemang\/fa-fart-pa-din-foretagsstart\/","url":"https:\/\/nyforetagarcentrum.se\/goteborgsregionen\/evenemang\/fa-fart-pa-din-foretagsstart\/","name":"https:\/\/nyforetagarcentrum.se\/goteborgsregionen\/evenemang\/","isPartOf":{"@id":"https:\/\/nyforetagarcentrum.se\/goteborgsregionen\/#website"},"datePublished":"2026-04-17T07:58:30+00:00","dateModified":"2026-04-17T08:02:20+00:00","description":"Nyf\u00f6retagarcentrum G\u00f6teborgsregionen arrangerar inspirerande evenemang och utbildningar f\u00f6r dig som vill starta eget f\u00f6retag. Boka din plats p\u00e5 Starta Eget-dagen, f\u00f6rel\u00e4sningar inom marknadsf\u00f6ring, f\u00f6rs\u00e4ljning och mycket mer f\u00f6r att f\u00e5 v\u00e4rdefull kunskap och st\u00f6d i f\u00f6retagsstarten.","breadcrumb":{"@id":"https:\/\/nyforetagarcentrum.se\/goteborgsregionen\/evenemang\/fa-fart-pa-din-foretagsstart\/#breadcrumb"},"inLanguage":"sv-SE","potentialAction":[{"@type":"ReadAction","target":["https:\/\/nyforetagarcentrum.se\/goteborgsregionen\/evenemang\/fa-fart-pa-din-foretagsstart\/"]}]},{"@type":"BreadcrumbList","@id":"https:\/\/nyforetagarcentrum.se\/goteborgsregionen\/evenemang\/fa-fart-pa-din-foretagsstart\/#breadcrumb","itemListElement":[{"@type":"ListItem","position":1,"name":"Hem","item":"https:\/\/nyforetagarcentrum.se\/goteborgsregionen\/"},{"@type":"ListItem","position":2,"name":"Evenemang","item":"https:\/\/nyforetagarcentrum.se\/goteborgsregionen\/evenemang\/"},{"@type":"ListItem","position":3,"name":"F\u00e5 fart p\u00e5 din f\u00f6retagsstart!"}]},{"@type":"WebSite","@id":"https:\/\/nyforetagarcentrum.se\/goteborgsregionen\/#website","url":"https:\/\/nyforetagarcentrum.se\/goteborgsregionen\/","name":"G\u00f6teborgsregionen","description":"Sveriges ledande kraft f\u00f6r fler nya livskraftiga f\u00f6retag","publisher":{"@id":"https:\/\/nyforetagarcentrum.se\/goteborgsregionen\/#organization"},"potentialAction":[{"@type":"SearchAction","target":{"@type":"EntryPoint","urlTemplate":"https:\/\/nyforetagarcentrum.se\/goteborgsregionen\/?s={search_term_string}"},"query-input":"required name=search_term_string"}],"inLanguage":"sv-SE"},{"@type":"Organization","@id":"https:\/\/nyforetagarcentrum.se\/goteborgsregionen\/#organization","name":"G\u00f6teborgsregionen","url":"https:\/\/nyforetagarcentrum.se\/goteborgsregionen\/","logo":{"@type":"ImageObject","inLanguage":"sv-SE","@id":"https:\/\/nyforetagarcentrum.se\/goteborgsregionen\/#\/schema\/logo\/image\/","url":"https:\/\/nyforetagarcentrum.se\/goteborgsregionen\/wp-content\/uploads\/sites\/45\/2024\/07\/goteborgsregionen_bla.png","contentUrl":"https:\/\/nyforetagarcentrum.se\/goteborgsregionen\/wp-content\/uploads\/sites\/45\/2024\/07\/goteborgsregionen_bla.png","width":870,"height":355,"caption":"G\u00f6teborgsregionen"},"image":{"@id":"https:\/\/nyforetagarcentrum.se\/goteborgsregionen\/#\/schema\/logo\/image\/"}}]}},"_links":{"self":[{"href":"https:\/\/nyforetagarcentrum.se\/goteborgsregionen\/wp-json\/wp\/v2\/event\/1016"}],"collection":[{"href":"https:\/\/nyforetagarcentrum.se\/goteborgsregionen\/wp-json\/wp\/v2\/event"}],"about":[{"href":"https:\/\/nyforetagarcentrum.se\/goteborgsregionen\/wp-json\/wp\/v2\/types\/event"}],"version-history":[{"count":4,"href":"https:\/\/nyforetagarcentrum.se\/goteborgsregionen\/wp-json\/wp\/v2\/event\/1016\/revisions"}],"predecessor-version":[{"id":1020,"href":"https:\/\/nyforetagarcentrum.se\/goteborgsregionen\/wp-json\/wp\/v2\/event\/1016\/revisions\/1020"}],"wp:attachment":[{"href":"https:\/\/nyforetagarcentrum.se\/goteborgsregionen\/wp-json\/wp\/v2\/media?parent=1016"}],"curies":[{"name":"wp","href":"https:\/\/api.w.org\/{rel}","templated":true}]}}