{"id":1418,"date":"2025-09-26T11:18:28","date_gmt":"2025-09-26T09:18:28","guid":{"rendered":"https:\/\/nyforetagarcentrum.se\/falun\/?post_type=event&#038;p=1418"},"modified":"2025-10-29T12:12:37","modified_gmt":"2025-10-29T11:12:37","slug":"inspiration-och-info-om-att-starta-eget-pa-60-minuter","status":"publish","type":"event","link":"https:\/\/nyforetagarcentrum.se\/falun\/evenemang\/inspiration-och-info-om-att-starta-eget-pa-60-minuter\/","title":{"rendered":"Inspiration och info om att Starta eget &#8211; fysisk tr\u00e4ff i Falun"},"content":{"rendered":"\n<figure class=\"wp-block-image size-full\"><img loading=\"lazy\" decoding=\"async\" width=\"900\" height=\"600\" src=\"https:\/\/nyforetagarcentrum.se\/falun\/wp-content\/uploads\/sites\/18\/2025\/09\/STARTA-EGET-PA-60-MINUTER.png\" alt=\"\" class=\"wp-image-1446\" srcset=\"https:\/\/nyforetagarcentrum.se\/falun\/wp-content\/uploads\/sites\/18\/2025\/09\/STARTA-EGET-PA-60-MINUTER.png 900w, https:\/\/nyforetagarcentrum.se\/falun\/wp-content\/uploads\/sites\/18\/2025\/09\/STARTA-EGET-PA-60-MINUTER-300x200.png 300w, https:\/\/nyforetagarcentrum.se\/falun\/wp-content\/uploads\/sites\/18\/2025\/09\/STARTA-EGET-PA-60-MINUTER-768x512.png 768w\" sizes=\"(max-width: 900px) 100vw, 900px\" \/><\/figure>\n\n\n\n<p><strong>Funderar du p\u00e5 att starta eget, \u00e4r nyfiken och vill veta mer?<\/strong><\/p>\n\n\n\n<p>Den h\u00e4r kv\u00e4llen ger en introduktion och lite inspiration. Vi tar dig igenom grunderna f\u00f6r att starta f\u00f6retag, f\u00f6rklarar skatt och moms, visar var du registrerar ett f\u00f6retag och&nbsp;ger b\u00e5de tips och trix p\u00e5 v\u00e4gen.<\/p>\n\n\n\n<p><em>Det h\u00e4r \u00e4r bra att delta p\u00e5 innan du bokar r\u00e5dgivning p\u00e5 Nyf\u00f6retagarCentrum, \u00e4r nyfiken p\u00e5 hur det funkar eller om du varit p\u00e5 r\u00e5dgivning och beh\u00f6ver uppdatera kring sj\u00e4lva starten.<\/em><br><\/p>\n\n\n\n<p>Kv\u00e4llen \u00e4r kostnadsfri att delta i och vi bjuder p\u00e5 lite tilltugg. <em>Ange g\u00e4rna ev. allergier i anm\u00e4lan.<\/em><\/p>\n\n\n\n<p><\/p>\n\n\n\n<h4 class=\"wp-block-heading\"><strong>TORSDAG 20 november<\/strong><br><strong>TID:<\/strong> kl 18.00-19.30<br><strong>PLATS:<\/strong> N\u00e4ringslivets Hus, \u00d6landsgatan 6 Falun<\/h4>\n\n\n\n<div class=\"wp-block-columns is-layout-flex wp-container-core-columns-is-layout-1 wp-block-columns-is-layout-flex\">\n<div class=\"wp-block-column is-layout-flow wp-block-column-is-layout-flow\" style=\"flex-basis:25%\">\n<div class=\"wp-block-buttons is-layout-flex wp-block-buttons-is-layout-flex\">\n<div class=\"wp-block-button\"><a class=\"wp-block-button__link wp-element-button\" href=\"https:\/\/event.paloma.se\/Event\/anmalan-faluns-foretagarvecka-2025-43942\/\">Anm\u00e4l dig h\u00e4r<\/a><\/div>\n<\/div>\n<\/div>\n\n\n\n<div class=\"wp-block-column is-layout-flow wp-block-column-is-layout-flow\" style=\"flex-basis:50%\">\n<p><em><sub>Vi g\u00f6r det h\u00e4r tillsammans med Falu kommun under f\u00f6retagarveckan, s\u00e5 det \u00e4r flera event p\u00e5 samma anm\u00e4lningssida.<\/sub><\/em><\/p>\n<\/div>\n\n\n\n<div class=\"wp-block-column is-layout-flow wp-block-column-is-layout-flow\" style=\"flex-basis:25%\">\n<figure class=\"wp-block-image size-full\"><img loading=\"lazy\" decoding=\"async\" width=\"186\" height=\"183\" src=\"https:\/\/nyforetagarcentrum.se\/falun\/wp-content\/uploads\/sites\/18\/2025\/09\/Falu-foretagarvecka-2025-2.png\" alt=\"\" class=\"wp-image-1435\" \/><\/figure>\n<\/div>\n<\/div>\n","protected":false},"template":"","meta":{"footnotes":""},"acf":[],"yoast_head":"<!-- This site is optimized with the Yoast SEO plugin v22.9 - https:\/\/yoast.com\/wordpress\/plugins\/seo\/ -->\n<title>Evenemang f\u00f6r blivande f\u00f6retagare i Falun | Nyf\u00f6retagarcentrum<\/title>\n<meta name=\"description\" content=\"Nyf\u00f6retagarcentrum Falun arrangerar inspirerande evenemang och utbildningar f\u00f6r dig som vill starta eget f\u00f6retag. Boka din plats p\u00e5 Starta Eget-dagen, f\u00f6rel\u00e4sningar inom marknadsf\u00f6ring, f\u00f6rs\u00e4ljning och mycket mer f\u00f6r att f\u00e5 v\u00e4rdefull kunskap och st\u00f6d i f\u00f6retagsstarten.\" \/>\n<meta name=\"robots\" content=\"index, follow, max-snippet:-1, max-image-preview:large, max-video-preview:-1\" \/>\n<link rel=\"canonical\" href=\"https:\/\/nyforetagarcentrum.se\/falun\/evenemang\/inspiration-och-info-om-att-starta-eget-pa-60-minuter\/\" \/>\n<meta property=\"og:locale\" content=\"sv_SE\" \/>\n<meta property=\"og:type\" content=\"article\" \/>\n<meta property=\"og:title\" content=\"Evenemang f\u00f6r blivande f\u00f6retagare i Falun | Nyf\u00f6retagarcentrum\" \/>\n<meta property=\"og:description\" content=\"Nyf\u00f6retagarcentrum Falun arrangerar inspirerande evenemang och utbildningar f\u00f6r dig som vill starta eget f\u00f6retag. Boka din plats p\u00e5 Starta Eget-dagen, f\u00f6rel\u00e4sningar inom marknadsf\u00f6ring, f\u00f6rs\u00e4ljning och mycket mer f\u00f6r att f\u00e5 v\u00e4rdefull kunskap och st\u00f6d i f\u00f6retagsstarten.\" \/>\n<meta property=\"og:url\" content=\"https:\/\/nyforetagarcentrum.se\/falun\/evenemang\/inspiration-och-info-om-att-starta-eget-pa-60-minuter\/\" \/>\n<meta property=\"og:site_name\" content=\"Falun\" \/>\n<meta property=\"article:modified_time\" content=\"2025-10-29T11:12:37+00:00\" \/>\n<meta property=\"og:image\" content=\"https:\/\/nyforetagarcentrum.se\/falun\/wp-content\/uploads\/sites\/18\/2025\/09\/STARTA-EGET-PA-60-MINUTER.png\" \/>\n<meta name=\"twitter:card\" content=\"summary_large_image\" \/>\n<meta name=\"twitter:label1\" content=\"Ber\u00e4knad l\u00e4stid\" \/>\n\t<meta name=\"twitter:data1\" content=\"2 minuter\" \/>\n<script type=\"application\/ld+json\" class=\"yoast-schema-graph\">{\"@context\":\"https:\/\/schema.org\",\"@graph\":[{\"@type\":\"WebPage\",\"@id\":\"https:\/\/nyforetagarcentrum.se\/falun\/evenemang\/inspiration-och-info-om-att-starta-eget-pa-60-minuter\/\",\"url\":\"https:\/\/nyforetagarcentrum.se\/falun\/evenemang\/inspiration-och-info-om-att-starta-eget-pa-60-minuter\/\",\"name\":\"Evenemang f\u00f6r blivande f\u00f6retagare i Falun | Nyf\u00f6retagarcentrum\",\"isPartOf\":{\"@id\":\"https:\/\/nyforetagarcentrum.se\/falun\/#website\"},\"primaryImageOfPage\":{\"@id\":\"https:\/\/nyforetagarcentrum.se\/falun\/evenemang\/inspiration-och-info-om-att-starta-eget-pa-60-minuter\/#primaryimage\"},\"image\":{\"@id\":\"https:\/\/nyforetagarcentrum.se\/falun\/evenemang\/inspiration-och-info-om-att-starta-eget-pa-60-minuter\/#primaryimage\"},\"thumbnailUrl\":\"https:\/\/nyforetagarcentrum.se\/falun\/wp-content\/uploads\/sites\/18\/2025\/09\/STARTA-EGET-PA-60-MINUTER.png\",\"datePublished\":\"2025-09-26T09:18:28+00:00\",\"dateModified\":\"2025-10-29T11:12:37+00:00\",\"description\":\"Nyf\u00f6retagarcentrum Falun arrangerar inspirerande evenemang och utbildningar f\u00f6r dig som vill starta eget f\u00f6retag. Boka din plats p\u00e5 Starta Eget-dagen, f\u00f6rel\u00e4sningar inom marknadsf\u00f6ring, f\u00f6rs\u00e4ljning och mycket mer f\u00f6r att f\u00e5 v\u00e4rdefull kunskap och st\u00f6d i f\u00f6retagsstarten.\",\"breadcrumb\":{\"@id\":\"https:\/\/nyforetagarcentrum.se\/falun\/evenemang\/inspiration-och-info-om-att-starta-eget-pa-60-minuter\/#breadcrumb\"},\"inLanguage\":\"sv-SE\",\"potentialAction\":[{\"@type\":\"ReadAction\",\"target\":[\"https:\/\/nyforetagarcentrum.se\/falun\/evenemang\/inspiration-och-info-om-att-starta-eget-pa-60-minuter\/\"]}]},{\"@type\":\"ImageObject\",\"inLanguage\":\"sv-SE\",\"@id\":\"https:\/\/nyforetagarcentrum.se\/falun\/evenemang\/inspiration-och-info-om-att-starta-eget-pa-60-minuter\/#primaryimage\",\"url\":\"https:\/\/nyforetagarcentrum.se\/falun\/wp-content\/uploads\/sites\/18\/2025\/09\/STARTA-EGET-PA-60-MINUTER.png\",\"contentUrl\":\"https:\/\/nyforetagarcentrum.se\/falun\/wp-content\/uploads\/sites\/18\/2025\/09\/STARTA-EGET-PA-60-MINUTER.png\",\"width\":900,\"height\":600},{\"@type\":\"BreadcrumbList\",\"@id\":\"https:\/\/nyforetagarcentrum.se\/falun\/evenemang\/inspiration-och-info-om-att-starta-eget-pa-60-minuter\/#breadcrumb\",\"itemListElement\":[{\"@type\":\"ListItem\",\"position\":1,\"name\":\"Hem\",\"item\":\"https:\/\/nyforetagarcentrum.se\/falun\/\"},{\"@type\":\"ListItem\",\"position\":2,\"name\":\"Evenemang\",\"item\":\"https:\/\/nyforetagarcentrum.se\/falun\/evenemang\/\"},{\"@type\":\"ListItem\",\"position\":3,\"name\":\"Inspiration och info om att Starta eget &#8211; fysisk tr\u00e4ff i Falun\"}]},{\"@type\":\"WebSite\",\"@id\":\"https:\/\/nyforetagarcentrum.se\/falun\/#website\",\"url\":\"https:\/\/nyforetagarcentrum.se\/falun\/\",\"name\":\"Falun\",\"description\":\"Sveriges ledande kraft f\u00f6r fler nya livskraftiga f\u00f6retag\",\"publisher\":{\"@id\":\"https:\/\/nyforetagarcentrum.se\/falun\/#organization\"},\"potentialAction\":[{\"@type\":\"SearchAction\",\"target\":{\"@type\":\"EntryPoint\",\"urlTemplate\":\"https:\/\/nyforetagarcentrum.se\/falun\/?s={search_term_string}\"},\"query-input\":\"required name=search_term_string\"}],\"inLanguage\":\"sv-SE\"},{\"@type\":\"Organization\",\"@id\":\"https:\/\/nyforetagarcentrum.se\/falun\/#organization\",\"name\":\"Falun\",\"url\":\"https:\/\/nyforetagarcentrum.se\/falun\/\",\"logo\":{\"@type\":\"ImageObject\",\"inLanguage\":\"sv-SE\",\"@id\":\"https:\/\/nyforetagarcentrum.se\/falun\/#\/schema\/logo\/image\/\",\"url\":\"https:\/\/nyforetagarcentrum.se\/falun\/wp-content\/uploads\/sites\/18\/2024\/07\/falun_bla.png\",\"contentUrl\":\"https:\/\/nyforetagarcentrum.se\/falun\/wp-content\/uploads\/sites\/18\/2024\/07\/falun_bla.png\",\"width\":870,\"height\":355,\"caption\":\"Falun\"},\"image\":{\"@id\":\"https:\/\/nyforetagarcentrum.se\/falun\/#\/schema\/logo\/image\/\"}}]}<\/script>\n<!-- \/ Yoast SEO plugin. -->","yoast_head_json":{"title":"Evenemang f\u00f6r blivande f\u00f6retagare i Falun | Nyf\u00f6retagarcentrum","description":"Nyf\u00f6retagarcentrum Falun arrangerar inspirerande evenemang och utbildningar f\u00f6r dig som vill starta eget f\u00f6retag. Boka din plats p\u00e5 Starta Eget-dagen, f\u00f6rel\u00e4sningar inom marknadsf\u00f6ring, f\u00f6rs\u00e4ljning och mycket mer f\u00f6r att f\u00e5 v\u00e4rdefull kunskap och st\u00f6d i f\u00f6retagsstarten.","robots":{"index":"index","follow":"follow","max-snippet":"max-snippet:-1","max-image-preview":"max-image-preview:large","max-video-preview":"max-video-preview:-1"},"canonical":"https:\/\/nyforetagarcentrum.se\/falun\/evenemang\/inspiration-och-info-om-att-starta-eget-pa-60-minuter\/","og_locale":"sv_SE","og_type":"article","og_title":"Evenemang f\u00f6r blivande f\u00f6retagare i Falun | Nyf\u00f6retagarcentrum","og_description":"Nyf\u00f6retagarcentrum Falun arrangerar inspirerande evenemang och utbildningar f\u00f6r dig som vill starta eget f\u00f6retag. Boka din plats p\u00e5 Starta Eget-dagen, f\u00f6rel\u00e4sningar inom marknadsf\u00f6ring, f\u00f6rs\u00e4ljning och mycket mer f\u00f6r att f\u00e5 v\u00e4rdefull kunskap och st\u00f6d i f\u00f6retagsstarten.","og_url":"https:\/\/nyforetagarcentrum.se\/falun\/evenemang\/inspiration-och-info-om-att-starta-eget-pa-60-minuter\/","og_site_name":"Falun","article_modified_time":"2025-10-29T11:12:37+00:00","og_image":[{"url":"https:\/\/nyforetagarcentrum.se\/falun\/wp-content\/uploads\/sites\/18\/2025\/09\/STARTA-EGET-PA-60-MINUTER.png"}],"twitter_card":"summary_large_image","twitter_misc":{"Ber\u00e4knad l\u00e4stid":"2 minuter"},"schema":{"@context":"https:\/\/schema.org","@graph":[{"@type":"WebPage","@id":"https:\/\/nyforetagarcentrum.se\/falun\/evenemang\/inspiration-och-info-om-att-starta-eget-pa-60-minuter\/","url":"https:\/\/nyforetagarcentrum.se\/falun\/evenemang\/inspiration-och-info-om-att-starta-eget-pa-60-minuter\/","name":"Evenemang f\u00f6r blivande f\u00f6retagare i Falun | Nyf\u00f6retagarcentrum","isPartOf":{"@id":"https:\/\/nyforetagarcentrum.se\/falun\/#website"},"primaryImageOfPage":{"@id":"https:\/\/nyforetagarcentrum.se\/falun\/evenemang\/inspiration-och-info-om-att-starta-eget-pa-60-minuter\/#primaryimage"},"image":{"@id":"https:\/\/nyforetagarcentrum.se\/falun\/evenemang\/inspiration-och-info-om-att-starta-eget-pa-60-minuter\/#primaryimage"},"thumbnailUrl":"https:\/\/nyforetagarcentrum.se\/falun\/wp-content\/uploads\/sites\/18\/2025\/09\/STARTA-EGET-PA-60-MINUTER.png","datePublished":"2025-09-26T09:18:28+00:00","dateModified":"2025-10-29T11:12:37+00:00","description":"Nyf\u00f6retagarcentrum Falun arrangerar inspirerande evenemang och utbildningar f\u00f6r dig som vill starta eget f\u00f6retag. Boka din plats p\u00e5 Starta Eget-dagen, f\u00f6rel\u00e4sningar inom marknadsf\u00f6ring, f\u00f6rs\u00e4ljning och mycket mer f\u00f6r att f\u00e5 v\u00e4rdefull kunskap och st\u00f6d i f\u00f6retagsstarten.","breadcrumb":{"@id":"https:\/\/nyforetagarcentrum.se\/falun\/evenemang\/inspiration-och-info-om-att-starta-eget-pa-60-minuter\/#breadcrumb"},"inLanguage":"sv-SE","potentialAction":[{"@type":"ReadAction","target":["https:\/\/nyforetagarcentrum.se\/falun\/evenemang\/inspiration-och-info-om-att-starta-eget-pa-60-minuter\/"]}]},{"@type":"ImageObject","inLanguage":"sv-SE","@id":"https:\/\/nyforetagarcentrum.se\/falun\/evenemang\/inspiration-och-info-om-att-starta-eget-pa-60-minuter\/#primaryimage","url":"https:\/\/nyforetagarcentrum.se\/falun\/wp-content\/uploads\/sites\/18\/2025\/09\/STARTA-EGET-PA-60-MINUTER.png","contentUrl":"https:\/\/nyforetagarcentrum.se\/falun\/wp-content\/uploads\/sites\/18\/2025\/09\/STARTA-EGET-PA-60-MINUTER.png","width":900,"height":600},{"@type":"BreadcrumbList","@id":"https:\/\/nyforetagarcentrum.se\/falun\/evenemang\/inspiration-och-info-om-att-starta-eget-pa-60-minuter\/#breadcrumb","itemListElement":[{"@type":"ListItem","position":1,"name":"Hem","item":"https:\/\/nyforetagarcentrum.se\/falun\/"},{"@type":"ListItem","position":2,"name":"Evenemang","item":"https:\/\/nyforetagarcentrum.se\/falun\/evenemang\/"},{"@type":"ListItem","position":3,"name":"Inspiration och info om att Starta eget &#8211; fysisk tr\u00e4ff i Falun"}]},{"@type":"WebSite","@id":"https:\/\/nyforetagarcentrum.se\/falun\/#website","url":"https:\/\/nyforetagarcentrum.se\/falun\/","name":"Falun","description":"Sveriges ledande kraft f\u00f6r fler nya livskraftiga f\u00f6retag","publisher":{"@id":"https:\/\/nyforetagarcentrum.se\/falun\/#organization"},"potentialAction":[{"@type":"SearchAction","target":{"@type":"EntryPoint","urlTemplate":"https:\/\/nyforetagarcentrum.se\/falun\/?s={search_term_string}"},"query-input":"required name=search_term_string"}],"inLanguage":"sv-SE"},{"@type":"Organization","@id":"https:\/\/nyforetagarcentrum.se\/falun\/#organization","name":"Falun","url":"https:\/\/nyforetagarcentrum.se\/falun\/","logo":{"@type":"ImageObject","inLanguage":"sv-SE","@id":"https:\/\/nyforetagarcentrum.se\/falun\/#\/schema\/logo\/image\/","url":"https:\/\/nyforetagarcentrum.se\/falun\/wp-content\/uploads\/sites\/18\/2024\/07\/falun_bla.png","contentUrl":"https:\/\/nyforetagarcentrum.se\/falun\/wp-content\/uploads\/sites\/18\/2024\/07\/falun_bla.png","width":870,"height":355,"caption":"Falun"},"image":{"@id":"https:\/\/nyforetagarcentrum.se\/falun\/#\/schema\/logo\/image\/"}}]}},"_links":{"self":[{"href":"https:\/\/nyforetagarcentrum.se\/falun\/wp-json\/wp\/v2\/event\/1418"}],"collection":[{"href":"https:\/\/nyforetagarcentrum.se\/falun\/wp-json\/wp\/v2\/event"}],"about":[{"href":"https:\/\/nyforetagarcentrum.se\/falun\/wp-json\/wp\/v2\/types\/event"}],"version-history":[{"count":20,"href":"https:\/\/nyforetagarcentrum.se\/falun\/wp-json\/wp\/v2\/event\/1418\/revisions"}],"predecessor-version":[{"id":1461,"href":"https:\/\/nyforetagarcentrum.se\/falun\/wp-json\/wp\/v2\/event\/1418\/revisions\/1461"}],"wp:attachment":[{"href":"https:\/\/nyforetagarcentrum.se\/falun\/wp-json\/wp\/v2\/media?parent=1418"}],"curies":[{"name":"wp","href":"https:\/\/api.w.org\/{rel}","templated":true}]}}