{"id":161,"date":"2024-02-27T16:04:37","date_gmt":"2024-02-27T15:04:37","guid":{"rendered":"https:\/\/nyforetagarcentrum.se\/falkoping\/?page_id=161"},"modified":"2024-05-29T14:38:13","modified_gmt":"2024-05-29T12:38:13","slug":"om-nyforetagarcentrum-falkoping","status":"publish","type":"page","link":"https:\/\/nyforetagarcentrum.se\/falkoping\/om-nyforetagarcentrum-falkoping\/","title":{"rendered":"Om Nyf\u00f6retagarCentrum Falk\u00f6ping"},"content":{"rendered":"<section  class=\"nfc-block-hero alignfull\">\n\n    <img loading=\"lazy\" decoding=\"async\" width=\"1512\" height=\"769\" src=\"https:\/\/nyforetagarcentrum.se\/falkoping\/wp-content\/uploads\/sites\/56\/2024\/05\/framsida-3.jpg\" class=\"attachment-landscape size-landscape\" alt=\"\" srcset=\"https:\/\/nyforetagarcentrum.se\/falkoping\/wp-content\/uploads\/sites\/56\/2024\/05\/framsida-3.jpg 1512w, https:\/\/nyforetagarcentrum.se\/falkoping\/wp-content\/uploads\/sites\/56\/2024\/05\/framsida-3-300x153.jpg 300w, https:\/\/nyforetagarcentrum.se\/falkoping\/wp-content\/uploads\/sites\/56\/2024\/05\/framsida-3-1024x521.jpg 1024w, https:\/\/nyforetagarcentrum.se\/falkoping\/wp-content\/uploads\/sites\/56\/2024\/05\/framsida-3-768x391.jpg 768w\" sizes=\"(max-width: 1512px) 100vw, 1512px\" \/>\n    <div class=\"contained\">\n        <h1 class=\"nfc-block-hero__heading\">Om Nyf\u00f6retagarCentrum Falk\u00f6ping<\/h1>\n\n            <\/div>\n<\/section>\n\n\n<div style=\"height:50px\" aria-hidden=\"true\" class=\"wp-block-spacer\"><\/div>\n\n\n<section  class=\"nfc-block-breadcrumbs\">\n    <div class=\"wrapper contained\">\n        <ol class=\"breadcrumbs\" itemscope itemtype=\"https:\/\/schema.org\/BreadcrumbList\">\n            <li itemprop=\"itemListElement\" itemscope itemtype=\"https:\/\/schema.org\/ListItem\">\n            \n\n                            <span class=\"current\" itemprop=\"name\">Hem<\/span>\n            \n            <meta itemprop=\"position\" content=\"1\" \/>\n        <\/li>\n    <\/ol>    <\/div>\n<\/section>\n\n\n<div style=\"height:51px\" aria-hidden=\"true\" class=\"wp-block-spacer\"><\/div>\n\n\n<section  class=\"nfc-block-split_screen alignwide image_alignment-left\">\n    <div class=\"wrapper\">\n        <div class=\"nfc-block-split_screen__image-wrapper\">\n            <img loading=\"lazy\" decoding=\"async\" width=\"1469\" height=\"981\" src=\"https:\/\/nyforetagarcentrum.se\/falkoping\/wp-content\/uploads\/sites\/56\/2024\/02\/4083b98ac6a43f162142a286decbc08f.png\" class=\"attachment-landscape size-landscape\" alt=\"\" srcset=\"https:\/\/nyforetagarcentrum.se\/falkoping\/wp-content\/uploads\/sites\/56\/2024\/02\/4083b98ac6a43f162142a286decbc08f.png 1469w, https:\/\/nyforetagarcentrum.se\/falkoping\/wp-content\/uploads\/sites\/56\/2024\/02\/4083b98ac6a43f162142a286decbc08f-300x200.png 300w, https:\/\/nyforetagarcentrum.se\/falkoping\/wp-content\/uploads\/sites\/56\/2024\/02\/4083b98ac6a43f162142a286decbc08f-1024x684.png 1024w, https:\/\/nyforetagarcentrum.se\/falkoping\/wp-content\/uploads\/sites\/56\/2024\/02\/4083b98ac6a43f162142a286decbc08f-768x513.png 768w\" sizes=\"(max-width: 1469px) 100vw, 1469px\" \/>        <\/div>\n\n        <div class=\"nfc-block-split_screen__content-wrapper\">\n            <h2>Ideell f\u00f6rening \u2013\u00a0 f\u00f6r fler och mer livskraftiga f\u00f6retag i Falk\u00f6ping<\/h2>\n<p>Nyf\u00f6retagarCentrum Falk\u00f6ping \u00e4r en<strong> lokalt f\u00f6rankrad,<\/strong> <strong>ideell f\u00f6rening<\/strong> som verkar f\u00f6r att vi blir fler f\u00f6retag i kommunen. Genom v\u00e5r insats blir de som startar b\u00e4ttre f\u00f6rberedda och har d\u00e4rmed st\u00f6rre chans att \u00f6verleva.<\/p>\n<p>Det unika med Nyf\u00f6retagarCentrums koncept \u00e4r att vi erbjuder\u00a0<strong>r\u00e5dgivning \u2013\u00a0<em>fr\u00e5n etablerad f\u00f6retagare till ny f\u00f6retagare.<\/em><\/strong> Vi \u00e4r ingen myndighet, ingen kommunal verksamhet och ingen framtida leverant\u00f6r eller kund. R\u00e5dgivaren \u00e4r alltid en person med egen erfarenhet.<\/p>\n<p>Alla gillar n\u00e4r det startas fler f\u00f6retag. Det genererar inte bara <strong>\u00f6kade skatteint\u00e4kter<\/strong> utan \u00e4ven <strong>mer aff\u00e4rer lokalt<\/strong><strong>.<\/strong> D\u00e4rf\u00f6r v\u00e4ljer en l\u00e5ng rad f\u00f6retag i Falk\u00f6pings att vara\u00a0 <strong>lokala samarbetspartners.<\/strong> Det \u00e4r de som finansierar verksamheten och som d\u00e4rmed m\u00f6jligg\u00f6r att r\u00e5dgivningen \u00e4r gratis. Kommun och n\u00e4ringsliv delar ungef\u00e4r lika p\u00e5 finansieringen.<\/p>\n<p>V\u00e5ra partners f\u00e5r information om oss via <strong>sociala medier och mail<\/strong> samt kallas till <strong>\u00e5rsm\u00f6te<\/strong> d\u00e4r styrelsen utses. V\u00e5ra popul\u00e4ra <strong>nyf\u00f6retagar-pitchar <\/strong>bekr\u00e4ftar med n\u00e5gra exempel vad v\u00e5r verksamhet leder till\u00a0 F\u00f6r v\u00e5ra adepter ordnar vi <strong>bokf\u00f6ringskurser<\/strong> och <strong>Starta-eget-utbildningar<\/strong> samt en del <strong>inspirationstr\u00e4ffar<\/strong>. Vi har v\u00e5r bas p\u00e5 B6 Cowork p\u00e5 Bangatan 6 men \u00e4ven ett r\u00e5dgivningsrum p\u00e5 L\u00e4rCenter.<\/p>\n<p>Trafiken till Nyf\u00f6retagarCentrum Falk\u00f6ping har \u00f6kat kraftigt det senaste decenniet, varf\u00f6r v\u00e5r verksamhet v\u00e4xer. <strong>Vi beh\u00f6ver d\u00e4rf\u00f6r fler samarbetspartners<\/strong>. Vill du veta mer, kontakta verksamhetsledaren p\u00e5\u00a0<a href=\"mailto:falkoping@nyforetagarcentrum.se\">falkoping@nyforetagarcentrum.se<\/a>.<\/p>\n<h2><strong>Har Nyf\u00f6retagarcentrum gjort nytta i Falk\u00f6ping?\u00a0<\/strong><\/h2>\n<p>Nyf\u00f6retagarCentrum Falk\u00f6ping<strong>\u00a0startade 2007.<\/strong> Sedan dess har n\u00e4stan 1750 adepter s\u00f6kt r\u00e5dgivning ang\u00e5ende mer \u00e4n 1400 aff\u00e4rsid\u00e9er bara i Falk\u00f6ping! Enligt v\u00e5r statistik har det lett till fler \u00e4n 700 nya f\u00f6retag och mer \u00e4n 350 anst\u00e4llda. Varje \u00e5r oms\u00e4tter dessa f\u00f6retag \u00f6ver en halv miljard kronor.<\/p>\n\n                            <div class=\"nfc-block-split_screen__buttons\">\n                                            <a href=\"vara-samarbetspartners\/\" class=\"button outlined\">V\u00e5ra samarbetspartners<\/a>\n                                    <\/div>\n            \n        <\/div>\n    <\/div>\n<\/section>\n\n\n<div style=\"height:50px\" aria-hidden=\"true\" class=\"wp-block-spacer\"><\/div>\n\n\n\n<div class=\"wp-block-group alignfull has-white-background-color has-background is-layout-constrained wp-block-group-is-layout-constrained\">\n<div style=\"height:51px\" aria-hidden=\"true\" class=\"wp-block-spacer\"><\/div>\n\n\n\n<div class=\"wp-block-columns alignwide is-layout-flex wp-container-core-columns-is-layout-1 wp-block-columns-is-layout-flex\">\n<div class=\"wp-block-column is-layout-flow wp-block-column-is-layout-flow\">\n<p class=\"no-margin\" style=\"font-size:100px;font-style:normal;font-weight:700\">168 st<\/p>\n\n\n\n<p class=\"has-text-color has-link-color wp-elements-b27576bd8e7eb4f95d628476c42bc0d6\" style=\"color:#4d4d4d\">&#8230;personer s\u00f6kte personlig r\u00e5dgivning hos Nyf\u00f6retagarCentrum Falk\u00f6ping 2023. <\/p>\n<\/div>\n\n\n\n<div class=\"wp-block-column is-layout-flow wp-block-column-is-layout-flow\">\n<p class=\"no-margin\" style=\"font-size:100px;font-style:normal;font-weight:700\">46%<\/p>\n\n\n\n<p class=\"has-text-color has-link-color wp-elements-7c148808698b64e48220ee10e54d2036\" style=\"color:#4d4d4d\">&#8230; av de 123 st f\u00f6retag som startades i Falk\u00f6ping 2023 hade f\u00f6rst f\u00e5tt r\u00e5dgivning hos oss.<\/p>\n<\/div>\n\n\n\n<div class=\"wp-block-column is-layout-flow wp-block-column-is-layout-flow\">\n<p class=\"no-margin\" style=\"font-size:100px;font-style:normal;font-weight:700\">100%<\/p>\n\n\n\n<p class=\"has-text-color has-link-color wp-elements-d85969466671d5c47130462ecd4f682e\" style=\"color:#4d4d4d\">&#8230;av v\u00e5ra adepter angav 2023 att de var n\u00f6jda med r\u00e5dgivningen och 100% att de hade nytta av den samt 100% att de vill rekommendera Nyf\u00f6retagarcentrum Falk\u00f6ping till andra. <\/p>\n<\/div>\n<\/div>\n\n\n\n<div style=\"height:51px\" aria-hidden=\"true\" class=\"wp-block-spacer\"><\/div>\n\n\n\n<div class=\"wp-block-buttons alignwide is-layout-flex wp-block-buttons-is-layout-flex\">\n<div class=\"wp-block-button is-style-outline\"><a class=\"wp-block-button__link wp-element-button\">V\u00e5ra resultat<\/a><\/div>\n<\/div>\n\n\n\n<div style=\"height:51px\" aria-hidden=\"true\" class=\"wp-block-spacer\"><\/div>\n<\/div>\n\n\n\n<div style=\"height:50px\" aria-hidden=\"true\" class=\"wp-block-spacer\"><\/div>\n\n\n\n<h2 class=\"wp-block-heading has-text-align-center\">Tycker du att v\u00e5r verksamhet \u00e4r viktig och vill st\u00f6dja den som samarbetspartner? Skicka ett mail s\u00e5 ber\u00e4ttar vi mer!<\/h2>\n\n\n\n<div class=\"wp-block-group alignfull is-layout-constrained wp-block-group-is-layout-constrained\"><section  class=\"nfc-block-form aligncontent layout-small\">\n    <div class=\"contained\">\n\n        <form data-nfc-form=\"block_482642564cd23b08d439f3714a88821f\" data-nfc-page=\"161\">\n            <label class=\"input-wrapper\" for=\"namn\">\n    <span>Namn<\/span>\n    <input type=\"text\" name=\"namn\" id=\"namn\" placeholder=\"\" >\n<\/label><label class=\"input-wrapper\" for=\"foretag-eller-organisation\">\n    <span>F\u00f6retag eller organisation<\/span>\n    <input type=\"text\" name=\"foretag-eller-organisation\" id=\"foretag-eller-organisation\" placeholder=\"\" >\n<\/label><label class=\"input-wrapper\" for=\"e-post\">\n    <span>E-post<\/span>\n    <input type=\"text\" name=\"e-post\" id=\"e-post\" placeholder=\"\" >\n<\/label>\n            <div class=\"input-wrapper\">\n                <button type=\"submit\" class=\"button\">Skicka<\/button>\n            <\/div>\n        <\/form>\n    <\/div>\n<\/section><\/div>\n\n\n\n<div style=\"height:100px\" aria-hidden=\"true\" class=\"wp-block-spacer\"><\/div>\n","protected":false},"excerpt":{"rendered":"<p>168 st &#8230;personer s\u00f6kte personlig r\u00e5dgivning hos Nyf\u00f6retagarCentrum Falk\u00f6ping 2023. 46% &#8230; av de 123 st f\u00f6retag som startades i Falk\u00f6ping 2023 hade f\u00f6rst f\u00e5tt r\u00e5dgivning hos oss. 100% &#8230;av v\u00e5ra adepter angav 2023 att de var n\u00f6jda med r\u00e5dgivningen och 100% att de hade nytta av den samt 100% att de vill rekommendera Nyf\u00f6retagarcentrum [&hellip;]<\/p>\n","protected":false},"author":1,"featured_media":0,"parent":0,"menu_order":0,"comment_status":"closed","ping_status":"closed","template":"","meta":{"footnotes":""},"acf":[],"yoast_head":"<!-- This site is optimized with the Yoast SEO plugin v22.9 - https:\/\/yoast.com\/wordpress\/plugins\/seo\/ -->\n<title>Om Nyf\u00f6retagarCentrum Falk\u00f6ping - Falk\u00f6ping<\/title>\n<meta name=\"robots\" content=\"index, follow, max-snippet:-1, max-image-preview:large, max-video-preview:-1\" \/>\n<link rel=\"canonical\" href=\"https:\/\/nyforetagarcentrum.se\/falkoping\/om-nyforetagarcentrum-falkoping\/\" \/>\n<meta property=\"og:locale\" content=\"sv_SE\" \/>\n<meta property=\"og:type\" content=\"article\" \/>\n<meta property=\"og:title\" content=\"Om Nyf\u00f6retagarCentrum Falk\u00f6ping - Falk\u00f6ping\" \/>\n<meta property=\"og:description\" content=\"168 st &#8230;personer s\u00f6kte personlig r\u00e5dgivning hos Nyf\u00f6retagarCentrum Falk\u00f6ping 2023. 46% &#8230; av de 123 st f\u00f6retag som startades i Falk\u00f6ping 2023 hade f\u00f6rst f\u00e5tt r\u00e5dgivning hos oss. 100% &#8230;av v\u00e5ra adepter angav 2023 att de var n\u00f6jda med r\u00e5dgivningen och 100% att de hade nytta av den samt 100% att de vill rekommendera Nyf\u00f6retagarcentrum [&hellip;]\" \/>\n<meta property=\"og:url\" content=\"https:\/\/nyforetagarcentrum.se\/falkoping\/om-nyforetagarcentrum-falkoping\/\" \/>\n<meta property=\"og:site_name\" content=\"Falk\u00f6ping\" \/>\n<meta property=\"article:modified_time\" content=\"2024-05-29T12:38:13+00:00\" \/>\n<meta name=\"twitter:card\" content=\"summary_large_image\" \/>\n<script type=\"application\/ld+json\" class=\"yoast-schema-graph\">{\"@context\":\"https:\/\/schema.org\",\"@graph\":[{\"@type\":\"WebPage\",\"@id\":\"https:\/\/nyforetagarcentrum.se\/falkoping\/om-nyforetagarcentrum-falkoping\/\",\"url\":\"https:\/\/nyforetagarcentrum.se\/falkoping\/om-nyforetagarcentrum-falkoping\/\",\"name\":\"Om Nyf\u00f6retagarCentrum Falk\u00f6ping - Falk\u00f6ping\",\"isPartOf\":{\"@id\":\"https:\/\/nyforetagarcentrum.se\/falkoping\/#website\"},\"datePublished\":\"2024-02-27T15:04:37+00:00\",\"dateModified\":\"2024-05-29T12:38:13+00:00\",\"breadcrumb\":{\"@id\":\"https:\/\/nyforetagarcentrum.se\/falkoping\/om-nyforetagarcentrum-falkoping\/#breadcrumb\"},\"inLanguage\":\"sv-SE\",\"potentialAction\":[{\"@type\":\"ReadAction\",\"target\":[\"https:\/\/nyforetagarcentrum.se\/falkoping\/om-nyforetagarcentrum-falkoping\/\"]}]},{\"@type\":\"BreadcrumbList\",\"@id\":\"https:\/\/nyforetagarcentrum.se\/falkoping\/om-nyforetagarcentrum-falkoping\/#breadcrumb\",\"itemListElement\":[{\"@type\":\"ListItem\",\"position\":1,\"name\":\"Hem\",\"item\":\"https:\/\/nyforetagarcentrum.se\/falkoping\/\"},{\"@type\":\"ListItem\",\"position\":2,\"name\":\"Om Nyf\u00f6retagarCentrum Falk\u00f6ping\"}]},{\"@type\":\"WebSite\",\"@id\":\"https:\/\/nyforetagarcentrum.se\/falkoping\/#website\",\"url\":\"https:\/\/nyforetagarcentrum.se\/falkoping\/\",\"name\":\"Falk\u00f6ping\",\"description\":\"Sveriges ledande kraft f\u00f6r fler nya livskraftiga f\u00f6retag\",\"publisher\":{\"@id\":\"https:\/\/nyforetagarcentrum.se\/falkoping\/#organization\"},\"potentialAction\":[{\"@type\":\"SearchAction\",\"target\":{\"@type\":\"EntryPoint\",\"urlTemplate\":\"https:\/\/nyforetagarcentrum.se\/falkoping\/?s={search_term_string}\"},\"query-input\":\"required name=search_term_string\"}],\"inLanguage\":\"sv-SE\"},{\"@type\":\"Organization\",\"@id\":\"https:\/\/nyforetagarcentrum.se\/falkoping\/#organization\",\"name\":\"Falk\u00f6ping\",\"url\":\"https:\/\/nyforetagarcentrum.se\/falkoping\/\",\"logo\":{\"@type\":\"ImageObject\",\"inLanguage\":\"sv-SE\",\"@id\":\"https:\/\/nyforetagarcentrum.se\/falkoping\/#\/schema\/logo\/image\/\",\"url\":\"https:\/\/nyforetagarcentrum.se\/falkoping\/wp-content\/uploads\/sites\/56\/2024\/07\/cropped-falkoping_bla.png\",\"contentUrl\":\"https:\/\/nyforetagarcentrum.se\/falkoping\/wp-content\/uploads\/sites\/56\/2024\/07\/cropped-falkoping_bla.png\",\"width\":870,\"height\":355,\"caption\":\"Falk\u00f6ping\"},\"image\":{\"@id\":\"https:\/\/nyforetagarcentrum.se\/falkoping\/#\/schema\/logo\/image\/\"}}]}<\/script>\n<!-- \/ Yoast SEO plugin. -->","yoast_head_json":{"title":"Om Nyf\u00f6retagarCentrum Falk\u00f6ping - Falk\u00f6ping","robots":{"index":"index","follow":"follow","max-snippet":"max-snippet:-1","max-image-preview":"max-image-preview:large","max-video-preview":"max-video-preview:-1"},"canonical":"https:\/\/nyforetagarcentrum.se\/falkoping\/om-nyforetagarcentrum-falkoping\/","og_locale":"sv_SE","og_type":"article","og_title":"Om Nyf\u00f6retagarCentrum Falk\u00f6ping - Falk\u00f6ping","og_description":"168 st &#8230;personer s\u00f6kte personlig r\u00e5dgivning hos Nyf\u00f6retagarCentrum Falk\u00f6ping 2023. 46% &#8230; av de 123 st f\u00f6retag som startades i Falk\u00f6ping 2023 hade f\u00f6rst f\u00e5tt r\u00e5dgivning hos oss. 100% &#8230;av v\u00e5ra adepter angav 2023 att de var n\u00f6jda med r\u00e5dgivningen och 100% att de hade nytta av den samt 100% att de vill rekommendera Nyf\u00f6retagarcentrum [&hellip;]","og_url":"https:\/\/nyforetagarcentrum.se\/falkoping\/om-nyforetagarcentrum-falkoping\/","og_site_name":"Falk\u00f6ping","article_modified_time":"2024-05-29T12:38:13+00:00","twitter_card":"summary_large_image","schema":{"@context":"https:\/\/schema.org","@graph":[{"@type":"WebPage","@id":"https:\/\/nyforetagarcentrum.se\/falkoping\/om-nyforetagarcentrum-falkoping\/","url":"https:\/\/nyforetagarcentrum.se\/falkoping\/om-nyforetagarcentrum-falkoping\/","name":"Om Nyf\u00f6retagarCentrum Falk\u00f6ping - Falk\u00f6ping","isPartOf":{"@id":"https:\/\/nyforetagarcentrum.se\/falkoping\/#website"},"datePublished":"2024-02-27T15:04:37+00:00","dateModified":"2024-05-29T12:38:13+00:00","breadcrumb":{"@id":"https:\/\/nyforetagarcentrum.se\/falkoping\/om-nyforetagarcentrum-falkoping\/#breadcrumb"},"inLanguage":"sv-SE","potentialAction":[{"@type":"ReadAction","target":["https:\/\/nyforetagarcentrum.se\/falkoping\/om-nyforetagarcentrum-falkoping\/"]}]},{"@type":"BreadcrumbList","@id":"https:\/\/nyforetagarcentrum.se\/falkoping\/om-nyforetagarcentrum-falkoping\/#breadcrumb","itemListElement":[{"@type":"ListItem","position":1,"name":"Hem","item":"https:\/\/nyforetagarcentrum.se\/falkoping\/"},{"@type":"ListItem","position":2,"name":"Om Nyf\u00f6retagarCentrum Falk\u00f6ping"}]},{"@type":"WebSite","@id":"https:\/\/nyforetagarcentrum.se\/falkoping\/#website","url":"https:\/\/nyforetagarcentrum.se\/falkoping\/","name":"Falk\u00f6ping","description":"Sveriges ledande kraft f\u00f6r fler nya livskraftiga f\u00f6retag","publisher":{"@id":"https:\/\/nyforetagarcentrum.se\/falkoping\/#organization"},"potentialAction":[{"@type":"SearchAction","target":{"@type":"EntryPoint","urlTemplate":"https:\/\/nyforetagarcentrum.se\/falkoping\/?s={search_term_string}"},"query-input":"required name=search_term_string"}],"inLanguage":"sv-SE"},{"@type":"Organization","@id":"https:\/\/nyforetagarcentrum.se\/falkoping\/#organization","name":"Falk\u00f6ping","url":"https:\/\/nyforetagarcentrum.se\/falkoping\/","logo":{"@type":"ImageObject","inLanguage":"sv-SE","@id":"https:\/\/nyforetagarcentrum.se\/falkoping\/#\/schema\/logo\/image\/","url":"https:\/\/nyforetagarcentrum.se\/falkoping\/wp-content\/uploads\/sites\/56\/2024\/07\/cropped-falkoping_bla.png","contentUrl":"https:\/\/nyforetagarcentrum.se\/falkoping\/wp-content\/uploads\/sites\/56\/2024\/07\/cropped-falkoping_bla.png","width":870,"height":355,"caption":"Falk\u00f6ping"},"image":{"@id":"https:\/\/nyforetagarcentrum.se\/falkoping\/#\/schema\/logo\/image\/"}}]}},"_links":{"self":[{"href":"https:\/\/nyforetagarcentrum.se\/falkoping\/wp-json\/wp\/v2\/pages\/161"}],"collection":[{"href":"https:\/\/nyforetagarcentrum.se\/falkoping\/wp-json\/wp\/v2\/pages"}],"about":[{"href":"https:\/\/nyforetagarcentrum.se\/falkoping\/wp-json\/wp\/v2\/types\/page"}],"author":[{"embeddable":true,"href":"https:\/\/nyforetagarcentrum.se\/falkoping\/wp-json\/wp\/v2\/users\/1"}],"replies":[{"embeddable":true,"href":"https:\/\/nyforetagarcentrum.se\/falkoping\/wp-json\/wp\/v2\/comments?post=161"}],"version-history":[{"count":24,"href":"https:\/\/nyforetagarcentrum.se\/falkoping\/wp-json\/wp\/v2\/pages\/161\/revisions"}],"predecessor-version":[{"id":963,"href":"https:\/\/nyforetagarcentrum.se\/falkoping\/wp-json\/wp\/v2\/pages\/161\/revisions\/963"}],"wp:attachment":[{"href":"https:\/\/nyforetagarcentrum.se\/falkoping\/wp-json\/wp\/v2\/media?parent=161"}],"curies":[{"name":"wp","href":"https:\/\/api.w.org\/{rel}","templated":true}]}}