{"id":951,"date":"2025-07-09T10:05:20","date_gmt":"2025-07-09T08:05:20","guid":{"rendered":"https:\/\/nyforetagarcentrum.se\/eskilstuna\/?post_type=event&#038;p=951"},"modified":"2025-07-09T10:05:20","modified_gmt":"2025-07-09T08:05:20","slug":"forsta-och-lyckas-med-din-forsaljning","status":"publish","type":"event","link":"https:\/\/nyforetagarcentrum.se\/eskilstuna\/evenemang\/forsta-och-lyckas-med-din-forsaljning\/","title":{"rendered":"F\u00f6rst\u00e5 och lyckas med din f\u00f6rs\u00e4ljning"},"content":{"rendered":"\n<h2 class=\"wp-block-heading\"><strong>\u00c4r du redo att ta din f\u00f6rs\u00e4ljning till n\u00e4sta niv\u00e5?<\/strong><\/h2>\n\n\n\n<p>Uppt\u00e4ck hemligheterna bakom framg\u00e5ngsrik f\u00f6rs\u00e4ljning med&nbsp;<strong>Jocke von Carlsburg<\/strong>!<\/p>\n\n\n\n<p><img loading=\"lazy\" decoding=\"async\" width=\"277\" height=\"236\" src=\"https:\/\/sv-se.eu.invajo.com\/images\/text-images\/4660d22e-be5c-11eb-8844-024364879898\/jocke9747.png\" alt=\"jocke9747.png\"><br><br>P\u00e5 detta inspirerande seminarium delar Jocke von Carlsburg, en veteran inom marknad och f\u00f6rs\u00e4ljning, med sig av sina ov\u00e4rderliga insikter och strategier som har hj\u00e4lpt f\u00f6retag att blomstra!<br><br>I \u00f6ver 20 \u00e5r har Jocke navigerat i aff\u00e4rsv\u00e4rlden och han vet att &#8221;\u00e4ven den mest lysande aff\u00e4rsid\u00e9n kan g\u00e5 i st\u00f6pet om du inte kan s\u00e4lja den&#8221;. Han har sj\u00e4lv varit d\u00e4r \u2013 f\u00f6r tv\u00e5 decennier sedan kom han och hans aff\u00e4rspartners, utan erfarenhet av f\u00f6retagande, till Nyf\u00f6retagarCentrum och dr\u00f6mde stort.<br><br>&#8221;H\u00f6g ambition och tydliga m\u00e5l \u00e4r viktigare \u00e4n produkten,&#8221; s\u00e4ger Jocke, och idag har han sett sitt f\u00f6retag, Proofel, v\u00e4xa fr\u00e5n en blygsam k\u00e4llarlokal till att bli en akt\u00f6r p\u00e5 b\u00f6rsen.<br><br>Under en timmes inspirerande f\u00f6rel\u00e4sning kommer Jocke att dela med sig av sin personliga syn p\u00e5 f\u00f6rs\u00e4ljning och ge dig praktiska tips som du kan anv\u00e4nda direkt. L\u00e4r dig hur du kan f\u00f6rvandla din passion f\u00f6r din produkt till framg\u00e5ngsrik f\u00f6rs\u00e4ljning!<br><br>Varmt v\u00e4lkommen till denna kostnadsfria inspirationsf\u00f6rel\u00e4sning!<br>Vi bjuder p\u00e5 frukostmacka och kaffe\/te f\u00f6r att kickstarta din dag p\u00e5 b\u00e4sta s\u00e4tt.<br><br>Missar du detta tillf\u00e4lle, missar du chansen att revolutionera ditt s\u00e4tt att s\u00e4lja!<\/p>\n\n\n\n<p>Anm\u00e4l dig senast 7 oktober 2025.<\/p>\n\n\n\n<p><strong>L\u00e4s mer och anm\u00e4l dig p\u00e5: <\/strong><br><a href=\"https:\/\/sv-se.eu.invajo.com\/event\/nyforetagarcentrumeskilstuna\/forstaochlyckasmeddinforsaljning\">https:\/\/sv-se.eu.invajo.com\/event\/nyforetagarcentrumeskilstuna\/forstaochlyckasmeddinforsaljning<\/a><\/p>\n","protected":false},"template":"","meta":{"footnotes":""},"acf":[],"yoast_head":"<!-- This site is optimized with the Yoast SEO plugin v22.9 - https:\/\/yoast.com\/wordpress\/plugins\/seo\/ -->\n<title>Evenemang i Eskilstuna - Nyf\u00f6retagarCentrum<\/title>\n<meta name=\"description\" content=\"Uppt\u00e4ck kommande evenemang hos Nyf\u00f6retagarCentrum i Eskilstuna, utformade f\u00f6r att st\u00f6dja blivande och nya f\u00f6retagare. Delta i workshops, seminarier och n\u00e4tverkstr\u00e4ffar f\u00f6r att f\u00e5 v\u00e4rdefulla insikter och kontakter f\u00f6r din entrepren\u00f6rsresa. F\u00e5 information om datum, platser och hur du anm\u00e4ler dig.\" \/>\n<meta name=\"robots\" content=\"index, follow, max-snippet:-1, max-image-preview:large, max-video-preview:-1\" \/>\n<link rel=\"canonical\" href=\"https:\/\/nyforetagarcentrum.se\/eskilstuna\/evenemang\/forsta-och-lyckas-med-din-forsaljning\/\" \/>\n<meta property=\"og:locale\" content=\"sv_SE\" \/>\n<meta property=\"og:type\" content=\"article\" \/>\n<meta property=\"og:title\" content=\"Evenemang i Eskilstuna - Nyf\u00f6retagarCentrum\" \/>\n<meta property=\"og:description\" content=\"Uppt\u00e4ck kommande evenemang hos Nyf\u00f6retagarCentrum i Eskilstuna, utformade f\u00f6r att st\u00f6dja blivande och nya f\u00f6retagare. Delta i workshops, seminarier och n\u00e4tverkstr\u00e4ffar f\u00f6r att f\u00e5 v\u00e4rdefulla insikter och kontakter f\u00f6r din entrepren\u00f6rsresa. F\u00e5 information om datum, platser och hur du anm\u00e4ler dig.\" \/>\n<meta property=\"og:url\" content=\"https:\/\/nyforetagarcentrum.se\/eskilstuna\/evenemang\/forsta-och-lyckas-med-din-forsaljning\/\" \/>\n<meta property=\"og:site_name\" content=\"Eskilstuna\" \/>\n<meta property=\"og:image\" content=\"https:\/\/sv-se.eu.invajo.com\/images\/text-images\/4660d22e-be5c-11eb-8844-024364879898\/jocke9747.png\" \/>\n<meta name=\"twitter:card\" content=\"summary_large_image\" \/>\n<meta name=\"twitter:label1\" content=\"Ber\u00e4knad l\u00e4stid\" \/>\n\t<meta name=\"twitter:data1\" content=\"2 minuter\" \/>\n<script type=\"application\/ld+json\" class=\"yoast-schema-graph\">{\"@context\":\"https:\/\/schema.org\",\"@graph\":[{\"@type\":\"WebPage\",\"@id\":\"https:\/\/nyforetagarcentrum.se\/eskilstuna\/evenemang\/forsta-och-lyckas-med-din-forsaljning\/\",\"url\":\"https:\/\/nyforetagarcentrum.se\/eskilstuna\/evenemang\/forsta-och-lyckas-med-din-forsaljning\/\",\"name\":\"Evenemang i Eskilstuna - Nyf\u00f6retagarCentrum\",\"isPartOf\":{\"@id\":\"https:\/\/nyforetagarcentrum.se\/eskilstuna\/#website\"},\"primaryImageOfPage\":{\"@id\":\"https:\/\/nyforetagarcentrum.se\/eskilstuna\/evenemang\/forsta-och-lyckas-med-din-forsaljning\/#primaryimage\"},\"image\":{\"@id\":\"https:\/\/nyforetagarcentrum.se\/eskilstuna\/evenemang\/forsta-och-lyckas-med-din-forsaljning\/#primaryimage\"},\"thumbnailUrl\":\"https:\/\/sv-se.eu.invajo.com\/images\/text-images\/4660d22e-be5c-11eb-8844-024364879898\/jocke9747.png\",\"datePublished\":\"2025-07-09T08:05:20+00:00\",\"dateModified\":\"2025-07-09T08:05:20+00:00\",\"description\":\"Uppt\u00e4ck kommande evenemang hos Nyf\u00f6retagarCentrum i Eskilstuna, utformade f\u00f6r att st\u00f6dja blivande och nya f\u00f6retagare. Delta i workshops, seminarier och n\u00e4tverkstr\u00e4ffar f\u00f6r att f\u00e5 v\u00e4rdefulla insikter och kontakter f\u00f6r din entrepren\u00f6rsresa. F\u00e5 information om datum, platser och hur du anm\u00e4ler dig.\",\"breadcrumb\":{\"@id\":\"https:\/\/nyforetagarcentrum.se\/eskilstuna\/evenemang\/forsta-och-lyckas-med-din-forsaljning\/#breadcrumb\"},\"inLanguage\":\"sv-SE\",\"potentialAction\":[{\"@type\":\"ReadAction\",\"target\":[\"https:\/\/nyforetagarcentrum.se\/eskilstuna\/evenemang\/forsta-och-lyckas-med-din-forsaljning\/\"]}]},{\"@type\":\"ImageObject\",\"inLanguage\":\"sv-SE\",\"@id\":\"https:\/\/nyforetagarcentrum.se\/eskilstuna\/evenemang\/forsta-och-lyckas-med-din-forsaljning\/#primaryimage\",\"url\":\"https:\/\/sv-se.eu.invajo.com\/images\/text-images\/4660d22e-be5c-11eb-8844-024364879898\/jocke9747.png\",\"contentUrl\":\"https:\/\/sv-se.eu.invajo.com\/images\/text-images\/4660d22e-be5c-11eb-8844-024364879898\/jocke9747.png\"},{\"@type\":\"BreadcrumbList\",\"@id\":\"https:\/\/nyforetagarcentrum.se\/eskilstuna\/evenemang\/forsta-och-lyckas-med-din-forsaljning\/#breadcrumb\",\"itemListElement\":[{\"@type\":\"ListItem\",\"position\":1,\"name\":\"Hem\",\"item\":\"https:\/\/nyforetagarcentrum.se\/eskilstuna\/\"},{\"@type\":\"ListItem\",\"position\":2,\"name\":\"Evenemang\",\"item\":\"https:\/\/nyforetagarcentrum.se\/eskilstuna\/evenemang\/\"},{\"@type\":\"ListItem\",\"position\":3,\"name\":\"F\u00f6rst\u00e5 och lyckas med din f\u00f6rs\u00e4ljning\"}]},{\"@type\":\"WebSite\",\"@id\":\"https:\/\/nyforetagarcentrum.se\/eskilstuna\/#website\",\"url\":\"https:\/\/nyforetagarcentrum.se\/eskilstuna\/\",\"name\":\"Eskilstuna\",\"description\":\"Sveriges ledande kraft f\u00f6r fler nya livskraftiga f\u00f6retag\",\"publisher\":{\"@id\":\"https:\/\/nyforetagarcentrum.se\/eskilstuna\/#organization\"},\"potentialAction\":[{\"@type\":\"SearchAction\",\"target\":{\"@type\":\"EntryPoint\",\"urlTemplate\":\"https:\/\/nyforetagarcentrum.se\/eskilstuna\/?s={search_term_string}\"},\"query-input\":\"required name=search_term_string\"}],\"inLanguage\":\"sv-SE\"},{\"@type\":\"Organization\",\"@id\":\"https:\/\/nyforetagarcentrum.se\/eskilstuna\/#organization\",\"name\":\"Eskilstuna\",\"url\":\"https:\/\/nyforetagarcentrum.se\/eskilstuna\/\",\"logo\":{\"@type\":\"ImageObject\",\"inLanguage\":\"sv-SE\",\"@id\":\"https:\/\/nyforetagarcentrum.se\/eskilstuna\/#\/schema\/logo\/image\/\",\"url\":\"https:\/\/nyforetagarcentrum.se\/eskilstuna\/wp-content\/uploads\/sites\/63\/2024\/07\/eskilstuna_bla-1.png\",\"contentUrl\":\"https:\/\/nyforetagarcentrum.se\/eskilstuna\/wp-content\/uploads\/sites\/63\/2024\/07\/eskilstuna_bla-1.png\",\"width\":870,\"height\":355,\"caption\":\"Eskilstuna\"},\"image\":{\"@id\":\"https:\/\/nyforetagarcentrum.se\/eskilstuna\/#\/schema\/logo\/image\/\"}}]}<\/script>\n<!-- \/ Yoast SEO plugin. -->","yoast_head_json":{"title":"Evenemang i Eskilstuna - Nyf\u00f6retagarCentrum","description":"Uppt\u00e4ck kommande evenemang hos Nyf\u00f6retagarCentrum i Eskilstuna, utformade f\u00f6r att st\u00f6dja blivande och nya f\u00f6retagare. Delta i workshops, seminarier och n\u00e4tverkstr\u00e4ffar f\u00f6r att f\u00e5 v\u00e4rdefulla insikter och kontakter f\u00f6r din entrepren\u00f6rsresa. F\u00e5 information om datum, platser och hur du anm\u00e4ler dig.","robots":{"index":"index","follow":"follow","max-snippet":"max-snippet:-1","max-image-preview":"max-image-preview:large","max-video-preview":"max-video-preview:-1"},"canonical":"https:\/\/nyforetagarcentrum.se\/eskilstuna\/evenemang\/forsta-och-lyckas-med-din-forsaljning\/","og_locale":"sv_SE","og_type":"article","og_title":"Evenemang i Eskilstuna - Nyf\u00f6retagarCentrum","og_description":"Uppt\u00e4ck kommande evenemang hos Nyf\u00f6retagarCentrum i Eskilstuna, utformade f\u00f6r att st\u00f6dja blivande och nya f\u00f6retagare. Delta i workshops, seminarier och n\u00e4tverkstr\u00e4ffar f\u00f6r att f\u00e5 v\u00e4rdefulla insikter och kontakter f\u00f6r din entrepren\u00f6rsresa. F\u00e5 information om datum, platser och hur du anm\u00e4ler dig.","og_url":"https:\/\/nyforetagarcentrum.se\/eskilstuna\/evenemang\/forsta-och-lyckas-med-din-forsaljning\/","og_site_name":"Eskilstuna","og_image":[{"url":"https:\/\/sv-se.eu.invajo.com\/images\/text-images\/4660d22e-be5c-11eb-8844-024364879898\/jocke9747.png"}],"twitter_card":"summary_large_image","twitter_misc":{"Ber\u00e4knad l\u00e4stid":"2 minuter"},"schema":{"@context":"https:\/\/schema.org","@graph":[{"@type":"WebPage","@id":"https:\/\/nyforetagarcentrum.se\/eskilstuna\/evenemang\/forsta-och-lyckas-med-din-forsaljning\/","url":"https:\/\/nyforetagarcentrum.se\/eskilstuna\/evenemang\/forsta-och-lyckas-med-din-forsaljning\/","name":"Evenemang i Eskilstuna - Nyf\u00f6retagarCentrum","isPartOf":{"@id":"https:\/\/nyforetagarcentrum.se\/eskilstuna\/#website"},"primaryImageOfPage":{"@id":"https:\/\/nyforetagarcentrum.se\/eskilstuna\/evenemang\/forsta-och-lyckas-med-din-forsaljning\/#primaryimage"},"image":{"@id":"https:\/\/nyforetagarcentrum.se\/eskilstuna\/evenemang\/forsta-och-lyckas-med-din-forsaljning\/#primaryimage"},"thumbnailUrl":"https:\/\/sv-se.eu.invajo.com\/images\/text-images\/4660d22e-be5c-11eb-8844-024364879898\/jocke9747.png","datePublished":"2025-07-09T08:05:20+00:00","dateModified":"2025-07-09T08:05:20+00:00","description":"Uppt\u00e4ck kommande evenemang hos Nyf\u00f6retagarCentrum i Eskilstuna, utformade f\u00f6r att st\u00f6dja blivande och nya f\u00f6retagare. Delta i workshops, seminarier och n\u00e4tverkstr\u00e4ffar f\u00f6r att f\u00e5 v\u00e4rdefulla insikter och kontakter f\u00f6r din entrepren\u00f6rsresa. F\u00e5 information om datum, platser och hur du anm\u00e4ler dig.","breadcrumb":{"@id":"https:\/\/nyforetagarcentrum.se\/eskilstuna\/evenemang\/forsta-och-lyckas-med-din-forsaljning\/#breadcrumb"},"inLanguage":"sv-SE","potentialAction":[{"@type":"ReadAction","target":["https:\/\/nyforetagarcentrum.se\/eskilstuna\/evenemang\/forsta-och-lyckas-med-din-forsaljning\/"]}]},{"@type":"ImageObject","inLanguage":"sv-SE","@id":"https:\/\/nyforetagarcentrum.se\/eskilstuna\/evenemang\/forsta-och-lyckas-med-din-forsaljning\/#primaryimage","url":"https:\/\/sv-se.eu.invajo.com\/images\/text-images\/4660d22e-be5c-11eb-8844-024364879898\/jocke9747.png","contentUrl":"https:\/\/sv-se.eu.invajo.com\/images\/text-images\/4660d22e-be5c-11eb-8844-024364879898\/jocke9747.png"},{"@type":"BreadcrumbList","@id":"https:\/\/nyforetagarcentrum.se\/eskilstuna\/evenemang\/forsta-och-lyckas-med-din-forsaljning\/#breadcrumb","itemListElement":[{"@type":"ListItem","position":1,"name":"Hem","item":"https:\/\/nyforetagarcentrum.se\/eskilstuna\/"},{"@type":"ListItem","position":2,"name":"Evenemang","item":"https:\/\/nyforetagarcentrum.se\/eskilstuna\/evenemang\/"},{"@type":"ListItem","position":3,"name":"F\u00f6rst\u00e5 och lyckas med din f\u00f6rs\u00e4ljning"}]},{"@type":"WebSite","@id":"https:\/\/nyforetagarcentrum.se\/eskilstuna\/#website","url":"https:\/\/nyforetagarcentrum.se\/eskilstuna\/","name":"Eskilstuna","description":"Sveriges ledande kraft f\u00f6r fler nya livskraftiga f\u00f6retag","publisher":{"@id":"https:\/\/nyforetagarcentrum.se\/eskilstuna\/#organization"},"potentialAction":[{"@type":"SearchAction","target":{"@type":"EntryPoint","urlTemplate":"https:\/\/nyforetagarcentrum.se\/eskilstuna\/?s={search_term_string}"},"query-input":"required name=search_term_string"}],"inLanguage":"sv-SE"},{"@type":"Organization","@id":"https:\/\/nyforetagarcentrum.se\/eskilstuna\/#organization","name":"Eskilstuna","url":"https:\/\/nyforetagarcentrum.se\/eskilstuna\/","logo":{"@type":"ImageObject","inLanguage":"sv-SE","@id":"https:\/\/nyforetagarcentrum.se\/eskilstuna\/#\/schema\/logo\/image\/","url":"https:\/\/nyforetagarcentrum.se\/eskilstuna\/wp-content\/uploads\/sites\/63\/2024\/07\/eskilstuna_bla-1.png","contentUrl":"https:\/\/nyforetagarcentrum.se\/eskilstuna\/wp-content\/uploads\/sites\/63\/2024\/07\/eskilstuna_bla-1.png","width":870,"height":355,"caption":"Eskilstuna"},"image":{"@id":"https:\/\/nyforetagarcentrum.se\/eskilstuna\/#\/schema\/logo\/image\/"}}]}},"_links":{"self":[{"href":"https:\/\/nyforetagarcentrum.se\/eskilstuna\/wp-json\/wp\/v2\/event\/951"}],"collection":[{"href":"https:\/\/nyforetagarcentrum.se\/eskilstuna\/wp-json\/wp\/v2\/event"}],"about":[{"href":"https:\/\/nyforetagarcentrum.se\/eskilstuna\/wp-json\/wp\/v2\/types\/event"}],"version-history":[{"count":2,"href":"https:\/\/nyforetagarcentrum.se\/eskilstuna\/wp-json\/wp\/v2\/event\/951\/revisions"}],"predecessor-version":[{"id":953,"href":"https:\/\/nyforetagarcentrum.se\/eskilstuna\/wp-json\/wp\/v2\/event\/951\/revisions\/953"}],"wp:attachment":[{"href":"https:\/\/nyforetagarcentrum.se\/eskilstuna\/wp-json\/wp\/v2\/media?parent=951"}],"curies":[{"name":"wp","href":"https:\/\/api.w.org\/{rel}","templated":true}]}}