{"id":938,"date":"2025-07-07T10:18:40","date_gmt":"2025-07-07T08:18:40","guid":{"rendered":"https:\/\/nyforetagarcentrum.se\/eskilstuna\/?post_type=event&#038;p=938"},"modified":"2025-07-07T10:34:22","modified_gmt":"2025-07-07T08:34:22","slug":"ung-och-eget-28-29-oktober","status":"publish","type":"event","link":"https:\/\/nyforetagarcentrum.se\/eskilstuna\/evenemang\/ung-och-eget-28-29-oktober\/","title":{"rendered":"Ung och Eget 28-29 oktober"},"content":{"rendered":"\n<h2 class=\"wp-block-heading\"><strong>Tv\u00e5 inspirerande dagar f\u00f6r unga entrepren\u00f6rer i Eskilstuna under h\u00f6stlovet!<\/strong><\/h2>\n\n\n\n<p>V\u00e4lkommen till h\u00f6stupplagan av&nbsp;<strong>Ung och Eget<\/strong>&nbsp;\u2013 ett intensivt och l\u00e4rorikt tv\u00e5dagarsprogram under h\u00f6stlovet d\u00e4r du f\u00e5r djupdyka i entrepren\u00f6rskap tillsammans med Nyf\u00f6retagarcentrum, i samarbete med Volvo. Genom f\u00f6rel\u00e4sningar, workshops och n\u00e4tverkande f\u00e5r du verktyg att ta n\u00e4sta steg i ditt f\u00f6retagande \u2013 oavsett om du just har en id\u00e9 eller redan \u00e4r ig\u00e5ng! Programmet \u00e4r helt kostnadsfritt.<\/p>\n\n\n\n<p><strong>Datum och Tid:<br>28\u201329 oktober 2025<\/strong><br><br><strong>Dag 1<\/strong><br>kl 8:30-9:00 (Incheckning)<br>kl 9:00-12:00 program, se nedan<br>kl 12:00-13:00 vi bjuder p\u00e5 lunch<br>kl 13:00-16:30 program, se nedan<\/p>\n\n\n\n<p><strong>Dag 2<\/strong><br>kl 9:45-12:00 program, se nedan<br>kl 12:00-13:00 vi bjuder p\u00e5 lunch<br>kl 13:00-14:30 (Valfri r\u00e5dgivning)<\/p>\n\n\n\n<p><strong>Plats:<br><\/strong>Munktells (Volvo), Portgatan 3 i Eskilstuna<\/p>\n\n\n\n<p><br><strong>Tisdag 28 oktober &#8211; Tema: Grunderna i f\u00f6retagande, f\u00f6rs\u00e4ljning och ekonomi<br><br><\/strong>Vi startar med en v\u00e4lkomsth\u00e4lsning fr\u00e5n Nyf\u00f6retagarCentrum och Volvo, f\u00f6ljt av en f\u00f6rsta workshop d\u00e4r du l\u00e4r k\u00e4nna de andra deltagarna och reflekterar kring var du befinner dig i din f\u00f6retagsresa.<br><br>Under f\u00f6rmiddagen pratar vi om hur du kan f\u00f6rst\u00e5 din marknad, s\u00e4tta r\u00e4tt pris och skapa en enkel budget. D\u00e4refter introduceras du till en f\u00f6rs\u00e4ljningsworkshop d\u00e4r du tillsammans med andra f\u00e5r l\u00f6sa en konkret uppgift och presentera era id\u00e9er.<br><br>P\u00e5 eftermiddagen g\u00e5r vi vidare med hur du bygger upp en tydlig aff\u00e4rsplan, l\u00e4r dig grunderna i skatt och moms, samt vilka bolagsformer som kan passa f\u00f6r din verksamhet.<br><br>Vi avslutar med en gemensam summering och en titt p\u00e5 vad som v\u00e4ntar under dag tv\u00e5.<br><strong>Onsdag 29 oktober &#8211; Tema: Inspiration, samarbete och personlig r\u00e5dgivning<\/strong><\/p>\n\n\n\n<p>Dagen inleds med en inspirationsf\u00f6rel\u00e4sning fr\u00e5n Volvo, d\u00e4r du f\u00e5r ta del av verkliga exempel p\u00e5 driv, innovation och entrepren\u00f6rskap.<\/p>\n\n\n\n<p>D\u00e4refter deltar du i en praktisk workshop tillsammans med representanter fr\u00e5n Volvo d\u00e4r ni arbetar med innovation och ett case kopplat till f\u00f6retagande.<\/p>\n\n\n\n<p>Efter en gemensam lunch summerar vi programmet och delar ut diplom till alla deltagare.<\/p>\n\n\n\n<p>F\u00f6r dig som vill g\u00e5 vidare och utveckla din f\u00f6retagsid\u00e9 \u00e4nnu mer finns m\u00f6jlighet att stanna kvar f\u00f6r individuell r\u00e5dgivning och st\u00f6d fr\u00e5n Nyf\u00f6retagarCentrum.<\/p>\n\n\n\n<p>Programledare:<br>Torbj\u00f6rn Johansson, Mahfouz Hebrawi, Diyar Alis och Urban Wallin, Nyf\u00f6retagarCentrum Eskilstuna<\/p>\n\n\n\n<p>Anm\u00e4l dig senast 13 oktober 2025.<\/p>\n\n\n\n<p>Programmet \u00e4r kostnadsfritt och \u00e4r p\u00e5 svenska.<\/p>\n\n\n\n<p><strong>L\u00e4s mer och skicka in din anm\u00e4lan h\u00e4r: <\/strong><br><a href=\"https:\/\/sv-se.eu.invajo.com\/event\/nyforetagarcentrumeskilstuna\/ungochegetht2025\">https:\/\/sv-se.eu.invajo.com\/event\/nyforetagarcentrumeskilstuna\/ungochegetht2025<\/a><\/p>\n\n\n\n<p><\/p>\n\n\n\n<figure class=\"wp-block-image size-large is-resized\"><img loading=\"lazy\" decoding=\"async\" width=\"1024\" height=\"80\" src=\"https:\/\/nyforetagarcentrum.se\/eskilstuna\/wp-content\/uploads\/sites\/63\/2025\/07\/volvospreadwordmarkblack-1024x80.png\" alt=\"\" class=\"wp-image-945\" style=\"width:275px;height:auto\" srcset=\"https:\/\/nyforetagarcentrum.se\/eskilstuna\/wp-content\/uploads\/sites\/63\/2025\/07\/volvospreadwordmarkblack-1024x80.png 1024w, https:\/\/nyforetagarcentrum.se\/eskilstuna\/wp-content\/uploads\/sites\/63\/2025\/07\/volvospreadwordmarkblack-300x23.png 300w, https:\/\/nyforetagarcentrum.se\/eskilstuna\/wp-content\/uploads\/sites\/63\/2025\/07\/volvospreadwordmarkblack-768x60.png 768w, https:\/\/nyforetagarcentrum.se\/eskilstuna\/wp-content\/uploads\/sites\/63\/2025\/07\/volvospreadwordmarkblack-1536x120.png 1536w, https:\/\/nyforetagarcentrum.se\/eskilstuna\/wp-content\/uploads\/sites\/63\/2025\/07\/volvospreadwordmarkblack-2048x159.png 2048w, https:\/\/nyforetagarcentrum.se\/eskilstuna\/wp-content\/uploads\/sites\/63\/2025\/07\/volvospreadwordmarkblack-1920x149.png 1920w\" sizes=\"(max-width: 1024px) 100vw, 1024px\" \/><\/figure>\n\n\n\n<figure class=\"wp-block-image size-full is-resized\"><img loading=\"lazy\" decoding=\"async\" width=\"870\" height=\"355\" src=\"https:\/\/nyforetagarcentrum.se\/eskilstuna\/wp-content\/uploads\/sites\/63\/2024\/07\/eskilstuna_bla.png\" alt=\"\" class=\"wp-image-947\" style=\"width:190px;height:auto\" srcset=\"https:\/\/nyforetagarcentrum.se\/eskilstuna\/wp-content\/uploads\/sites\/63\/2024\/07\/eskilstuna_bla.png 870w, https:\/\/nyforetagarcentrum.se\/eskilstuna\/wp-content\/uploads\/sites\/63\/2024\/07\/eskilstuna_bla-300x122.png 300w, https:\/\/nyforetagarcentrum.se\/eskilstuna\/wp-content\/uploads\/sites\/63\/2024\/07\/eskilstuna_bla-768x313.png 768w\" sizes=\"(max-width: 870px) 100vw, 870px\" \/><\/figure>\n","protected":false},"template":"","meta":{"footnotes":""},"acf":[],"yoast_head":"<!-- This site is optimized with the Yoast SEO plugin v22.9 - https:\/\/yoast.com\/wordpress\/plugins\/seo\/ -->\n<title>Evenemang i Eskilstuna - Nyf\u00f6retagarCentrum<\/title>\n<meta name=\"description\" content=\"Uppt\u00e4ck kommande evenemang hos Nyf\u00f6retagarCentrum i Eskilstuna, utformade f\u00f6r att st\u00f6dja blivande och nya f\u00f6retagare. Delta i workshops, seminarier och n\u00e4tverkstr\u00e4ffar f\u00f6r att f\u00e5 v\u00e4rdefulla insikter och kontakter f\u00f6r din entrepren\u00f6rsresa. F\u00e5 information om datum, platser och hur du anm\u00e4ler dig.\" \/>\n<meta name=\"robots\" content=\"index, follow, max-snippet:-1, max-image-preview:large, max-video-preview:-1\" \/>\n<link rel=\"canonical\" href=\"https:\/\/nyforetagarcentrum.se\/eskilstuna\/evenemang\/ung-och-eget-28-29-oktober\/\" \/>\n<meta property=\"og:locale\" content=\"sv_SE\" \/>\n<meta property=\"og:type\" content=\"article\" \/>\n<meta property=\"og:title\" content=\"Evenemang i Eskilstuna - Nyf\u00f6retagarCentrum\" \/>\n<meta property=\"og:description\" content=\"Uppt\u00e4ck kommande evenemang hos Nyf\u00f6retagarCentrum i Eskilstuna, utformade f\u00f6r att st\u00f6dja blivande och nya f\u00f6retagare. Delta i workshops, seminarier och n\u00e4tverkstr\u00e4ffar f\u00f6r att f\u00e5 v\u00e4rdefulla insikter och kontakter f\u00f6r din entrepren\u00f6rsresa. F\u00e5 information om datum, platser och hur du anm\u00e4ler dig.\" \/>\n<meta property=\"og:url\" content=\"https:\/\/nyforetagarcentrum.se\/eskilstuna\/evenemang\/ung-och-eget-28-29-oktober\/\" \/>\n<meta property=\"og:site_name\" content=\"Eskilstuna\" \/>\n<meta property=\"article:modified_time\" content=\"2025-07-07T08:34:22+00:00\" \/>\n<meta property=\"og:image\" content=\"https:\/\/nyforetagarcentrum.se\/eskilstuna\/wp-content\/uploads\/sites\/63\/2025\/07\/volvospreadwordmarkblack-1024x80.png\" \/>\n<meta name=\"twitter:card\" content=\"summary_large_image\" \/>\n<meta name=\"twitter:label1\" content=\"Ber\u00e4knad l\u00e4stid\" \/>\n\t<meta name=\"twitter:data1\" content=\"3 minuter\" \/>\n<script type=\"application\/ld+json\" class=\"yoast-schema-graph\">{\"@context\":\"https:\/\/schema.org\",\"@graph\":[{\"@type\":\"WebPage\",\"@id\":\"https:\/\/nyforetagarcentrum.se\/eskilstuna\/evenemang\/ung-och-eget-28-29-oktober\/\",\"url\":\"https:\/\/nyforetagarcentrum.se\/eskilstuna\/evenemang\/ung-och-eget-28-29-oktober\/\",\"name\":\"Evenemang i Eskilstuna - Nyf\u00f6retagarCentrum\",\"isPartOf\":{\"@id\":\"https:\/\/nyforetagarcentrum.se\/eskilstuna\/#website\"},\"primaryImageOfPage\":{\"@id\":\"https:\/\/nyforetagarcentrum.se\/eskilstuna\/evenemang\/ung-och-eget-28-29-oktober\/#primaryimage\"},\"image\":{\"@id\":\"https:\/\/nyforetagarcentrum.se\/eskilstuna\/evenemang\/ung-och-eget-28-29-oktober\/#primaryimage\"},\"thumbnailUrl\":\"https:\/\/nyforetagarcentrum.se\/eskilstuna\/wp-content\/uploads\/sites\/63\/2025\/07\/volvospreadwordmarkblack-1024x80.png\",\"datePublished\":\"2025-07-07T08:18:40+00:00\",\"dateModified\":\"2025-07-07T08:34:22+00:00\",\"description\":\"Uppt\u00e4ck kommande evenemang hos Nyf\u00f6retagarCentrum i Eskilstuna, utformade f\u00f6r att st\u00f6dja blivande och nya f\u00f6retagare. Delta i workshops, seminarier och n\u00e4tverkstr\u00e4ffar f\u00f6r att f\u00e5 v\u00e4rdefulla insikter och kontakter f\u00f6r din entrepren\u00f6rsresa. F\u00e5 information om datum, platser och hur du anm\u00e4ler dig.\",\"breadcrumb\":{\"@id\":\"https:\/\/nyforetagarcentrum.se\/eskilstuna\/evenemang\/ung-och-eget-28-29-oktober\/#breadcrumb\"},\"inLanguage\":\"sv-SE\",\"potentialAction\":[{\"@type\":\"ReadAction\",\"target\":[\"https:\/\/nyforetagarcentrum.se\/eskilstuna\/evenemang\/ung-och-eget-28-29-oktober\/\"]}]},{\"@type\":\"ImageObject\",\"inLanguage\":\"sv-SE\",\"@id\":\"https:\/\/nyforetagarcentrum.se\/eskilstuna\/evenemang\/ung-och-eget-28-29-oktober\/#primaryimage\",\"url\":\"https:\/\/nyforetagarcentrum.se\/eskilstuna\/wp-content\/uploads\/sites\/63\/2025\/07\/volvospreadwordmarkblack.png\",\"contentUrl\":\"https:\/\/nyforetagarcentrum.se\/eskilstuna\/wp-content\/uploads\/sites\/63\/2025\/07\/volvospreadwordmarkblack.png\",\"width\":3957,\"height\":308},{\"@type\":\"BreadcrumbList\",\"@id\":\"https:\/\/nyforetagarcentrum.se\/eskilstuna\/evenemang\/ung-och-eget-28-29-oktober\/#breadcrumb\",\"itemListElement\":[{\"@type\":\"ListItem\",\"position\":1,\"name\":\"Hem\",\"item\":\"https:\/\/nyforetagarcentrum.se\/eskilstuna\/\"},{\"@type\":\"ListItem\",\"position\":2,\"name\":\"Evenemang\",\"item\":\"https:\/\/nyforetagarcentrum.se\/eskilstuna\/evenemang\/\"},{\"@type\":\"ListItem\",\"position\":3,\"name\":\"Ung och Eget 28-29 oktober\"}]},{\"@type\":\"WebSite\",\"@id\":\"https:\/\/nyforetagarcentrum.se\/eskilstuna\/#website\",\"url\":\"https:\/\/nyforetagarcentrum.se\/eskilstuna\/\",\"name\":\"Eskilstuna\",\"description\":\"Sveriges ledande kraft f\u00f6r fler nya livskraftiga f\u00f6retag\",\"publisher\":{\"@id\":\"https:\/\/nyforetagarcentrum.se\/eskilstuna\/#organization\"},\"potentialAction\":[{\"@type\":\"SearchAction\",\"target\":{\"@type\":\"EntryPoint\",\"urlTemplate\":\"https:\/\/nyforetagarcentrum.se\/eskilstuna\/?s={search_term_string}\"},\"query-input\":\"required name=search_term_string\"}],\"inLanguage\":\"sv-SE\"},{\"@type\":\"Organization\",\"@id\":\"https:\/\/nyforetagarcentrum.se\/eskilstuna\/#organization\",\"name\":\"Eskilstuna\",\"url\":\"https:\/\/nyforetagarcentrum.se\/eskilstuna\/\",\"logo\":{\"@type\":\"ImageObject\",\"inLanguage\":\"sv-SE\",\"@id\":\"https:\/\/nyforetagarcentrum.se\/eskilstuna\/#\/schema\/logo\/image\/\",\"url\":\"https:\/\/nyforetagarcentrum.se\/eskilstuna\/wp-content\/uploads\/sites\/63\/2024\/07\/eskilstuna_bla-1.png\",\"contentUrl\":\"https:\/\/nyforetagarcentrum.se\/eskilstuna\/wp-content\/uploads\/sites\/63\/2024\/07\/eskilstuna_bla-1.png\",\"width\":870,\"height\":355,\"caption\":\"Eskilstuna\"},\"image\":{\"@id\":\"https:\/\/nyforetagarcentrum.se\/eskilstuna\/#\/schema\/logo\/image\/\"}}]}<\/script>\n<!-- \/ Yoast SEO plugin. -->","yoast_head_json":{"title":"Evenemang i Eskilstuna - Nyf\u00f6retagarCentrum","description":"Uppt\u00e4ck kommande evenemang hos Nyf\u00f6retagarCentrum i Eskilstuna, utformade f\u00f6r att st\u00f6dja blivande och nya f\u00f6retagare. Delta i workshops, seminarier och n\u00e4tverkstr\u00e4ffar f\u00f6r att f\u00e5 v\u00e4rdefulla insikter och kontakter f\u00f6r din entrepren\u00f6rsresa. F\u00e5 information om datum, platser och hur du anm\u00e4ler dig.","robots":{"index":"index","follow":"follow","max-snippet":"max-snippet:-1","max-image-preview":"max-image-preview:large","max-video-preview":"max-video-preview:-1"},"canonical":"https:\/\/nyforetagarcentrum.se\/eskilstuna\/evenemang\/ung-och-eget-28-29-oktober\/","og_locale":"sv_SE","og_type":"article","og_title":"Evenemang i Eskilstuna - Nyf\u00f6retagarCentrum","og_description":"Uppt\u00e4ck kommande evenemang hos Nyf\u00f6retagarCentrum i Eskilstuna, utformade f\u00f6r att st\u00f6dja blivande och nya f\u00f6retagare. Delta i workshops, seminarier och n\u00e4tverkstr\u00e4ffar f\u00f6r att f\u00e5 v\u00e4rdefulla insikter och kontakter f\u00f6r din entrepren\u00f6rsresa. F\u00e5 information om datum, platser och hur du anm\u00e4ler dig.","og_url":"https:\/\/nyforetagarcentrum.se\/eskilstuna\/evenemang\/ung-och-eget-28-29-oktober\/","og_site_name":"Eskilstuna","article_modified_time":"2025-07-07T08:34:22+00:00","og_image":[{"url":"https:\/\/nyforetagarcentrum.se\/eskilstuna\/wp-content\/uploads\/sites\/63\/2025\/07\/volvospreadwordmarkblack-1024x80.png"}],"twitter_card":"summary_large_image","twitter_misc":{"Ber\u00e4knad l\u00e4stid":"3 minuter"},"schema":{"@context":"https:\/\/schema.org","@graph":[{"@type":"WebPage","@id":"https:\/\/nyforetagarcentrum.se\/eskilstuna\/evenemang\/ung-och-eget-28-29-oktober\/","url":"https:\/\/nyforetagarcentrum.se\/eskilstuna\/evenemang\/ung-och-eget-28-29-oktober\/","name":"Evenemang i Eskilstuna - Nyf\u00f6retagarCentrum","isPartOf":{"@id":"https:\/\/nyforetagarcentrum.se\/eskilstuna\/#website"},"primaryImageOfPage":{"@id":"https:\/\/nyforetagarcentrum.se\/eskilstuna\/evenemang\/ung-och-eget-28-29-oktober\/#primaryimage"},"image":{"@id":"https:\/\/nyforetagarcentrum.se\/eskilstuna\/evenemang\/ung-och-eget-28-29-oktober\/#primaryimage"},"thumbnailUrl":"https:\/\/nyforetagarcentrum.se\/eskilstuna\/wp-content\/uploads\/sites\/63\/2025\/07\/volvospreadwordmarkblack-1024x80.png","datePublished":"2025-07-07T08:18:40+00:00","dateModified":"2025-07-07T08:34:22+00:00","description":"Uppt\u00e4ck kommande evenemang hos Nyf\u00f6retagarCentrum i Eskilstuna, utformade f\u00f6r att st\u00f6dja blivande och nya f\u00f6retagare. Delta i workshops, seminarier och n\u00e4tverkstr\u00e4ffar f\u00f6r att f\u00e5 v\u00e4rdefulla insikter och kontakter f\u00f6r din entrepren\u00f6rsresa. F\u00e5 information om datum, platser och hur du anm\u00e4ler dig.","breadcrumb":{"@id":"https:\/\/nyforetagarcentrum.se\/eskilstuna\/evenemang\/ung-och-eget-28-29-oktober\/#breadcrumb"},"inLanguage":"sv-SE","potentialAction":[{"@type":"ReadAction","target":["https:\/\/nyforetagarcentrum.se\/eskilstuna\/evenemang\/ung-och-eget-28-29-oktober\/"]}]},{"@type":"ImageObject","inLanguage":"sv-SE","@id":"https:\/\/nyforetagarcentrum.se\/eskilstuna\/evenemang\/ung-och-eget-28-29-oktober\/#primaryimage","url":"https:\/\/nyforetagarcentrum.se\/eskilstuna\/wp-content\/uploads\/sites\/63\/2025\/07\/volvospreadwordmarkblack.png","contentUrl":"https:\/\/nyforetagarcentrum.se\/eskilstuna\/wp-content\/uploads\/sites\/63\/2025\/07\/volvospreadwordmarkblack.png","width":3957,"height":308},{"@type":"BreadcrumbList","@id":"https:\/\/nyforetagarcentrum.se\/eskilstuna\/evenemang\/ung-och-eget-28-29-oktober\/#breadcrumb","itemListElement":[{"@type":"ListItem","position":1,"name":"Hem","item":"https:\/\/nyforetagarcentrum.se\/eskilstuna\/"},{"@type":"ListItem","position":2,"name":"Evenemang","item":"https:\/\/nyforetagarcentrum.se\/eskilstuna\/evenemang\/"},{"@type":"ListItem","position":3,"name":"Ung och Eget 28-29 oktober"}]},{"@type":"WebSite","@id":"https:\/\/nyforetagarcentrum.se\/eskilstuna\/#website","url":"https:\/\/nyforetagarcentrum.se\/eskilstuna\/","name":"Eskilstuna","description":"Sveriges ledande kraft f\u00f6r fler nya livskraftiga f\u00f6retag","publisher":{"@id":"https:\/\/nyforetagarcentrum.se\/eskilstuna\/#organization"},"potentialAction":[{"@type":"SearchAction","target":{"@type":"EntryPoint","urlTemplate":"https:\/\/nyforetagarcentrum.se\/eskilstuna\/?s={search_term_string}"},"query-input":"required name=search_term_string"}],"inLanguage":"sv-SE"},{"@type":"Organization","@id":"https:\/\/nyforetagarcentrum.se\/eskilstuna\/#organization","name":"Eskilstuna","url":"https:\/\/nyforetagarcentrum.se\/eskilstuna\/","logo":{"@type":"ImageObject","inLanguage":"sv-SE","@id":"https:\/\/nyforetagarcentrum.se\/eskilstuna\/#\/schema\/logo\/image\/","url":"https:\/\/nyforetagarcentrum.se\/eskilstuna\/wp-content\/uploads\/sites\/63\/2024\/07\/eskilstuna_bla-1.png","contentUrl":"https:\/\/nyforetagarcentrum.se\/eskilstuna\/wp-content\/uploads\/sites\/63\/2024\/07\/eskilstuna_bla-1.png","width":870,"height":355,"caption":"Eskilstuna"},"image":{"@id":"https:\/\/nyforetagarcentrum.se\/eskilstuna\/#\/schema\/logo\/image\/"}}]}},"_links":{"self":[{"href":"https:\/\/nyforetagarcentrum.se\/eskilstuna\/wp-json\/wp\/v2\/event\/938"}],"collection":[{"href":"https:\/\/nyforetagarcentrum.se\/eskilstuna\/wp-json\/wp\/v2\/event"}],"about":[{"href":"https:\/\/nyforetagarcentrum.se\/eskilstuna\/wp-json\/wp\/v2\/types\/event"}],"version-history":[{"count":4,"href":"https:\/\/nyforetagarcentrum.se\/eskilstuna\/wp-json\/wp\/v2\/event\/938\/revisions"}],"predecessor-version":[{"id":948,"href":"https:\/\/nyforetagarcentrum.se\/eskilstuna\/wp-json\/wp\/v2\/event\/938\/revisions\/948"}],"wp:attachment":[{"href":"https:\/\/nyforetagarcentrum.se\/eskilstuna\/wp-json\/wp\/v2\/media?parent=938"}],"curies":[{"name":"wp","href":"https:\/\/api.w.org\/{rel}","templated":true}]}}