{"id":2409,"date":"2024-11-02T14:03:24","date_gmt":"2024-11-02T13:03:24","guid":{"rendered":"https:\/\/nyforetagarcentrum.se\/arvika\/?post_type=event&#038;p=2409"},"modified":"2024-11-02T14:06:37","modified_gmt":"2024-11-02T13:06:37","slug":"2409","status":"publish","type":"event","link":"https:\/\/nyforetagarcentrum.se\/arvika\/evenemang\/2409\/","title":{"rendered":"Starta och driva eget kurs tillf\u00e4lle 1"},"content":{"rendered":"\n<figure class=\"wp-block-image size-large\"><img loading=\"lazy\" decoding=\"async\" width=\"1024\" height=\"601\" src=\"https:\/\/nyforetagarcentrum.se\/arvika\/wp-content\/uploads\/sites\/92\/2024\/11\/starta-eget-kurs-2-1024x601.png\" alt=\"\" class=\"wp-image-2414\" srcset=\"https:\/\/nyforetagarcentrum.se\/arvika\/wp-content\/uploads\/sites\/92\/2024\/11\/starta-eget-kurs-2-1024x601.png 1024w, https:\/\/nyforetagarcentrum.se\/arvika\/wp-content\/uploads\/sites\/92\/2024\/11\/starta-eget-kurs-2-300x176.png 300w, https:\/\/nyforetagarcentrum.se\/arvika\/wp-content\/uploads\/sites\/92\/2024\/11\/starta-eget-kurs-2-768x451.png 768w, https:\/\/nyforetagarcentrum.se\/arvika\/wp-content\/uploads\/sites\/92\/2024\/11\/starta-eget-kurs-2-1536x902.png 1536w, https:\/\/nyforetagarcentrum.se\/arvika\/wp-content\/uploads\/sites\/92\/2024\/11\/starta-eget-kurs-2-2048x1203.png 2048w, https:\/\/nyforetagarcentrum.se\/arvika\/wp-content\/uploads\/sites\/92\/2024\/11\/starta-eget-kurs-2-1839x1080.png 1839w\" sizes=\"(max-width: 1024px) 100vw, 1024px\" \/><\/figure>\n","protected":false},"template":"","meta":{"footnotes":""},"acf":[],"yoast_head":"<!-- This site is optimized with the Yoast SEO plugin v22.9 - https:\/\/yoast.com\/wordpress\/plugins\/seo\/ -->\n<title>Evenemang i Arvika - Nyf\u00f6retagarCentrum<\/title>\n<meta name=\"description\" content=\"Uppt\u00e4ck kommande evenemang hos Nyf\u00f6retagarCentrum i Arvika, utformade f\u00f6r att st\u00f6dja blivande och nya f\u00f6retagare. Delta i workshops, seminarier och n\u00e4tverkstr\u00e4ffar f\u00f6r att f\u00e5 v\u00e4rdefulla insikter och kontakter f\u00f6r din entrepren\u00f6rsresa. F\u00e5 information om datum, platser och hur du anm\u00e4ler dig.\" \/>\n<meta name=\"robots\" content=\"index, follow, max-snippet:-1, max-image-preview:large, max-video-preview:-1\" \/>\n<link rel=\"canonical\" href=\"https:\/\/nyforetagarcentrum.se\/arvika\/evenemang\/2409\/\" \/>\n<meta property=\"og:locale\" content=\"sv_SE\" \/>\n<meta property=\"og:type\" content=\"article\" \/>\n<meta property=\"og:title\" content=\"Evenemang i Arvika - Nyf\u00f6retagarCentrum\" \/>\n<meta property=\"og:description\" content=\"Uppt\u00e4ck kommande evenemang hos Nyf\u00f6retagarCentrum i Arvika, utformade f\u00f6r att st\u00f6dja blivande och nya f\u00f6retagare. Delta i workshops, seminarier och n\u00e4tverkstr\u00e4ffar f\u00f6r att f\u00e5 v\u00e4rdefulla insikter och kontakter f\u00f6r din entrepren\u00f6rsresa. F\u00e5 information om datum, platser och hur du anm\u00e4ler dig.\" \/>\n<meta property=\"og:url\" content=\"https:\/\/nyforetagarcentrum.se\/arvika\/evenemang\/2409\/\" \/>\n<meta property=\"og:site_name\" content=\"Arvika\" \/>\n<meta property=\"article:modified_time\" content=\"2024-11-02T13:06:37+00:00\" \/>\n<meta property=\"og:image\" content=\"https:\/\/nyforetagarcentrum.se\/arvika\/wp-content\/uploads\/sites\/92\/2024\/11\/starta-eget-kurs-2-1024x601.png\" \/>\n<meta name=\"twitter:card\" content=\"summary_large_image\" \/>\n<meta name=\"twitter:label1\" content=\"Ber\u00e4knad l\u00e4stid\" \/>\n\t<meta name=\"twitter:data1\" content=\"1 minut\" \/>\n<script type=\"application\/ld+json\" class=\"yoast-schema-graph\">{\"@context\":\"https:\/\/schema.org\",\"@graph\":[{\"@type\":\"WebPage\",\"@id\":\"https:\/\/nyforetagarcentrum.se\/arvika\/evenemang\/2409\/\",\"url\":\"https:\/\/nyforetagarcentrum.se\/arvika\/evenemang\/2409\/\",\"name\":\"Evenemang i Arvika - Nyf\u00f6retagarCentrum\",\"isPartOf\":{\"@id\":\"https:\/\/nyforetagarcentrum.se\/arvika\/#website\"},\"primaryImageOfPage\":{\"@id\":\"https:\/\/nyforetagarcentrum.se\/arvika\/evenemang\/2409\/#primaryimage\"},\"image\":{\"@id\":\"https:\/\/nyforetagarcentrum.se\/arvika\/evenemang\/2409\/#primaryimage\"},\"thumbnailUrl\":\"https:\/\/nyforetagarcentrum.se\/arvika\/wp-content\/uploads\/sites\/92\/2024\/11\/starta-eget-kurs-2-1024x601.png\",\"datePublished\":\"2024-11-02T13:03:24+00:00\",\"dateModified\":\"2024-11-02T13:06:37+00:00\",\"description\":\"Uppt\u00e4ck kommande evenemang hos Nyf\u00f6retagarCentrum i Arvika, utformade f\u00f6r att st\u00f6dja blivande och nya f\u00f6retagare. Delta i workshops, seminarier och n\u00e4tverkstr\u00e4ffar f\u00f6r att f\u00e5 v\u00e4rdefulla insikter och kontakter f\u00f6r din entrepren\u00f6rsresa. F\u00e5 information om datum, platser och hur du anm\u00e4ler dig.\",\"breadcrumb\":{\"@id\":\"https:\/\/nyforetagarcentrum.se\/arvika\/evenemang\/2409\/#breadcrumb\"},\"inLanguage\":\"sv-SE\",\"potentialAction\":[{\"@type\":\"ReadAction\",\"target\":[\"https:\/\/nyforetagarcentrum.se\/arvika\/evenemang\/2409\/\"]}]},{\"@type\":\"ImageObject\",\"inLanguage\":\"sv-SE\",\"@id\":\"https:\/\/nyforetagarcentrum.se\/arvika\/evenemang\/2409\/#primaryimage\",\"url\":\"https:\/\/nyforetagarcentrum.se\/arvika\/wp-content\/uploads\/sites\/92\/2024\/11\/starta-eget-kurs-2.png\",\"contentUrl\":\"https:\/\/nyforetagarcentrum.se\/arvika\/wp-content\/uploads\/sites\/92\/2024\/11\/starta-eget-kurs-2.png\",\"width\":2496,\"height\":1466},{\"@type\":\"BreadcrumbList\",\"@id\":\"https:\/\/nyforetagarcentrum.se\/arvika\/evenemang\/2409\/#breadcrumb\",\"itemListElement\":[{\"@type\":\"ListItem\",\"position\":1,\"name\":\"Hem\",\"item\":\"https:\/\/nyforetagarcentrum.se\/arvika\/\"},{\"@type\":\"ListItem\",\"position\":2,\"name\":\"Evenemang\",\"item\":\"https:\/\/nyforetagarcentrum.se\/arvika\/evenemang\/\"},{\"@type\":\"ListItem\",\"position\":3,\"name\":\"Starta och driva eget kurs tillf\u00e4lle 1\"}]},{\"@type\":\"WebSite\",\"@id\":\"https:\/\/nyforetagarcentrum.se\/arvika\/#website\",\"url\":\"https:\/\/nyforetagarcentrum.se\/arvika\/\",\"name\":\"Arvika\",\"description\":\"Sveriges ledande kraft f\u00f6r fler nya livskraftiga f\u00f6retag\",\"publisher\":{\"@id\":\"https:\/\/nyforetagarcentrum.se\/arvika\/#organization\"},\"potentialAction\":[{\"@type\":\"SearchAction\",\"target\":{\"@type\":\"EntryPoint\",\"urlTemplate\":\"https:\/\/nyforetagarcentrum.se\/arvika\/?s={search_term_string}\"},\"query-input\":\"required name=search_term_string\"}],\"inLanguage\":\"sv-SE\"},{\"@type\":\"Organization\",\"@id\":\"https:\/\/nyforetagarcentrum.se\/arvika\/#organization\",\"name\":\"Arvika\",\"url\":\"https:\/\/nyforetagarcentrum.se\/arvika\/\",\"logo\":{\"@type\":\"ImageObject\",\"inLanguage\":\"sv-SE\",\"@id\":\"https:\/\/nyforetagarcentrum.se\/arvika\/#\/schema\/logo\/image\/\",\"url\":\"https:\/\/nyforetagarcentrum.se\/arvika\/wp-content\/uploads\/sites\/92\/2024\/07\/vastravarmland_bla.png\",\"contentUrl\":\"https:\/\/nyforetagarcentrum.se\/arvika\/wp-content\/uploads\/sites\/92\/2024\/07\/vastravarmland_bla.png\",\"width\":870,\"height\":355,\"caption\":\"Arvika\"},\"image\":{\"@id\":\"https:\/\/nyforetagarcentrum.se\/arvika\/#\/schema\/logo\/image\/\"}}]}<\/script>\n<!-- \/ Yoast SEO plugin. -->","yoast_head_json":{"title":"Evenemang i Arvika - Nyf\u00f6retagarCentrum","description":"Uppt\u00e4ck kommande evenemang hos Nyf\u00f6retagarCentrum i Arvika, utformade f\u00f6r att st\u00f6dja blivande och nya f\u00f6retagare. Delta i workshops, seminarier och n\u00e4tverkstr\u00e4ffar f\u00f6r att f\u00e5 v\u00e4rdefulla insikter och kontakter f\u00f6r din entrepren\u00f6rsresa. F\u00e5 information om datum, platser och hur du anm\u00e4ler dig.","robots":{"index":"index","follow":"follow","max-snippet":"max-snippet:-1","max-image-preview":"max-image-preview:large","max-video-preview":"max-video-preview:-1"},"canonical":"https:\/\/nyforetagarcentrum.se\/arvika\/evenemang\/2409\/","og_locale":"sv_SE","og_type":"article","og_title":"Evenemang i Arvika - Nyf\u00f6retagarCentrum","og_description":"Uppt\u00e4ck kommande evenemang hos Nyf\u00f6retagarCentrum i Arvika, utformade f\u00f6r att st\u00f6dja blivande och nya f\u00f6retagare. Delta i workshops, seminarier och n\u00e4tverkstr\u00e4ffar f\u00f6r att f\u00e5 v\u00e4rdefulla insikter och kontakter f\u00f6r din entrepren\u00f6rsresa. F\u00e5 information om datum, platser och hur du anm\u00e4ler dig.","og_url":"https:\/\/nyforetagarcentrum.se\/arvika\/evenemang\/2409\/","og_site_name":"Arvika","article_modified_time":"2024-11-02T13:06:37+00:00","og_image":[{"url":"https:\/\/nyforetagarcentrum.se\/arvika\/wp-content\/uploads\/sites\/92\/2024\/11\/starta-eget-kurs-2-1024x601.png"}],"twitter_card":"summary_large_image","twitter_misc":{"Ber\u00e4knad l\u00e4stid":"1 minut"},"schema":{"@context":"https:\/\/schema.org","@graph":[{"@type":"WebPage","@id":"https:\/\/nyforetagarcentrum.se\/arvika\/evenemang\/2409\/","url":"https:\/\/nyforetagarcentrum.se\/arvika\/evenemang\/2409\/","name":"Evenemang i Arvika - Nyf\u00f6retagarCentrum","isPartOf":{"@id":"https:\/\/nyforetagarcentrum.se\/arvika\/#website"},"primaryImageOfPage":{"@id":"https:\/\/nyforetagarcentrum.se\/arvika\/evenemang\/2409\/#primaryimage"},"image":{"@id":"https:\/\/nyforetagarcentrum.se\/arvika\/evenemang\/2409\/#primaryimage"},"thumbnailUrl":"https:\/\/nyforetagarcentrum.se\/arvika\/wp-content\/uploads\/sites\/92\/2024\/11\/starta-eget-kurs-2-1024x601.png","datePublished":"2024-11-02T13:03:24+00:00","dateModified":"2024-11-02T13:06:37+00:00","description":"Uppt\u00e4ck kommande evenemang hos Nyf\u00f6retagarCentrum i Arvika, utformade f\u00f6r att st\u00f6dja blivande och nya f\u00f6retagare. Delta i workshops, seminarier och n\u00e4tverkstr\u00e4ffar f\u00f6r att f\u00e5 v\u00e4rdefulla insikter och kontakter f\u00f6r din entrepren\u00f6rsresa. F\u00e5 information om datum, platser och hur du anm\u00e4ler dig.","breadcrumb":{"@id":"https:\/\/nyforetagarcentrum.se\/arvika\/evenemang\/2409\/#breadcrumb"},"inLanguage":"sv-SE","potentialAction":[{"@type":"ReadAction","target":["https:\/\/nyforetagarcentrum.se\/arvika\/evenemang\/2409\/"]}]},{"@type":"ImageObject","inLanguage":"sv-SE","@id":"https:\/\/nyforetagarcentrum.se\/arvika\/evenemang\/2409\/#primaryimage","url":"https:\/\/nyforetagarcentrum.se\/arvika\/wp-content\/uploads\/sites\/92\/2024\/11\/starta-eget-kurs-2.png","contentUrl":"https:\/\/nyforetagarcentrum.se\/arvika\/wp-content\/uploads\/sites\/92\/2024\/11\/starta-eget-kurs-2.png","width":2496,"height":1466},{"@type":"BreadcrumbList","@id":"https:\/\/nyforetagarcentrum.se\/arvika\/evenemang\/2409\/#breadcrumb","itemListElement":[{"@type":"ListItem","position":1,"name":"Hem","item":"https:\/\/nyforetagarcentrum.se\/arvika\/"},{"@type":"ListItem","position":2,"name":"Evenemang","item":"https:\/\/nyforetagarcentrum.se\/arvika\/evenemang\/"},{"@type":"ListItem","position":3,"name":"Starta och driva eget kurs tillf\u00e4lle 1"}]},{"@type":"WebSite","@id":"https:\/\/nyforetagarcentrum.se\/arvika\/#website","url":"https:\/\/nyforetagarcentrum.se\/arvika\/","name":"Arvika","description":"Sveriges ledande kraft f\u00f6r fler nya livskraftiga f\u00f6retag","publisher":{"@id":"https:\/\/nyforetagarcentrum.se\/arvika\/#organization"},"potentialAction":[{"@type":"SearchAction","target":{"@type":"EntryPoint","urlTemplate":"https:\/\/nyforetagarcentrum.se\/arvika\/?s={search_term_string}"},"query-input":"required name=search_term_string"}],"inLanguage":"sv-SE"},{"@type":"Organization","@id":"https:\/\/nyforetagarcentrum.se\/arvika\/#organization","name":"Arvika","url":"https:\/\/nyforetagarcentrum.se\/arvika\/","logo":{"@type":"ImageObject","inLanguage":"sv-SE","@id":"https:\/\/nyforetagarcentrum.se\/arvika\/#\/schema\/logo\/image\/","url":"https:\/\/nyforetagarcentrum.se\/arvika\/wp-content\/uploads\/sites\/92\/2024\/07\/vastravarmland_bla.png","contentUrl":"https:\/\/nyforetagarcentrum.se\/arvika\/wp-content\/uploads\/sites\/92\/2024\/07\/vastravarmland_bla.png","width":870,"height":355,"caption":"Arvika"},"image":{"@id":"https:\/\/nyforetagarcentrum.se\/arvika\/#\/schema\/logo\/image\/"}}]}},"_links":{"self":[{"href":"https:\/\/nyforetagarcentrum.se\/arvika\/wp-json\/wp\/v2\/event\/2409"}],"collection":[{"href":"https:\/\/nyforetagarcentrum.se\/arvika\/wp-json\/wp\/v2\/event"}],"about":[{"href":"https:\/\/nyforetagarcentrum.se\/arvika\/wp-json\/wp\/v2\/types\/event"}],"version-history":[{"count":5,"href":"https:\/\/nyforetagarcentrum.se\/arvika\/wp-json\/wp\/v2\/event\/2409\/revisions"}],"predecessor-version":[{"id":2418,"href":"https:\/\/nyforetagarcentrum.se\/arvika\/wp-json\/wp\/v2\/event\/2409\/revisions\/2418"}],"wp:attachment":[{"href":"https:\/\/nyforetagarcentrum.se\/arvika\/wp-json\/wp\/v2\/media?parent=2409"}],"curies":[{"name":"wp","href":"https:\/\/api.w.org\/{rel}","templated":true}]}}